{"id":1837,"date":"2019-04-29T10:52:31","date_gmt":"2019-04-29T08:52:31","guid":{"rendered":"https:\/\/amdg.ffrz.hr\/?page_id=1837"},"modified":"2019-04-30T08:27:00","modified_gmt":"2019-04-30T06:27:00","slug":"redovnicka-zrelost-redovnicka-radost","status":"publish","type":"page","link":"https:\/\/amdg.ffrz.hr\/?page_id=1837","title":{"rendered":"Redovni\u010dka zrelost, redovni\u010dka radost"},"content":{"rendered":"\n<div class=\"wp-block-image\"><figure class=\"aligncenter is-resized\"><img loading=\"lazy\" decoding=\"async\" src=\"https:\/\/amdg.ffrz.hr\/duhvj\/ivanec2019\/logoASC.png\" alt=\"\" width=\"641\" height=\"214\"\/><\/figure><\/div>\n\n\n\n<p>Ivane\u010dki vrhovec 36a, 22. do 28. travnja 2019.<\/p>\n\n\n\n<p>ponedjeljak, 22. travnja 2019.<\/p>\n\n\n\n<p><a href=\"https:\/\/amdg.eu\/2014\/06\/zaziv-duha-svetoga\/\">Zaziv Duha Svetoga<\/a> * <a href=\"https:\/\/glazba.biskupija-varazdinska.hr\/posalji-duha-svojega\/sid\/112\">Po\u0161alji Duha Svetoga<\/a><br><\/p>\n\n\n\n<h2 class=\"wp-block-heading\">1. Zaustaviti se<\/h2>\n\n\n\n<p><a href=\"https:\/\/amdg.ffrz.hr\/duhvj\/ivanec2019\/01emaus.pdf\">Uskrsli U\u010ditelj na putu do Emausa i natrag (PDF)<\/a> * (<a href=\"https:\/\/amdg.ffrz.hr\/duhvj\/ivanec2019\/01emaus.ppt\">ppt<\/a>)<\/p>\n\n\n\n<p><a href=\"https:\/\/amdg.eu\/2012\/10\/put-u-emaus\/\">Put u Emaus<\/a><\/p>\n\n\n\n<p><a href=\"https:\/\/amdg.eu\/wp-content\/uploads\/2012\/10\/uskrsna_pedagogija.mp3\">Poslu\u0161ajte: Uskrsna pedagogija<\/a><\/p>\n\n\n\n<p><a href=\"https:\/\/youtu.be\/jS0BocI85LA\">Pogledajte: Uskrsli Isus sama sebe tuma\u010di<\/a><\/p>\n\n\n\n<p><a href=\"https:\/\/amdg.eu\/2013\/11\/molitva-isusu-na-putu-u-emaus\/\">Molitva Isusu U\u010ditelju<\/a><\/p>\n\n\n\n<h2 class=\"wp-block-heading\">2. Pogled  na po\u010detak<\/h2>\n\n\n\n<p>utorak, 23. travnja 2019.<\/p>\n\n\n\n<p><a href=\"https:\/\/amdg.ffrz.hr\/duhvj\/ivanec2019\/02slikaBozja.pdf\">Na sliku Bo\u017eju. Izvorni nacrt \u010dovjeka u Svetom Pismu (PDF)<\/a> * (<a href=\"https:\/\/amdg.ffrz.hr\/duhvj\/ivanec2019\/02slikaBozja.ppt\">PPT<\/a>)<\/p>\n\n\n\n<p><a href=\"https:\/\/glazba.biskupija-varazdinska.hr\/dodji-duse-presveti\/sid\/315\">Do\u0111i, Du\u0161e Presveti<\/a><\/p>\n\n\n\n<p><a href=\"https:\/\/amdg.eu\/2014\/06\/molitva-za-dar-duha\/\">Molitva za dar Duha<\/a><\/p>\n\n\n\n<p><a href=\"https:\/\/amdg.eu\/2012\/10\/covjek-slika-bozja\/\">\u010covjek \u2013 slika Bo\u017eja<\/a><\/p>\n\n\n\n<p><a href=\"https:\/\/youtu.be\/jokxFEkA3iI\">Pogledajte: \u010covjek \u2013 na sliku Bo\u017eju<\/a><\/p>\n\n\n\n<p><a href=\"https:\/\/amdg.eu\/2012\/09\/molitva-novostvorenoga-covjeka\/\"> Molitva novostvorenoga \u010dovjeka <\/a><\/p>\n\n\n\n<h3 class=\"wp-block-heading\"><a href=\"https:\/\/amdg.eu\/2012\/04\/glasnica-radosti-2\/\">Glasnica radosti &#8211; Lik Marije Magdalene u Evan\u0111eljima<\/a><br><\/h3>\n\n\n\n<h2 class=\"wp-block-heading\">3. Bo\u017eji poziv: Abraham pozvan<\/h2>\n\n\n\n<p><a href=\"https:\/\/amdg.ffrz.hr\/duhvj\/ivanec2019\/03abraham_Post12.pdf\">Duhovno zvanje praoca na\u0161e vjere. Post 12,1-5 u kontekstu (PDF)<\/a> * (<a href=\"https:\/\/amdg.ffrz.hr\/duhvj\/ivanec2019\/03abraham_Post12.ppt\">PPT<\/a>)<\/p>\n\n\n\n<p><a href=\"https:\/\/glazba.biskupija-varazdinska.hr\/o-dodji-stvorce\/sid\/8516\">O do\u0111i, Stvor\u010de<\/a><\/p>\n\n\n\n<p><a href=\"https:\/\/amdg.eu\/2012\/07\/molitva-praoca-abrahama\/\">Molitva s praocem Abrahamom<\/a><br><\/p>\n\n\n\n<h2 class=\"wp-block-heading\">4. Obra\u0107enje<\/h2>\n\n\n\n<p>srijeda, 24. travnja 2019.<\/p>\n\n\n\n<p><a href=\"https:\/\/amdg.ffrz.hr\/duhvj\/ivanec2019\/04jakov_post35.pdf\">Praotac Jakov opet u Domovini (Post 35,1-15) .PDF<\/a> * (<a href=\"https:\/\/amdg.ffrz.hr\/duhvj\/ivanec2019\/04jakov_post35.ppt\">PPT<\/a>)<\/p>\n\n\n\n<p><a href=\"https:\/\/amdg.ffrz.hr\/musica\/note\/dodjiisusenas.pdf\">Do\u0111i, Isuse na\u0161 (PDF)<\/a><\/p>\n\n\n\n<p><a href=\"https:\/\/amdg.eu\/2012\/09\/molitva-za-moje-noge\/\">Molitva za moje noge<\/a><\/p>\n\n\n\n<p><a href=\"https:\/\/amdg.eu\/2013\/12\/praotac-jakov-opet-u-domovini\/\">Praotac Jakov opet u domovini (Post 35,1-15)<\/a><\/p>\n\n\n\n<p><a href=\"https:\/\/youtu.be\/jKcH2fjEiL8\">Pogledajte: Praotac Jakov opet u domovini<\/a><\/p>\n\n\n\n<p><a href=\"https:\/\/amdg.eu\/2012\/07\/molitva-patrijarha-jakova\/\">Molitva s patrijarhom Jakovom<\/a><\/p>\n\n\n\n<h2 class=\"wp-block-heading\">5. \u0160to je spasenje<\/h2>\n\n\n\n<p><a href=\"https:\/\/amdg.ffrz.hr\/duhvj\/ivanec2019\/05mirjam.pdf\">Mirjam &#8211; proro\u010dica i predvoditeljica (Izl 15,20s, Br 12; Mih 6,4) .PDF<\/a> * (<a href=\"https:\/\/amdg.ffrz.hr\/duhvj\/ivanec2019\/05mirjam.ppt\">PPT<\/a>)<\/p>\n\n\n\n<p><a href=\"https:\/\/amdg.ffrz.hr\/musica\/note\/ps67hr.pdf\">Uskrsnu Isus doista (Ps 67) .PDF<\/a><\/p>\n\n\n\n<p><a href=\"https:\/\/amdg.ffrz.hr\/?p=1068\">Molitva za moja koljena<\/a><\/p>\n\n\n\n<p><a href=\"https:\/\/amdg.ffrz.hr\/?p=239\">Proro\u010dica Mirjam<\/a><\/p>\n\n\n\n<p><a href=\"https:\/\/youtu.be\/NTEGMedtAB0\">Pogledajte: Mirjam &#8211; proro\u010dica i predvoditeljica<\/a><\/p>\n\n\n\n<p><a href=\"https:\/\/amdg.eu\/2012\/07\/molitva-prorocice-mirjam\/\">Molitva s proro\u010dicom Mirjam<\/a><\/p>\n\n\n\n<h2 class=\"wp-block-heading\">6. Upoznati Gospodina<\/h2>\n\n\n\n<p>\u010detvrtak, 25. travnja 2019.<\/p>\n\n\n\n<p><a href=\"https:\/\/amdg.ffrz.hr\/duhvj\/ivanec2019\/06mojsije_izl34.pdf\">Mojsijeva druga prilika. Prva najava Jaganjca Bo\u017ejega (Izl 34,1-9) .PDF<\/a> * (<a href=\"https:\/\/amdg.ffrz.hr\/duhvj\/ivanec2019\/06mojsije_izl34.ppt\">PPT<\/a>)<\/p>\n\n\n\n<p><a href=\"https:\/\/amdg.ffrz.hr\/musica\/note\/ps95D.pdf\">Uskrsnu (Ps 95)<\/a><\/p>\n\n\n\n<p><a href=\"https:\/\/amdg.ffrz.hr\/?p=843\">Molitva za ruke<\/a><\/p>\n\n\n\n<p><a href=\"https:\/\/amdg.eu\/2012\/06\/mojsijeva-druga-prilika\/\">Mojsijeva druga prilika<\/a><\/p>\n\n\n\n<p><a href=\"https:\/\/youtu.be\/_PFI3uf0FyQ\">Pogledajte: Mojsijeva druga prilika<\/a><\/p>\n\n\n\n<p><a href=\"https:\/\/amdg.eu\/2016\/04\/molitva-s-mojsijem\/\">Molitva s Mojsijem (Izl 34)<\/a><\/p>\n\n\n\n<h2 class=\"wp-block-heading\">7. Kajanje<\/h2>\n\n\n\n<p><a href=\"https:\/\/amdg.ffrz.hr\/duhvj\/ivanec2019\/07david_ps51.pdf\">Kralj &#8211; raskajani grje\u0161nik. Grijeh i obra\u0107enje u Ps 51 (PDF)<\/a> * (<a href=\"https:\/\/amdg.ffrz.hr\/duhvj\/ivanec2019\/07david_ps51.ppt\">PPT<\/a>)<\/p>\n\n\n\n<p><a href=\"https:\/\/amdg.ffrz.hr\/musica\/note\/ps103hr_barahi.pdf\">Ps 103: Barahi &#8211; Blagoslivljaj, du\u0161o moj (PDF)<\/a><\/p>\n\n\n\n<p><a href=\"https:\/\/amdg.eu\/2013\/10\/grijeh-i-oprostenje-u-ps-51\/\">Grijeh i opro\u0161tenje u Ps 51<\/a><\/p>\n\n\n\n<p><a href=\"https:\/\/amdg.eu\/2015\/11\/molitva-s-kraljem-davidom\/\">Molitva s kraljem Davidom<\/a><br><\/p>\n\n\n\n<h2 class=\"wp-block-heading\">8. Prepoznati neprijatelje<\/h2>\n\n\n\n<p>petak, 26. travnja 2019.<\/p>\n\n\n\n<p><a href=\"https:\/\/amdg.ffrz.hr\/duhvj\/ivanec2019\/08jdt9.pdf\">Juditina velika molitva (Jdt 9) .PDF<\/a> * (<a href=\"https:\/\/amdg.ffrz.hr\/duhvj\/ivanec2019\/08jdt9.ppt\">PPT<\/a>)<\/p>\n\n\n\n<p><a href=\"https:\/\/amdg.ffrz.hr\/musica\/note\/dodjigospodine.pdf\">Do\u0111i, Gospodine Isuse (PDF)<\/a><\/p>\n\n\n\n<p><a href=\"https:\/\/amdg.eu\/2012\/09\/molitva-za-srce\/\">Molitva za srce<\/a><\/p>\n\n\n\n<p><a href=\"https:\/\/amdg.eu\/2015\/05\/juditina-velika-molitva-jdt-9\/\">Juditina velika molitva (Jdt 9)<\/a><\/p>\n\n\n\n<p><a href=\"https:\/\/amdg.ffrz.hr\/amdg_aiv\/sz\/jdt9.mp3\">Poslu\u0161ajte: Juditina velika molitva<\/a><\/p>\n\n\n\n<p><a href=\"https:\/\/amdg.eu\/2015\/04\/molitva-s-juditom-spasiteljicom\/\">Molitva s Juditom, spasiteljicom<\/a><\/p>\n\n\n\n<h2 class=\"wp-block-heading\">9. U\u010diti od Isusa<\/h2>\n\n\n\n<p>subota, 27. travnja 2019.<\/p>\n\n\n\n<p><a href=\"https:\/\/amdg.ffrz.hr\/duhvj\/ivanec2019\/09nikodem.pdf\">Plodan no\u0107ni razgovor. Farizej Nikodem i &#8220;slu\u010daj&#8221; Isus (Iv 3,1-21) .PDF<\/a> * (<a href=\"https:\/\/amdg.ffrz.hr\/duhvj\/ivanec2019\/09nikodem.ppt\">PPT<\/a>)<\/p>\n\n\n\n<p><a href=\"https:\/\/amdg.ffrz.hr\/musica\/note\/ps24.pdf\">Uskrsnu Gospodin (Ps 24) .PDF<\/a><\/p>\n\n\n\n<p><a href=\"https:\/\/amdg.eu\/2013\/02\/molitva-za-usi\/\">Molitva za u\u0161i<\/a><\/p>\n\n\n\n<p><a href=\"https:\/\/amdg.ffrz.hr\/?p=1856\">Molitva s Nikodemom<\/a><\/p>\n\n\n\n<h2 class=\"wp-block-heading\">10. Slu\u017eiti se Pismom<\/h2>\n\n\n\n<p><a href=\"https:\/\/amdg.ffrz.hr\/duhvj\/ivanec2019\/10_40dana.pdf\">40 dana u Bibliji &#8211; Gospodin ispunjava Pismo (PDF)<\/a> * (<a href=\"https:\/\/amdg.ffrz.hr\/duhvj\/ivanec2019\/10_40dana.ppt\">PPT<\/a>)<\/p>\n\n\n\n<p><a href=\"https:\/\/amdg.ffrz.hr\/musica\/note\/avemariaD2.pdf\">Ave Maria (PDF)<\/a><\/p>\n\n\n\n<p><a href=\"https:\/\/amdg.eu\/2012\/09\/molitva-za-usta\/\">Molitva za usta<\/a><\/p>\n\n\n\n<p><a href=\"https:\/\/amdg.ffrz.hr\/amdg_aiv\/40dana_RM06042019.mp3\">Poslu\u0161ajte: 40 dana u Bibliji<\/a><\/p>\n\n\n\n<h3 class=\"wp-block-heading\" id=\"mce_27\">Toma, svjedok Kristova milosr\u0111a<\/h3>\n\n\n\n<p>nedjelja, 28. travnja 2019.<\/p>\n\n\n\n<p><a href=\"https:\/\/amdg.eu\/2012\/04\/nevjerni-toma\/\">Nevjerni Toma?  &#8211; \u010covjek koji je vidio i vjeruje<\/a><\/p>\n\n\n\n<p><a href=\"https:\/\/youtu.be\/GQWs3L2d4c0\">Pogledajte: Toma, apostol<\/a><br><\/p>\n\n\n\n<h2 class=\"wp-block-heading\">11. Apostolska vjera: Marta, u\u010denica<\/h2>\n\n\n\n<p><a href=\"https:\/\/amdg.ffrz.hr\/duhvj\/ivanec2019\/11marta.pdf\">Martin put do apostolske vjere (Lk 10,38-42; Iv 11,20-28) .PDF<\/a> * (<a href=\"https:\/\/amdg.ffrz.hr\/duhvj\/ivanec2019\/11marta.ppt\">PPT<\/a>)<\/p>\n\n\n\n<p><a href=\"https:\/\/amdg.ffrz.hr\/musica\/note\/ps87hr.pdf\">Vijek hvaljen Bog (Ps 87) .PDF<\/a><\/p>\n\n\n\n<p><a href=\"https:\/\/amdg.eu\/2012\/09\/molitva-za-lice\/\">Molitva za lice<\/a><\/p>\n\n\n\n<p><a href=\"https:\/\/amdg.eu\/2012\/05\/marta-ucenica\/\">Marta, u\u010denica<\/a><\/p>\n\n\n\n<p><a href=\"https:\/\/www.ffdi.unizg.hr\/amdg\/?stranica=marta\">Marta je druk\u010dija<\/a><\/p>\n\n\n\n<p><a href=\"https:\/\/amdg.ffrz.hr\/musica\/note\/Sluzite2.pdf\">Slu\u017eite Gospodinu u veselju (Ps 100) .PDF<\/a><\/p>\n\n\n\n<p><a href=\"https:\/\/amdg.eu\/2012\/07\/martina-molitva\/\">Molitva s Martom, Gospodinovom u\u010denicom<\/a><\/p>\n\n\n\n<div class=\"wp-block-image\"><figure class=\"aligncenter is-resized\"><img loading=\"lazy\" decoding=\"async\" src=\"https:\/\/amdg.ffrz.hr\/duhvj\/ivanec2019\/jaganjac.jpg\" alt=\"\" width=\"479\" height=\"689\"\/><\/figure><\/div>\n","protected":false},"excerpt":{"rendered":"<p>Ivane\u010dki vrhovec 36a, 22. do 28. travnja 2019. ponedjeljak, 22. travnja 2019. Zaziv Duha Svetoga * Po\u0161alji Duha Svetoga 1. Zaustaviti se Uskrsli U\u010ditelj na putu do Emausa i natrag (PDF) * (ppt) Put u Emaus Poslu\u0161ajte: Uskrsna pedagogija Pogledajte: Uskrsli Isus sama sebe tuma\u010di Molitva Isusu U\u010ditelju 2. Pogled na po\u010detak utorak, 23. travnja [&hellip;]<\/p>\n","protected":false},"author":1,"featured_media":0,"parent":0,"menu_order":0,"comment_status":"closed","ping_status":"closed","template":"","meta":{"footnotes":""},"class_list":["post-1837","page","type-page","status-publish","hentry"],"yoast_head":"<!-- This site is optimized with the Yoast SEO plugin v26.0 - https:\/\/yoast.com\/wordpress\/plugins\/seo\/ -->\n<title>Redovni\u010dka zrelost, redovni\u010dka radost - Ad maiorem Dei gloriam<\/title>\n<meta name=\"robots\" content=\"index, follow, max-snippet:-1, max-image-preview:large, max-video-preview:-1\" \/>\n<link rel=\"canonical\" href=\"https:\/\/amdg.ffrz.hr\/?page_id=1837\" \/>\n<meta property=\"og:locale\" content=\"hr_HR\" \/>\n<meta property=\"og:type\" content=\"article\" \/>\n<meta property=\"og:title\" content=\"Redovni\u010dka zrelost, redovni\u010dka radost - Ad maiorem Dei gloriam\" \/>\n<meta property=\"og:description\" content=\"Ivane\u010dki vrhovec 36a, 22. do 28. travnja 2019. ponedjeljak, 22. travnja 2019. Zaziv Duha Svetoga * Po\u0161alji Duha Svetoga 1. Zaustaviti se Uskrsli U\u010ditelj na putu do Emausa i natrag (PDF) * (ppt) Put u Emaus Poslu\u0161ajte: Uskrsna pedagogija Pogledajte: Uskrsli Isus sama sebe tuma\u010di Molitva Isusu U\u010ditelju 2. Pogled na po\u010detak utorak, 23. travnja [&hellip;]\" \/>\n<meta property=\"og:url\" content=\"https:\/\/amdg.ffrz.hr\/?page_id=1837\" \/>\n<meta property=\"og:site_name\" content=\"Ad maiorem Dei gloriam\" \/>\n<meta property=\"article:publisher\" content=\"https:\/\/www.facebook.com\/paterniko\" \/>\n<meta property=\"article:modified_time\" content=\"2019-04-30T06:27:00+00:00\" \/>\n<meta property=\"og:image\" content=\"https:\/\/amdg.ffrz.hr\/duhvj\/ivanec2019\/logoASC.png\" \/>\n<meta name=\"twitter:card\" content=\"summary_large_image\" \/>\n<meta name=\"twitter:label1\" content=\"Procijenjeno vrijeme \u010ditanja\" \/>\n\t<meta name=\"twitter:data1\" content=\"2 minute\" \/>\n<script type=\"application\/ld+json\" class=\"yoast-schema-graph\">{\"@context\":\"https:\/\/schema.org\",\"@graph\":[{\"@type\":\"WebPage\",\"@id\":\"https:\/\/amdg.ffrz.hr\/?page_id=1837\",\"url\":\"https:\/\/amdg.ffrz.hr\/?page_id=1837\",\"name\":\"Redovni\u010dka zrelost, redovni\u010dka radost - Ad maiorem Dei gloriam\",\"isPartOf\":{\"@id\":\"https:\/\/amdg.ffrz.hr\/#website\"},\"primaryImageOfPage\":{\"@id\":\"https:\/\/amdg.ffrz.hr\/?page_id=1837#primaryimage\"},\"image\":{\"@id\":\"https:\/\/amdg.ffrz.hr\/?page_id=1837#primaryimage\"},\"thumbnailUrl\":\"https:\/\/amdg.ffrz.hr\/duhvj\/ivanec2019\/logoASC.png\",\"datePublished\":\"2019-04-29T08:52:31+00:00\",\"dateModified\":\"2019-04-30T06:27:00+00:00\",\"breadcrumb\":{\"@id\":\"https:\/\/amdg.ffrz.hr\/?page_id=1837#breadcrumb\"},\"inLanguage\":\"hr\",\"potentialAction\":[{\"@type\":\"ReadAction\",\"target\":[\"https:\/\/amdg.ffrz.hr\/?page_id=1837\"]}]},{\"@type\":\"ImageObject\",\"inLanguage\":\"hr\",\"@id\":\"https:\/\/amdg.ffrz.hr\/?page_id=1837#primaryimage\",\"url\":\"https:\/\/amdg.ffrz.hr\/duhvj\/ivanec2019\/logoASC.png\",\"contentUrl\":\"https:\/\/amdg.ffrz.hr\/duhvj\/ivanec2019\/logoASC.png\"},{\"@type\":\"BreadcrumbList\",\"@id\":\"https:\/\/amdg.ffrz.hr\/?page_id=1837#breadcrumb\",\"itemListElement\":[{\"@type\":\"ListItem\",\"position\":1,\"name\":\"Po\u010detna stranica\",\"item\":\"https:\/\/amdg.ffrz.hr\/\"},{\"@type\":\"ListItem\",\"position\":2,\"name\":\"Redovni\u010dka zrelost, redovni\u010dka radost\"}]},{\"@type\":\"WebSite\",\"@id\":\"https:\/\/amdg.ffrz.hr\/#website\",\"url\":\"https:\/\/amdg.ffrz.hr\/\",\"name\":\"Ad maiorem Dei gloriam\",\"description\":\"doc. dr. sc. Niko Bili\u0107:  nastava, duhovnost i cjelo\u017eivotno u\u010denje\",\"publisher\":{\"@id\":\"https:\/\/amdg.ffrz.hr\/#\/schema\/person\/a3d4a18838314f7054f7cdc4f4d45f4a\"},\"potentialAction\":[{\"@type\":\"SearchAction\",\"target\":{\"@type\":\"EntryPoint\",\"urlTemplate\":\"https:\/\/amdg.ffrz.hr\/?s={search_term_string}\"},\"query-input\":{\"@type\":\"PropertyValueSpecification\",\"valueRequired\":true,\"valueName\":\"search_term_string\"}}],\"inLanguage\":\"hr\"},{\"@type\":[\"Person\",\"Organization\"],\"@id\":\"https:\/\/amdg.ffrz.hr\/#\/schema\/person\/a3d4a18838314f7054f7cdc4f4d45f4a\",\"name\":\"Niko Bili\u0107 SJ\",\"image\":{\"@type\":\"ImageObject\",\"inLanguage\":\"hr\",\"@id\":\"https:\/\/amdg.ffrz.hr\/#\/schema\/person\/image\/\",\"url\":\"https:\/\/secure.gravatar.com\/avatar\/14c6ebb29114394312c36c8ab93231d11917870146d266275d4470c0b6c44b88?s=96&d=blank&r=g\",\"contentUrl\":\"https:\/\/secure.gravatar.com\/avatar\/14c6ebb29114394312c36c8ab93231d11917870146d266275d4470c0b6c44b88?s=96&d=blank&r=g\",\"caption\":\"Niko Bili\u0107 SJ\"},\"logo\":{\"@id\":\"https:\/\/amdg.ffrz.hr\/#\/schema\/person\/image\/\"},\"sameAs\":[\"https:\/\/amdg.ffrz.hr\",\"https:\/\/www.facebook.com\/paterniko\",\"https:\/\/www.youtube.com\/user\/paterniko\"]}]}<\/script>\n<!-- \/ Yoast SEO plugin. -->","yoast_head_json":{"title":"Redovni\u010dka zrelost, redovni\u010dka radost - Ad maiorem Dei gloriam","robots":{"index":"index","follow":"follow","max-snippet":"max-snippet:-1","max-image-preview":"max-image-preview:large","max-video-preview":"max-video-preview:-1"},"canonical":"https:\/\/amdg.ffrz.hr\/?page_id=1837","og_locale":"hr_HR","og_type":"article","og_title":"Redovni\u010dka zrelost, redovni\u010dka radost - Ad maiorem Dei gloriam","og_description":"Ivane\u010dki vrhovec 36a, 22. do 28. travnja 2019. ponedjeljak, 22. travnja 2019. Zaziv Duha Svetoga * Po\u0161alji Duha Svetoga 1. Zaustaviti se Uskrsli U\u010ditelj na putu do Emausa i natrag (PDF) * (ppt) Put u Emaus Poslu\u0161ajte: Uskrsna pedagogija Pogledajte: Uskrsli Isus sama sebe tuma\u010di Molitva Isusu U\u010ditelju 2. Pogled na po\u010detak utorak, 23. travnja [&hellip;]","og_url":"https:\/\/amdg.ffrz.hr\/?page_id=1837","og_site_name":"Ad maiorem Dei gloriam","article_publisher":"https:\/\/www.facebook.com\/paterniko","article_modified_time":"2019-04-30T06:27:00+00:00","og_image":[{"url":"https:\/\/amdg.ffrz.hr\/duhvj\/ivanec2019\/logoASC.png","type":"","width":"","height":""}],"twitter_card":"summary_large_image","twitter_misc":{"Procijenjeno vrijeme \u010ditanja":"2 minute"},"schema":{"@context":"https:\/\/schema.org","@graph":[{"@type":"WebPage","@id":"https:\/\/amdg.ffrz.hr\/?page_id=1837","url":"https:\/\/amdg.ffrz.hr\/?page_id=1837","name":"Redovni\u010dka zrelost, redovni\u010dka radost - Ad maiorem Dei gloriam","isPartOf":{"@id":"https:\/\/amdg.ffrz.hr\/#website"},"primaryImageOfPage":{"@id":"https:\/\/amdg.ffrz.hr\/?page_id=1837#primaryimage"},"image":{"@id":"https:\/\/amdg.ffrz.hr\/?page_id=1837#primaryimage"},"thumbnailUrl":"https:\/\/amdg.ffrz.hr\/duhvj\/ivanec2019\/logoASC.png","datePublished":"2019-04-29T08:52:31+00:00","dateModified":"2019-04-30T06:27:00+00:00","breadcrumb":{"@id":"https:\/\/amdg.ffrz.hr\/?page_id=1837#breadcrumb"},"inLanguage":"hr","potentialAction":[{"@type":"ReadAction","target":["https:\/\/amdg.ffrz.hr\/?page_id=1837"]}]},{"@type":"ImageObject","inLanguage":"hr","@id":"https:\/\/amdg.ffrz.hr\/?page_id=1837#primaryimage","url":"https:\/\/amdg.ffrz.hr\/duhvj\/ivanec2019\/logoASC.png","contentUrl":"https:\/\/amdg.ffrz.hr\/duhvj\/ivanec2019\/logoASC.png"},{"@type":"BreadcrumbList","@id":"https:\/\/amdg.ffrz.hr\/?page_id=1837#breadcrumb","itemListElement":[{"@type":"ListItem","position":1,"name":"Po\u010detna stranica","item":"https:\/\/amdg.ffrz.hr\/"},{"@type":"ListItem","position":2,"name":"Redovni\u010dka zrelost, redovni\u010dka radost"}]},{"@type":"WebSite","@id":"https:\/\/amdg.ffrz.hr\/#website","url":"https:\/\/amdg.ffrz.hr\/","name":"Ad maiorem Dei gloriam","description":"doc. dr. sc. Niko Bili\u0107:  nastava, duhovnost i cjelo\u017eivotno u\u010denje","publisher":{"@id":"https:\/\/amdg.ffrz.hr\/#\/schema\/person\/a3d4a18838314f7054f7cdc4f4d45f4a"},"potentialAction":[{"@type":"SearchAction","target":{"@type":"EntryPoint","urlTemplate":"https:\/\/amdg.ffrz.hr\/?s={search_term_string}"},"query-input":{"@type":"PropertyValueSpecification","valueRequired":true,"valueName":"search_term_string"}}],"inLanguage":"hr"},{"@type":["Person","Organization"],"@id":"https:\/\/amdg.ffrz.hr\/#\/schema\/person\/a3d4a18838314f7054f7cdc4f4d45f4a","name":"Niko Bili\u0107 SJ","image":{"@type":"ImageObject","inLanguage":"hr","@id":"https:\/\/amdg.ffrz.hr\/#\/schema\/person\/image\/","url":"https:\/\/secure.gravatar.com\/avatar\/14c6ebb29114394312c36c8ab93231d11917870146d266275d4470c0b6c44b88?s=96&d=blank&r=g","contentUrl":"https:\/\/secure.gravatar.com\/avatar\/14c6ebb29114394312c36c8ab93231d11917870146d266275d4470c0b6c44b88?s=96&d=blank&r=g","caption":"Niko Bili\u0107 SJ"},"logo":{"@id":"https:\/\/amdg.ffrz.hr\/#\/schema\/person\/image\/"},"sameAs":["https:\/\/amdg.ffrz.hr","https:\/\/www.facebook.com\/paterniko","https:\/\/www.youtube.com\/user\/paterniko"]}]}},"_links":{"self":[{"href":"https:\/\/amdg.ffrz.hr\/index.php?rest_route=\/wp\/v2\/pages\/1837","targetHints":{"allow":["GET"]}}],"collection":[{"href":"https:\/\/amdg.ffrz.hr\/index.php?rest_route=\/wp\/v2\/pages"}],"about":[{"href":"https:\/\/amdg.ffrz.hr\/index.php?rest_route=\/wp\/v2\/types\/page"}],"author":[{"embeddable":true,"href":"https:\/\/amdg.ffrz.hr\/index.php?rest_route=\/wp\/v2\/users\/1"}],"replies":[{"embeddable":true,"href":"https:\/\/amdg.ffrz.hr\/index.php?rest_route=%2Fwp%2Fv2%2Fcomments&post=1837"}],"version-history":[{"count":17,"href":"https:\/\/amdg.ffrz.hr\/index.php?rest_route=\/wp\/v2\/pages\/1837\/revisions"}],"predecessor-version":[{"id":1860,"href":"https:\/\/amdg.ffrz.hr\/index.php?rest_route=\/wp\/v2\/pages\/1837\/revisions\/1860"}],"wp:attachment":[{"href":"https:\/\/amdg.ffrz.hr\/index.php?rest_route=%2Fwp%2Fv2%2Fmedia&parent=1837"}],"curies":[{"name":"wp","href":"https:\/\/api.w.org\/{rel}","templated":true}]}}