{"id":1981,"date":"2019-10-07T06:37:04","date_gmt":"2019-10-07T04:37:04","guid":{"rendered":"https:\/\/amdg.ffrz.hr\/?page_id=1981"},"modified":"2025-09-26T09:31:31","modified_gmt":"2025-09-26T07:31:31","slug":"petoknjizje-i-povijesne-knjige","status":"publish","type":"page","link":"https:\/\/amdg.ffrz.hr\/?page_id=1981","title":{"rendered":"Petoknji\u017eje i Povijesne knjige"},"content":{"rendered":"<div class=\"wp-block-image\">\n<figure class=\"aligncenter\"><a href=\"https:\/\/amdg.ffrz.hr\/amdg_grafike\/svitak.jpg\"><img decoding=\"async\" src=\"https:\/\/amdg.ffrz.hr\/amdg_grafike\/svitak.jpg\" alt=\"\"\/><\/a><\/figure>\n<\/div>\n\n\n<p>Biblijska egzegeza na studiju filozofije i teologije pri <a href=\"http:\/\/www.ftidi.hr\">Filozofsko-teolo\u0161kom Institutu Dru\u017ebe Isusove, afiliranom Papinskom sveu\u010dili\u0161tu Gregoriana<\/a><\/p>\n\n\n\n<p>dr. <strong>Niko Bili\u0107<\/strong>, SJ<br>zimski semestar ak. g. 22.\/23., ECTS 6, mjesto: FFRZ, Jordanovac 110, <strong>dvorana P. Peter-Hans Kolvenbach SJ (P14)<\/strong>: <strong>utorkom od 8:15 i \u010detvrtkom od 8:15<\/strong>, <\/p>\n\n\n\n<p class=\"has-text-align-right\">Stanje: <span style=\"color: #ff0000;\"><strong>9. 2. 2023.<\/strong><\/span><\/p>\n\n\n\n<h5 class=\"wp-block-heading\"><a href=\"https:\/\/amdg.ffrz.hr\/fti_tora\/ispiti_tbl_FTI.doc\">Ispiti &#8211; zimski ispitni rok<\/a><\/h5>\n\n\n\n<ul class=\"wp-block-list\">\n<li><a href=\"https:\/\/amdg.ffrz.hr\/fti_tora\/ispiti_pon301.pdf\">ponedjeljak, 30. sije\u010dnja 2023 od 8:30 do 12:10 Jordanovac; <br>od 15:30 do 17:30 Palmoti\u0107eva (ulaz Dra\u0161kovi\u0107eva 54)<\/a><\/li>\n\n\n\n<li><a href=\"https:\/\/amdg.ffrz.hr\/fti_tora\/ispiti_uto311.pdf\">utorak, 31. sije\u010dnja 2023. od 8:30 do 12:10, Jordanovac; <br>od 15:30 do 17:30 Palmoti\u0107eva (ulaz: Dra\u0161kovi\u0107eva 54)<\/a><\/li>\n\n\n\n<li><a href=\"https:\/\/amdg.ffrz.hr\/fti_tora\/ispiti_pet32.pdf\">petak, 3. velja\u010de 2023. od 8:30 do 12:10 Jordanovac<\/a><\/li>\n\n\n\n<li><a href=\"https:\/\/amdg.ffrz.hr\/fti_tora\/ispiti_pon132\">ponedjeljak, 13. velja\u010de 2023 od 8:30 do 12:10 Jordanovac; <\/a><br><a href=\"https:\/\/amdg.ffrz.hr\/fti_tora\/ispiti_pon132\">od 15:30 do 17:30, Palmoti\u0107eva 34 (ulaz: Dra\u0161kovi\u0107eva 54)<\/a><\/li>\n\n\n\n<li><a href=\"https:\/\/amdg.ffrz.hr\/fti_tora\/ispiti_uto142.pdf\">utorak, 14. velja\u010de 2023 od 8:30 do 12:10 Jordanovac<br>ponedjeljak, 20. velja\u010de 2023. od 8:30 do 12:10 Jordanovac<\/a><\/li>\n<\/ul>\n\n\n\n<h5 class=\"wp-block-heading\"><a href=\"https:\/\/amdg.ffrz.hr\/fti_tora\/fti_studentiprofesori_22-23.pdf\">Studenti &#8211; profesori<\/a><\/h5>\n\n\n\n<ul class=\"wp-block-list\">\n<li><a href=\"https:\/\/amdg.ffrz.hr\/fti_tora\/fti_studentiprofesori_22-23.pdf\">Hvala velika svima koji ste odr\u017eali izlaganje na nastavi i poslali svoj rad da ovdje bude objavljen.<\/a>\n<ul class=\"wp-block-list\">\n<li><a href=\"https:\/\/amdg.ffrz.hr\/?p=5760\">Rudi Juras: Melkisedek u Post 14<\/a><\/li>\n\n\n\n<li><a href=\"https:\/\/amdg.ffrz.hr\/?p=5754\">Karlo \u0160poljari\u0107: Prikaz Samsonovog lika u Knjizi o Sucima (Suci 13-16)<\/a><\/li>\n\n\n\n<li><a href=\"https:\/\/amdg.ffrz.hr\/?p=5751\">Josip Sari\u0107: Prorok G\u00e2d<\/a><\/li>\n\n\n\n<li><a href=\"https:\/\/amdg.ffrz.hr\/?p=5779\">Ivan Bo\u0161njak: Proro\u010dica Hulda \u2013 slu\u017ebenica Bo\u017eje rije\u010di<\/a><\/li>\n\n\n\n<li><a href=\"https:\/\/amdg.ffrz.hr\/?p=5814\">s. M. Antonela Pavi\u0107i\u0107: Ilija \u2013 pre\u017eivjeli prorok<\/a><\/li>\n<\/ul>\n<\/li>\n<\/ul>\n\n\n\n<p>Za sudjelovanje u nastavi potrebno je imati vlastiti primjerak Svetoga pisma jer je glavni &#8220;materijal&#8221; biblijski tekst.&nbsp; Na raspolaganju su dva uobi\u010dajena cjelovita hrvatska prijevoda: <a href=\"https:\/\/www.ks.hr\/biblija-stari-i-novi-zavjet~8\">&#8220;Zagreba\u010dka Biblija&#8221;<\/a> (Stvarnost, KS i <a href=\"https:\/\/www.ks.hr\/dzepna-biblija-etui-sa-zatvaracem\">d\u017eepno izdanje<\/a>) i <a href=\"https:\/\/verbum.hr\/knjige\/biblija-tvrdi-uvez-113\/\">&#8220;\u0160ari\u0107eva Biblija&#8221;<\/a> (osvje\u017eeni prijevod nadbiskupa Ivana Ev. \u0160ari\u0107a, HBD, Verbum, Glas Koncila). Za studij je najprikladnije izdanje <a href=\"https:\/\/www.ks.hr\/98a17e37-3c03-42d2-b5f1-a124272ec359\">Jeruzalemska Biblija<\/a> jer donosi tekst podijeljen na odlomke s dodanim podnaslovima i nazna\u010denim untarbiblijskim vezama na margini, te s brojnim bilje\u0161kama i uvodima. U studiju biblijskih tekstova uvelike mo\u017ee pomo\u0107i i&nbsp;<a href=\"https:\/\/verbum.hr\/zvucna-biblija-audio-knjiga-2965\" target=\"_blank\" rel=\"noreferrer noopener\">Zvu\u010dna Biblija<\/a>&nbsp;u izdanju zaklade&nbsp;<a href=\"http:\/\/www.zakladacvv.hr\/\" target=\"_blank\" rel=\"noreferrer noopener\">\u010cujem, vjerujem, vidim<\/a>, sada dostupna i&nbsp;<a href=\"https:\/\/www.youtube.com\/watch?v=dVRqpCy8Qik&amp;list=PLsD1NZlExYFGziSR-Kd7NzD2vY8t-e0sH\" target=\"_blank\" rel=\"noreferrer noopener\">online<\/a>.<\/p>\n\n\n\n<p>Na internetu cijeli biblijski tekst u hrvatskom prijevodu nude:<br><a href=\"https:\/\/biblija.ks.hr\/\" target=\"_blank\" rel=\"noreferrer noopener\">Kr\u0161\u0107anska sada\u0161njost (KS)<\/a><br><a href=\"http:\/\/www.intratext.com\/ixt\/scr0002\/_INDEX.HTM\" target=\"_blank\" rel=\"noreferrer noopener\">Intratext<\/a>&nbsp;(s automatskom konkordancijom)<br><a href=\"https:\/\/www.biblija.net\/biblija.cgi?m=&amp;id40=1&amp;pos=0&amp;set=6&amp;l=sl\">Biblija.net<\/a><br><a href=\"https:\/\/biblija.biblija-govori.hr\/\">Biblija govori (grupa kr\u0161\u0107ana)<\/a><br>Ovdje je na raspolaganju i <a href=\"https:\/\/amdg.eu\/audio-sz\" target=\"_blank\" rel=\"noreferrer noopener\">audio-ud\u017ebenik<\/a> u nastajanju.<br>Redovito su u uporabi&nbsp;<a href=\"https:\/\/amdg.ffrz.hr\/wp-content\/uploads\/bibl_kratice.pdf\">kratice biblijskih knjiga (.pdf)<\/a>, te c \u2013 <em>caput<\/em>, poglavlje; v \u2013 <em>versus<\/em>, redak; s \u2013 <em>sequens<\/em>, sljede\u0107i.<\/p>\n\n\n\n<h6 class=\"wp-block-heading\"><strong>1) 11. 10. 22. <a href=\"https:\/\/amdg.ffrz.hr\/fti_tora\/fti_tora01.pdf\">Pristup: Elementi imanentne hermeneutike, Kanon (PDF)<\/a> * <a href=\"https:\/\/amdg.ffrz.hr\/fti_tora\/fti_tora01.ppt\">(PPT)<\/a> <\/strong><\/h6>\n\n\n\n<ul class=\"wp-block-list\">\n<li><a href=\"https:\/\/amdg.eu\/sz-uvod\/\" target=\"_blank\" rel=\"noopener noreferrer\">Uvod u Stari zavjet<\/a>&nbsp;<\/li>\n\n\n\n<li><a href=\"https:\/\/amdg.eu\/put-u-emaus\/\" target=\"_blank\" rel=\"noreferrer noopener\">Put u Emaus<\/a><\/li>\n\n\n\n<li><a href=\"https:\/\/amdg.ffrz.hr\/?p=1968\">Za\u0161to studirati Sveto pismo?<\/a><\/li>\n\n\n\n<li><a href=\"https:\/\/amdg.ffrz.hr\/?p=3683\">Razvoj Kanona<\/a><\/li>\n\n\n\n<li><strong>Poslu\u0161ajte:<\/strong>\n<ul class=\"wp-block-list\">\n<li><a href=\"https:\/\/amdg.ffrz.hr\/amdg_aiv\/biblija_predstavljanje.mp3\" target=\"_blank\" rel=\"noreferrer noopener\">O Bibliji (6.10.2015., urednik: Petar Bilobrk, .mp3; 52MB;<\/a><\/li>\n\n\n\n<li><a href=\"https:\/\/amdg.ffrz.hr\/amdg_aiv\/sz\/sz01_isusibiblija.mp3\">Isus i Stari zavjet (.mp3, 19MB, 20 min.)<\/a><\/li>\n\n\n\n<li><a href=\"https:\/\/amdg.ffrz.hr\/amdg_aiv\/osnovica_uvod.mp3\">Petoknji\u017eje \u2013 temelj Biblije (.mp3; 26,8MB; 29:20 min.)<\/a><\/li>\n<\/ul>\n<\/li>\n\n\n\n<li>Pogledajte:\n<ul class=\"wp-block-list\">\n<li><a href=\"https:\/\/youtu.be\/FxvVPPR6hmo\" target=\"_blank\" rel=\"noreferrer noopener\">Biblijski kanon<\/a><\/li>\n<\/ul>\n<\/li>\n<\/ul>\n\n\n\n<h6 class=\"wp-block-heading\"><strong>2)  13. 10. 22. <a href=\"https:\/\/amdg.ffrz.hr\/fti_tora\/fti_tora02_stvaranje.pdf\">Kozmos i anthropos (PDF)<\/a> * <a href=\"https:\/\/amdg.ffrz.hr\/fti_tora\/fti_tora02_stvaranje.ppt\">(PPT)<\/a><\/strong><\/h6>\n\n\n\n<ul class=\"wp-block-list\">\n<li><a href=\"https:\/\/amdg.ffrz.hr\/?p=2305\" target=\"_blank\" rel=\"noopener noreferrer\">Dobrota u strukturi stvaranja<\/a><\/li>\n\n\n\n<li><a href=\"https:\/\/amdg.eu\/covjek-slika-bozja\/\" target=\"_blank\" rel=\"noopener noreferrer\">\u010covjek \u2013 slika Bo\u017eja<\/a>&nbsp;<\/li>\n\n\n\n<li><a href=\"https:\/\/amdg.eu\/tajna-krscanske-plodnosti\/\" target=\"_blank\" rel=\"noopener noreferrer\">Tajna kr\u0161\u0107anske plodnosti (Iv 15,1-8)<\/a>&nbsp;<\/li>\n\n\n\n<li><a href=\"https:\/\/amdg.eu\/2012\/08\/blagoslov-dan-i-zadan\" target=\"_blank\" rel=\"noopener noreferrer\">Blagoslov \u2013 dan i zadan<\/a><\/li>\n\n\n\n<li>Pogledajte:\n<ul class=\"wp-block-list\">\n<li><a href=\"https:\/\/youtu.be\/jokxFEkA3iI\" target=\"_blank\" rel=\"noopener noreferrer\">\u010covjek &#8211; na sliku Bo\u017eju<\/a><\/li>\n\n\n\n<li><a href=\"https:\/\/youtu.be\/yC6YVtmv8SY\" target=\"_blank\" rel=\"noopener noreferrer\">Blagoslov &#8211; dan i zadan<\/a><\/li>\n<\/ul>\n<\/li>\n<\/ul>\n\n\n\n<h6 class=\"wp-block-heading\">3) 18. 10. 22.  <a href=\"https:\/\/amdg.ffrz.hr\/fti_tora\/fti_tora03_stvaranje2_evolucija.pdf\">Kozmos i anthropos &#8211; 2. dio (PDF)<\/a> * <a href=\"https:\/\/amdg.ffrz.hr\/fti_tora\/fti_tora03_stvaranje2_evolucija.ppt\">(PPT)<\/a><\/h6>\n\n\n\n<ul class=\"wp-block-list\">\n<li>Poslu\u0161ajte:\n<ul class=\"wp-block-list\">\n<li><a href=\"https:\/\/amdg.ffrz.hr\/amdg_aiv\/sz\/sz02_stvaranje.mp3\" target=\"_blank\" rel=\"noreferrer noopener\">Stvaranje svijeta i \u010dovjeka (.mp3, 24MB, 25 min.)<\/a><\/li>\n\n\n\n<li><a href=\"https:\/\/amdg.ffrz.hr\/amdg_aiv\/sz\/sz03_plodnost_grijeh.mp3\">Prva zapovijed, prvi grijeh (.mp3, 24MB, 26 min.)<\/a><audio src=\"https:\/\/amdg.ffrz.hr\/amdg_aiv\/sz\/sz03_plodnost_grijeh.mp3\"><\/audio><\/li>\n\n\n\n<li><a href=\"https:\/\/amdg.ffrz.hr\/amdg_aiv\/majka_eva2.mp3\">Majka Eva (.mp3, 3,25MB, 3,33min.)<\/a><\/li>\n<\/ul>\n<\/li>\n<\/ul>\n\n\n\n<ul class=\"wp-block-list\">\n<li>Pogledajte:\n<ul class=\"wp-block-list\">\n<li><a href=\"https:\/\/youtu.be\/lcZBwR7xY3I\" target=\"_blank\" rel=\"noreferrer noopener\">Kozmos i anthropos<\/a><\/li>\n<\/ul>\n<\/li>\n<\/ul>\n\n\n\n<h6 class=\"wp-block-heading\">4) 20. 10. 22. <a href=\"https:\/\/amdg.ffrz.hr\/fti_tora\/fti_tora04_kajin.pdf\">Kajinov sindrom (PDF)<\/a> * (<a href=\"https:\/\/amdg.ffrz.hr\/fti_tora\/fti_tora04_kajin.ppt\">PPT<\/a>)&nbsp;<\/h6>\n\n\n\n<ul class=\"wp-block-list\">\n<li><a href=\"https:\/\/amdg.eu\/2012\/03\/kajinov-sindrom\/\">Kajinov sindrom<\/a><\/li>\n\n\n\n<li>Poslu\u0161ajte: <a href=\"https:\/\/amdg.ffrz.hr\/amdg_aiv\/sz\/sz03a_kajin.mp3\">Kajinov sindrom (mp3. 15MB, 15:43 min.)<\/a> *<\/li>\n\n\n\n<li>Pogledajte:\n<ul class=\"wp-block-list\">\n<li><a href=\"https:\/\/youtu.be\/Dnd9q8KraDc\" target=\"_blank\" rel=\"noopener noreferrer\">Kajinov sindrom (LTV)<\/a>&nbsp;<\/li>\n\n\n\n<li><a href=\"https:\/\/amdg.eu\/2013\/11\/kajinov-problem\/\" target=\"_blank\" rel=\"noopener noreferrer\">Kajinov problem na HTV<\/a><\/li>\n<\/ul>\n<\/li>\n<\/ul>\n\n\n\n<h6 class=\"wp-block-heading\">5) 25.  i 27. 10. 22. <a href=\"https:\/\/amdg.ffrz.hr\/fti_tora\/fti_tora05_noa_abr1.pdf\">Noa i prvi Savez; Savez s Abrahamom (PDF)<\/a> * (<a href=\"https:\/\/amdg.ffrz.hr\/fti_tora\/fti_tora05_noa_abr1.ppt\">PPT<\/a>)<\/h6>\n\n\n\n<p><a href=\"https:\/\/amdg.ffrz.hr\/?p=5760\"><strong>Rudi Juras: Melkisedek u Post 14<\/strong><\/a><\/p>\n\n\n\n<ul class=\"wp-block-list\">\n<li><a href=\"https:\/\/hrcak.srce.hr\/file\/118170\">\u201cPrvi savez. Post 9, 8-17 u teologiji saveza.\u201d u&nbsp;<em>Crkva u svijetu<\/em>: CUS. 47 (2012) ISSN 0352-400, 1, Split 2012. (PDF)<\/a><\/li>\n\n\n\n<li>Poslu\u0161ajte: <a href=\"https:\/\/amdg.ffrz.hr\/amdg_aiv\/sz\/prvi_savez.mp3\" target=\"_blank\" rel=\"noreferrer noopener\">Prvi Savez<\/a><\/li>\n\n\n\n<li>Pogledajte: <a href=\"https:\/\/youtu.be\/MJLXBQW6iHM\" target=\"_blank\" rel=\"noreferrer noopener\">Noin savez s Bogom<\/a><\/li>\n\n\n\n<li><a href=\"https:\/\/amdg.eu\/2012\/10\/abraham-praotac-nase-vjere\/\">Abraham, praotac na\u0161e vjere<\/a>&nbsp;<\/li>\n\n\n\n<li><a href=\"https:\/\/amdg.eu\/2012\/05\/abrahamov-poziv\/\" target=\"_blank\" rel=\"noreferrer noopener\">Abrahamov poziv<\/a><\/li>\n\n\n\n<li><a href=\"https:\/\/amdg.eu\/2013\/11\/abraham-prorok\/\">Abraham, prorok<\/a><\/li>\n\n\n\n<li>Poslu\u0161ajte:\n<ul class=\"wp-block-list\">\n<li><a href=\"https:\/\/amdg.ffrz.hr\/amdg_aiv\/sz\/abraham_poziv.mp3\" target=\"_blank\" rel=\"noreferrer noopener\">Abrahamov poziv<\/a><\/li>\n\n\n\n<li><a href=\"https:\/\/youtu.be\/VidTjtD10Eo\" target=\"_blank\" rel=\"noreferrer noopener\">Kako je Abraham do\u0161ao do vjere<\/a>&nbsp;<\/li>\n\n\n\n<li><a href=\"https:\/\/amdg.ffrz.hr\/amdg_aiv\/sz\/abraham_prorok.mp3\" target=\"_blank\" rel=\"noreferrer noopener\">Abraham \u2013 prorok<\/a><\/li>\n<\/ul>\n<\/li>\n\n\n\n<li>Pogledajte:\n<ul class=\"wp-block-list\">\n<li><a href=\"https:\/\/youtu.be\/nVahe971xUE\" target=\"_blank\" rel=\"noreferrer noopener\">Abraham, vjernik<\/a><\/li>\n<\/ul>\n<\/li>\n<\/ul>\n\n\n\n<h6 class=\"wp-block-heading\">1. 11. 22. Svi sveti<\/h6>\n\n\n\n<h6 class=\"wp-block-heading\">6) 3. 11. 22. <a href=\"https:\/\/amdg.ffrz.hr\/fti_tora\/fti_tora06_abr2.pdf\" target=\"_blank\" rel=\"noreferrer noopener\">Abrahamova ku\u0161nja (PDF)<\/a>&nbsp;* <a href=\"https:\/\/amdg.ffrz.hr\/fti_tora\/fti_tora06_abr2.ppt\">(PPT)<\/a><\/h6>\n\n\n\n<ul class=\"wp-block-list\">\n<li><a href=\"https:\/\/amdg.eu\/abraham-na-biblijskom-portalu\/\">Abraham na Biblijskom portalu<\/a><\/li>\n\n\n\n<li>Poslu\u0161ajte:\n<ul class=\"wp-block-list\">\n<li><a href=\"https:\/\/amdg.ffrz.hr\/amdg_aiv\/sz\/sz07_post22.mp3\">Abrahamova te\u0161ka ku\u0161nja<\/a>&nbsp;<\/li>\n\n\n\n<li><a href=\"https:\/\/amdg.ffrz.hr\/amdg_aiv\/abr_sara.mp3\" target=\"_blank\" rel=\"noreferrer noopener\">Bra\u010dne krize Abrahama i Sare (.mp3; 13MB; 15min)<\/a><\/li>\n<\/ul>\n<\/li>\n\n\n\n<li>Pogledajte:\n<ul class=\"wp-block-list\">\n<li><a href=\"https:\/\/youtu.be\/JR8v60yERvw\">Abraham u \u0161koli bogoslu\u017eja<\/a><\/li>\n<\/ul>\n<\/li>\n<\/ul>\n\n\n\n<h6 class=\"wp-block-heading\">7) 8. 11. 22. <a href=\"https:\/\/amdg.ffrz.hr\/fti_tora\/fti_tora07_jakov.pdf\" target=\"_blank\" rel=\"noreferrer noopener\">Jakov je Izrael (PDF)<\/a> * <a href=\"https:\/\/amdg.ffrz.hr\/fti_tora\/fti_tora07_jakov.ppt\">(PPT)<\/a><\/h6>\n\n\n\n<ul class=\"wp-block-list\">\n<li><a href=\"http:\/\/amdg.eu\/2012\/03\/pocetak-iz-snova\/\" target=\"_blank\" rel=\"noopener noreferrer\">Po\u010detak iz snova<\/a><\/li>\n\n\n\n<li><a href=\"https:\/\/amdg.eu\/2012\/03\/jakovljev-zavjet\/\" target=\"_blank\" rel=\"noopener noreferrer\">Jakovljev zavjet (Post 28,20-22)<\/a><\/li>\n\n\n\n<li><a href=\"https:\/\/amdg.eu\/2012\/03\/jakovljeva-molitva\/\" target=\"_blank\" rel=\"noopener noreferrer\">Jakovljeva molitva (Post 32,10-13)<\/a><\/li>\n\n\n\n<li><a href=\"https:\/\/amdg.eu\/2012\/10\/borba-za-blagoslov\/\">Borba za blagoslov (Post 32,25-31)<\/a>&nbsp;<\/li>\n\n\n\n<li><a href=\"https:\/\/amdg.eu\/2014\/03\/sukob-ezava-i-jakova\/\">Sukob Ezava i Jakova<\/a>&nbsp;<\/li>\n\n\n\n<li><a href=\"https:\/\/amdg.eu\/2013\/12\/praotac-jakov-opet-u-domovini\/\">Praotac Jakov opet u domovini (Post 35,1-15)<\/a><\/li>\n\n\n\n<li><a href=\"https:\/\/amdg.eu\/2012\/03\/jakov-dijalog\/\">Obiteljski dijalog u \u017eivotu praoca Jakova<\/a><\/li>\n\n\n\n<li><a href=\"https:\/\/amdg.ffrz.hr\/?p=5332\">Josip, na\u0161 brat (Post 45,1-8)<\/a><\/li>\n\n\n\n<li><a href=\"https:\/\/amdg.ffrz.hr\/?p=5322\">Pomirna \u017ertva praoca Jakova (Post 46,1-7)<\/a>&nbsp;\u2013 (<a href=\"https:\/\/amdg.ffrz.hr\/sz\/sz04a_Jakov_Post46.ppt\">PPT<\/a>&nbsp;*&nbsp;<a href=\"https:\/\/amdg.ffrz.hr\/sz\/sz04a_Jakov_Post46.pdf\">PDF<\/a>)<\/li>\n\n\n\n<li><strong>Poslu\u0161ajte:<\/strong>\n<ul class=\"wp-block-list\">\n<li><a href=\"https:\/\/amdg.ffrz.hr\/amdg_aiv\/sz\/sz09_jakovljevzavjet.mp3\" target=\"_blank\" rel=\"noreferrer noopener\">Po\u010detak povijesti praoca Jakova i njegov zavjet<\/a><\/li>\n\n\n\n<li><a href=\"https:\/\/amdg.ffrz.hr\/amdg_aiv\/sz\/sz10_jakovljevamolitva.mp3\">Egzistencijalna molitva patrijarha Jakova<\/a><\/li>\n\n\n\n<li><a href=\"https:\/\/amdg.ffrz.hr\/amdg_aiv\/sz\/sz11_jakov_borba_povratak.mp3\" target=\"_blank\" rel=\"noreferrer noopener\">Jakovljeva borba s Bogom i njegov povratak u domovinu<\/a><\/li>\n\n\n\n<li><a href=\"https:\/\/amdg.eu\/2021\/10\/nas-brat-josip-post-451-8-audio\/\">Na\u0161 brat Josip (Post 45,1-8)<\/a><\/li>\n\n\n\n<li><a href=\"https:\/\/amdg.eu\/2021\/09\/pomirna-zrtva-praoca-jakova\/\" target=\"_blank\" rel=\"noreferrer noopener\">Pomirna \u017ertva praoca Jakova (46,1-7)<\/a><\/li>\n<\/ul>\n<\/li>\n\n\n\n<li><strong>Pogledajte:<\/strong>\n<ul class=\"wp-block-list\">\n<li><a href=\"https:\/\/youtu.be\/pXwz7lWEEdE\" target=\"_blank\" rel=\"noreferrer noopener\">Jakov je Izrael<\/a><\/li>\n\n\n\n<li><a href=\"https:\/\/youtu.be\/jKcH2fjEiL8\" target=\"_blank\" rel=\"noreferrer noopener\">Praotac Jakov opet u domovini<\/a><\/li>\n<\/ul>\n<\/li>\n<\/ul>\n\n\n\n<h6 class=\"wp-block-heading\">8) 10. 11. 22.  <a href=\"https:\/\/amdg.ffrz.hr\/tora\/osnovica04_obracenje.pdf\"><\/a><a href=\"https:\/\/amdg.ffrz.hr\/fti_tora\/fti_tora08_mojsije.pdf\" target=\"_blank\" rel=\"noreferrer noopener\">Mojsije &#8211; veliki izbavitelj u Knjizi Izlaska (PDF)<\/a> * (<a href=\"https:\/\/amdg.ffrz.hr\/fti_tora\/fti_tora08_mojsije.ppt\">PPT<\/a>)<\/h6>\n\n\n\n<ul class=\"wp-block-list\">\n<li><a href=\"https:\/\/amdg.eu\/2012\/03\/mojsijevo-zvanje\/\">Mojsijevo zvanje<\/a> <\/li>\n\n\n\n<li><a href=\"https:\/\/amdg.eu\/2012\/10\/sredisnji-dogadaj\/\" target=\"_blank\" rel=\"noreferrer noopener\">Sredi\u0161nji doga\u0111aj (Izl 14)<\/a><\/li>\n\n\n\n<li><a href=\"https:\/\/amdg.eu\/2012\/10\/rijeci-koje-je-bog-izgovorio\/\">Rije\u010di koje je Bog izgovorio<\/a><\/li>\n\n\n\n<li>Poslu\u0161ajte:<ul><li><a href=\"https:\/\/amdg.ffrz.hr\/amdg_aiv\/sz\/sz15_izl14.mp3\">Mojsije, izbavitelj. Prijelaz preko Crvenoga mora u Izl 14 <\/a><\/li><\/ul><\/li>\n\n\n\n<li>Pogledajte:\n\n\n\n\n\n\n\n\n\n\n\n\n\n\n\n\n\n\n\n\n\n\n\n\n\n\n\n\n\n\n\n\n\n\n\n\n\n\n\n\n\n\n\n\n\n\n\n\n\n\n\n\n\n\n\n\n\n\n\n\n\n\n\n\n\n\n\n\n\n\n\n\n\n\n\n\n\n\n\n\n\n\n\n\n\n\n\n\n<ul class=\"wp-block-list\">\n<li><a href=\"https:\/\/amdg.eu\/2013\/11\/mojsije-voditelj\/\">Mojsije \u2013 voditelj (Izl 3 i 14) na HTV<\/a><\/li>\n\n\n\n<li><a href=\"https:\/\/amdg.eu\/2013\/11\/mojsije-i-pravi-bog\/\">Mojsije i pravi Bog (Izl 32 i 34) na TV<\/a><\/li>\n\n\n\n<li><a href=\"https:\/\/youtu.be\/DqLfv0p7sSw\" target=\"_blank\" rel=\"noreferrer noopener\">Mojsije \u2013 izbavitelj i zakonodavac<\/a><\/li>\n<\/ul>\n\n\n\n<ul class=\"wp-block-list\">\n<li><a href=\"https:\/\/youtu.be\/Ex7Msthx1JI\">Mojsijeva karizma vodstva &#8211; LTV<\/a><\/li>\n<\/ul>\n<\/li>\n<\/ul>\n\n\n\n<h6 class=\"wp-block-heading\">9) 15. 11. 22. nastavak: <a href=\"https:\/\/amdg.ffrz.hr\/fti_tora\/fti_tora08_mojsije.pdf\">Slika izlaska (Izl 14), Deset zapovijedi (IZl20, Pnz 5), zlatno Tele (Izl 32.34) .pdf<\/a> * <a href=\"https:\/\/amdg.ffrz.hr\/fti_tora\/fti_tora08_mojsije.ppt\">PPT<\/a><\/h6>\n\n\n\n<p><a href=\"https:\/\/amdg.ffrz.hr\/tora\/osnovica05_pasha.pdf\" target=\"_blank\" rel=\"noopener noreferrer\">Ustanovljenje Pashe. No\u0107 Izlaska u Izl 11-13 (PDF)<\/a>&nbsp;* <a href=\"https:\/\/amdg.ffrz.hr\/tora\/osnovica05_pasha.ppt\">(.PPT)<\/a><\/p>\n\n\n\n<ul class=\"wp-block-list\">\n<li><a href=\"https:\/\/amdg.ffrz.hr\/tora\/Pasha_RM20181201.mp3\">Poslu\u0161ajte, preuzmite: Ustanovljenje Pashe (.mp3; 31,6MB; 27:41min.)<\/a><\/li>\n<\/ul>\n\n\n\n<figure class=\"wp-block-audio\"><audio controls src=\"https:\/\/amdg.ffrz.hr\/tora\/Pasha_RM20181201.mp3\"><\/audio><\/figure>\n\n\n\n<h6 class=\"wp-block-heading\">10) 17. 11. 22. <a href=\"https:\/\/amdg.ffrz.hr\/fti_tora\/fti_tora09_mojsije2.pdf\">Mojsije i &#8220;zlatno tele&#8221; (PDF)<\/a> * (<a href=\"https:\/\/amdg.ffrz.hr\/fti_tora\/fti_tora09_mojsije2.ppt\">ppt<\/a>)<\/h6>\n\n\n\n<ul class=\"wp-block-list\">\n<li><a href=\"https:\/\/amdg.ffrz.hr\/?p=2572\">Sudbonosna pustinja<\/a><\/li>\n\n\n\n<li><a href=\"https:\/\/amdg.eu\/2013\/04\/mojsije-u-molitvi\/\">Mojsije u molitvi<\/a>&nbsp;<\/li>\n\n\n\n<li><a href=\"https:\/\/amdg.eu\/2012\/06\/mojsijeva-druga-prilika\/\">Mojsijeva druga prilika<\/a>&nbsp;<\/li>\n\n\n\n<li><a href=\"https:\/\/amdg.ffrz.hr\/?p=2310\" target=\"_blank\" rel=\"noreferrer noopener\">Aron, sve\u0107enik<\/a>&nbsp;<\/li>\n\n\n\n<li>Poslu\u0161ajte: \n<ul class=\"wp-block-list\">\n<li><a href=\"https:\/\/amdg.ffrz.hr\/amdg_aiv\/sz\/sz17_izl32zlatnotele.mp3\">Sudbonosna pustinja (Izl 32)<\/a><\/li>\n\n\n\n<li><a href=\"https:\/\/amdg.ffrz.hr\/amdg_aiv\/sz\/sz18_mojsije_Izl32_34.mp3\">Mojsije zagovornik i Bo\u017eji u\u010denik<\/a><\/li>\n<\/ul>\n<\/li>\n\n\n\n<li>Pogledajte:\n<ul class=\"wp-block-list\">\n<li><a href=\"https:\/\/youtu.be\/nLDcOg6i_6o\" target=\"_blank\" rel=\"noreferrer noopener\">Sudbonosna pustinja (Izl 32) &#8211; LTV<\/a><\/li>\n\n\n\n<li><a href=\"https:\/\/youtu.be\/_PFI3uf0FyQ\" target=\"_blank\" rel=\"noreferrer noopener\">Mojsijeva druga prilika (Izl 34,5-9)<\/a><\/li>\n<\/ul>\n<\/li>\n<\/ul>\n\n\n\n<h6 class=\"wp-block-heading\">11) 22. 11. 22. <a href=\"https:\/\/amdg.ffrz.hr\/fti_tora\/fti_tora11_lev.pdf\" target=\"_blank\" rel=\"noreferrer noopener\">LEVITSKI ZAKONIK (PDF)<\/a><strong> * <\/strong><a href=\"https:\/\/amdg.ffrz.hr\/fti_tora\/fti_tora11_lev.ppt\">(PPT)<\/a> <\/h6>\n\n\n\n<h6 class=\"wp-block-heading\">12) 24. 11. 22. <a href=\"https:\/\/amdg.ffrz.hr\/fti_tora\/fti_tora12_br.pdf\">Knjiga brojeva (PDF)<\/a> <strong>* <\/strong><a href=\"https:\/\/amdg.ffrz.hr\/fti_tora\/fti_tora12_br.ppt\">(PPT)<\/a><\/h6>\n\n\n\n<ul class=\"wp-block-list\">\n<li><a href=\"https:\/\/amdg.eu\/2012\/10\/obiteljski-sukob\/\" target=\"_blank\" rel=\"noopener noreferrer\">Obiteljski sukob (Br 12)<\/a>&nbsp;<\/li>\n\n\n\n<li><a href=\"https:\/\/amdg.ffrz.hr\/?p=2317\" target=\"_blank\" rel=\"noopener noreferrer\">Mojsije zagovornik<\/a><\/li>\n<\/ul>\n\n\n\n<h6 class=\"wp-block-heading\"> <strong>13) 29. 11.  i 1. 12. 22.<\/strong> <a href=\"https:\/\/amdg.ffrz.hr\/fti_tora\/fti_tora13_pnz.pdf\">Ponovljeni zakon (PDF)<\/a> * <a href=\"https:\/\/amdg.ffrz.hr\/fti_tora\/fti_tora13_pnz.ppt\">(PPT)<\/a><\/h6>\n\n\n\n<ul class=\"wp-block-list\">\n<li><a href=\"https:\/\/amdg.eu\/2012\/10\/knjiga-ponovoljenog-zakona\/\" target=\"_blank\" rel=\"noopener noreferrer\">Prikaz prema G. Brauliku<\/a>&nbsp;<\/li>\n\n\n\n<li><a href=\"https:\/\/amdg.ffrz.hr\/?p=2320\" target=\"_blank\" rel=\"noopener noreferrer\">Mojsije \u2013 uzor budu\u0107ega proroka (Pnz 18,15-18)<\/a><\/li>\n\n\n\n<li><a href=\"https:\/\/amdg.ffrz.hr\/?p=2569\" target=\"_blank\" rel=\"noopener noreferrer\">Mojsije u Starom zavjetu<\/a><\/li>\n<\/ul>\n\n\n\n<h6 class=\"wp-block-heading\"><strong>14) 6. 12. 22.<\/strong> <a href=\"https:\/\/amdg.ffrz.hr\/fti_tora\/fti_tora14_josua.pdf\">Jo\u0161ua u Petoknji\u017eju; Jo\u0161ua: Dovr\u0161etak velikoga puta (PDF)<\/a> * <a href=\"https:\/\/amdg.ffrz.hr\/fti_tora\/fti_tora14_josua.ppt\">(PPT)<\/a><\/h6>\n\n\n\n<ul class=\"wp-block-list\">\n<li><a href=\"https:\/\/amdg.ffrz.hr\/olimp\/joshua.pdf\" target=\"_blank\" rel=\"noreferrer noopener\">Ratnik i molitelj (.pdf)<\/a>&nbsp;<\/li>\n\n\n\n<li><a href=\"https:\/\/amdg.eu\/2015\/03\/josua-ratnik-izl-17\/\" target=\"_blank\" rel=\"noopener noreferrer\">Jo\u0161ua, ratnik u Izl 17<\/a><\/li>\n\n\n\n<li><a href=\"https:\/\/amdg.ffrz.hr\/sz\/josua_tora.htm\">Jo\u0161ua u Petoknji\u017eju (natuknice)<\/a><\/li>\n<\/ul>\n\n\n\n<h6 class=\"wp-block-heading\">8. 12. 22. Bezgrje\u0161no Za\u010de\u0107e <\/h6>\n\n\n\n<h6 class=\"wp-block-heading\"><strong>15) 13. 12. 22.<\/strong> <a href=\"https:\/\/amdg.ffrz.hr\/fti_tora\/fti_tora15_suci.pdf\" target=\"_blank\" rel=\"noreferrer noopener\">Zajednica u Obe\u0107anoj zemlji \u2013 Knjiga o Sucima; Debora; Gideon (PDF)<\/a> *&nbsp;<a href=\"https:\/\/amdg.ffrz.hr\/fti_tora\/fti_tora15_suci.ppt\" target=\"_blank\" rel=\"noreferrer noopener\">(PPT)<\/a><\/h6>\n\n\n\n<p><strong><a href=\"https:\/\/amdg.ffrz.hr\/?p=5754\">Karlo \u0160poljari\u0107: Prikaz Samsonovog lika u Knjizi o Sucima (Suci 13-16)<\/a> * <a href=\"https:\/\/amdg.ffrz.hr\/wp-content\/uploads\/Samson-prez.pdf\">Pregled (prezentacija &#8211; PDF)<\/a><\/strong><\/p>\n\n\n\n<ul class=\"wp-block-list\">\n<li><a href=\"https:\/\/amdg.eu\/2013\/09\/debora-sutkinja-vjernica\/\" target=\"_blank\" rel=\"noreferrer noopener\">Debora \u2013 sutkinja vjernica<\/a><\/li>\n\n\n\n<li><a href=\"https:\/\/amdg.ffrz.hr\/?p=2964\" target=\"_blank\" rel=\"noreferrer noopener\">Neuspjelo zvanje?<\/a>&nbsp;<\/li>\n\n\n\n<li>&nbsp;<a href=\"https:\/\/amdg.ffrz.hr\/politika\/polit09_abimelek_emanuel.pdf\">Abimelek, sin Gideonov, \u2013 prvi kralj? (Suci 9) (PDF)<\/a>&nbsp;*&nbsp;<a href=\"https:\/\/amdg.ffrz.hr\/politika\/polit09_abimelek_emanuel.ppt\" target=\"_blank\" rel=\"noreferrer noopener\">(.PPT)<\/a>&nbsp;<\/li>\n\n\n\n<li><a href=\"https:\/\/amdg.eu\/2013\/01\/nepoznata-vjernica\/\" target=\"_blank\" rel=\"noopener noreferrer\">Nepoznata vjernica<\/a>&nbsp;<\/li>\n\n\n\n<li><a href=\"https:\/\/amdg.ffrz.hr\/?p=164\" target=\"_blank\" rel=\"noreferrer noopener\">Samsonov duhovni put (Suci 13-16<\/a><\/li>\n\n\n\n<li>Pogledajte:\n<ul class=\"wp-block-list\">\n<li><a href=\"https:\/\/youtu.be\/NYNW-Qjn-vE\">Debora &#8211; sutkinja i proro\u010dica<\/a><\/li>\n\n\n\n<li><a href=\"https:\/\/youtu.be\/iJcqWtW6LVk\">Gideon<\/a><\/li>\n\n\n\n<li><a href=\"https:\/\/youtu.be\/GRUpSaHwSt4\">Manoah i njegova \u017eena<\/a><\/li>\n<\/ul>\n<\/li>\n\n\n\n<li>Poslu\u0161ajte:\n<ul class=\"wp-block-list\">\n<li><a href=\"https:\/\/amdg.ffrz.hr\/amdg_aiv\/sz\/sz28_abimelek.mp3\">Abimelek \u2013 prvi kralj? (Suci 9)<\/a><\/li>\n\n\n\n<li><a href=\"https:\/\/amdg.ffrz.hr\/amdg_aiv\/sz\/sz29_abimelek2.mp3\">Pozadina i zna\u010denje Abimelekova kraljevanja (Suci 9)<\/a><\/li>\n<\/ul>\n<\/li>\n<\/ul>\n\n\n\n<h6 class=\"wp-block-heading\"><strong>16) 15. 12. 22.<\/strong> <a href=\"https:\/\/amdg.ffrz.hr\/fti_tora\/fti_tora16_sam.pdf\" target=\"_blank\" rel=\"noreferrer noopener\">Knjige o Samuelu (PDF)<\/a> * <a href=\"https:\/\/amdg.ffrz.hr\/fti_tora\/fti_tora16_sam.ppt\">(PPT)<\/a><\/h6>\n\n\n\n<p><a href=\"https:\/\/amdg.ffrz.hr\/?p=5751\"><strong>Josip Sari\u0107: Prorok G\u00e2d<\/strong><\/a><\/p>\n\n\n\n<ul class=\"wp-block-list\">\n<li><a href=\"https:\/\/amdg.ffrz.hr\/?p=2340\" target=\"_blank\" rel=\"noopener noreferrer\">Ana, majka velikoga proroka<\/a><\/li>\n\n\n\n<li><a href=\"https:\/\/amdg.eu\/2013\/11\/plodonosan-zavjet\/\" target=\"_blank\" rel=\"noopener noreferrer\">Plodonosan zavjet majke Ane (1 Sam 1s)<\/a><\/li>\n\n\n\n<li><strong>Pogledajte: <\/strong><a href=\"https:\/\/youtu.be\/9msmEUlppNY\">Ana, majka Samuelova<\/a><\/li>\n\n\n\n<li><a href=\"https:\/\/amdg.ffrz.hr\/?p=2396\" target=\"_blank\" rel=\"noreferrer noopener\">Sve\u0107enik Eli&nbsp;<\/a><\/li>\n\n\n\n<li><a href=\"https:\/\/amdg.ffrz.hr\/?p=2402\" target=\"_blank\" rel=\"noreferrer noopener\">Samuelovo zvanje<\/a><\/li>\n\n\n\n<li><strong>Pogledajte:<\/strong> <a href=\"https:\/\/youtu.be\/hjMmH0JLAG4\">Zvanje proroka Samuela<\/a><\/li>\n\n\n\n<li><a href=\"https:\/\/amdg.ffrz.hr\/olimp\/david.pdf\">Pobijedi Golijata! (.pdf)<\/a><\/li>\n\n\n\n<li><a href=\"https:\/\/amdg.ffrz.hr\/?p=245\" target=\"_blank\" rel=\"noreferrer noopener\">Nepoznati prorok G\u00e2d<\/a><\/li>\n<\/ul>\n\n\n\n<h6 class=\"wp-block-heading\"><strong>17) 20. 12. 22.<\/strong> <a href=\"https:\/\/amdg.ffrz.hr\/fti_tora\/fti_tora13_kr.pdf\" target=\"_blank\" rel=\"noreferrer noopener\">Knjige o kraljevima (PDF)<\/a> * <a href=\"https:\/\/amdg.ffrz.hr\/fti_tora\/fti_tora13_kr.ppt\">(PPT)<\/a><\/h6>\n\n\n\n<p><a href=\"https:\/\/amdg.ffrz.hr\/?p=5779\"><strong>Ivan Bo\u0161njak: Proro\u010dica Hulda \u2013 slu\u017ebenica Bo\u017eje rije\u010di<\/strong><\/a><\/p>\n\n\n\n<p><a href=\"https:\/\/amdg.ffrz.hr\/?p=5814\"><a href=\"https:\/\/amdg.ffrz.hr\/?p=5814\"><strong>s. M. Antonela Pavi\u0107i\u0107: Ilija \u2013 pre\u017eivjeli prorok<\/strong><\/a><\/a><\/p>\n\n\n\n<ul class=\"wp-block-list\">\n<li><a href=\"https:\/\/amdg.eu\/2012\/04\/kraljevska-molitva\/\" target=\"_blank\" rel=\"noopener noreferrer\">Kraljevska molitva (1 Kr 3,6\u20139; 2 Ljet 1,8\u201310) &#8211; tekst i audio<\/a>&nbsp;<\/li>\n\n\n\n<li><a href=\"https:\/\/amdg.eu\/2013\/04\/tri-kralja-u-starom-zavjetu\/\" target=\"_blank\" rel=\"noopener noreferrer\">Tri kralja u Starom zavjetu <\/a><\/li>\n\n\n\n<li><a title=\"Prorok pred svojim Gospodinom\" href=\"https:\/\/amdg.eu\/2012\/03\/prorok-pred-svojim-gospodinom\/\" target=\"_blank\" rel=\"noopener noreferrer\">Prorok pred svojim Gospodinom<\/a><\/li>\n\n\n\n<li><a href=\"https:\/\/amdg.ffrz.hr\/?p=2257\" target=\"_blank\" rel=\"noopener noreferrer\">Elizej &#8211; \u010dudotvorac i u\u010ditelj<\/a>&nbsp;<\/li>\n\n\n\n<li><a href=\"https:\/\/amdg.ffrz.hr\/?p=2415\" target=\"_blank\" rel=\"noopener noreferrer\">Mihej ben Jimla<\/a><\/li>\n\n\n\n<li>usp. <a href=\"https:\/\/amdg.ffrz.hr\/fti_tora\/fti_tora12_david_salomon.ppt\">Salomonova molitva za mudrost (PPT)<\/a><\/li>\n<\/ul>\n\n\n\n<h6 class=\"wp-block-heading\">18) 10. 1. 23. <a href=\"https:\/\/amdg.ffrz.hr\/fti_tora\/fti_tora18_ljet.pdf\" target=\"_blank\" rel=\"noreferrer noopener\">Knjige Ljetopisa (PDF)<\/a> * <a href=\"https:\/\/amdg.ffrz.hr\/fti_tora\/fti_tora18_ljet.ppt\">(PPT)<\/a> *<\/h6>\n\n\n\n<ul class=\"wp-block-list\">\n<li><a href=\"https:\/\/amdg.ffrz.hr\/?p=2425\" target=\"_blank\" rel=\"noreferrer noopener\">Knjige Ljetopisa<\/a><\/li>\n<\/ul>\n\n\n\n<h6 class=\"wp-block-heading\"><strong>19)<\/strong> <a href=\"https:\/\/amdg.ffrz.hr\/fti_tora\/fti_tora19_ezr1_6.pdf\" target=\"_blank\" rel=\"noreferrer noopener\">Obnova \u017drtvenika i Hrama u Ezr 1-6 (PDF)<\/a><strong> *<\/strong><a href=\"https:\/\/amdg.ffrz.hr\/fti_tora\/fti_tora19_ezr1_6.ppt\"> (PPT)<\/a><\/h6>\n\n\n\n<ul class=\"wp-block-list\">\n<li><a href=\"https:\/\/amdg.ffrz.hr\/?p=2439\" target=\"_blank\" rel=\"noreferrer noopener\">Knjiga Ezrina<\/a>&nbsp;<\/li>\n<\/ul>\n\n\n\n<h6 class=\"wp-block-heading\">20) 12. 1. 23. <a href=\"https:\/\/amdg.ffrz.hr\/fti_tora\/fti_tora20_ezr7_10.pdf\" target=\"_blank\" rel=\"noreferrer noopener\">Lik Ezre u Ezr 7-10 (PDF)<\/a> * (<a href=\"https:\/\/amdg.ffrz.hr\/fti_tora\/fti_tora20_ezr7_10.ppt\">PPT<\/a>)<\/h6>\n\n\n\n<ul class=\"wp-block-list\">\n<li><a title=\"Ezra i nov po\u010detak\" href=\"https:\/\/amdg.ffrz.hr\/?p=638\" target=\"_blank\" rel=\"noopener noreferrer\">Ezra &#8211; sve\u0107enik i pismoznanac <\/a><\/li>\n\n\n\n<li><a title=\"Ezra i nov po\u010detak\" href=\"https:\/\/amdg.eu\/ezra-i-nov-pocetak\/\">Ezra i nov po\u010detak<\/a><span style=\"color: #808080;\">&nbsp; <\/span><\/li>\n<\/ul>\n\n\n\n<h6 class=\"wp-block-heading\">21) 17. 1. 23. <a href=\"https:\/\/amdg.ffrz.hr\/fti_tora\/fti_tora21_neh.pdf\" target=\"_blank\" rel=\"noreferrer noopener\">Nehemija &#8211; obnovitelj zidina (PDF)<\/a> * (<a href=\"https:\/\/amdg.ffrz.hr\/fti_tora\/fti_tora21_neh.ppt\">PPT<\/a>) <\/h6>\n\n\n\n<ul class=\"wp-block-list\">\n<li><a href=\"https:\/\/amdg.ffrz.hr\/?p=645\" target=\"_blank\" rel=\"noopener noreferrer\">Nehemija &#8211; graditelj jeruzalemskih zidina<\/a><\/li>\n\n\n\n<li><a href=\"https:\/\/amdg.eu\/2014\/05\/uspjesan-socijalni-reformator-nehemija-neh-5\/\" target=\"_blank\" rel=\"noopener noreferrer\">Uspje\u0161an socijalni reformator Nehemija (Neh 5)<\/a> *<\/li>\n\n\n\n<li><a href=\"https:\/\/amdg.eu\/2014\/05\/nehemija-graditelj-i-sv-josip\/\" target=\"_blank\" rel=\"noopener noreferrer\">Nehemija, graditelj i sv. Josip<\/a> *<\/li>\n\n\n\n<li><a href=\"https:\/\/amdg.eu\/2012\/11\/obnovitelj-nehemija\/\" target=\"_blank\" rel=\"noopener noreferrer\">Obnovitelj Nehemija<\/a>&nbsp;<\/li>\n\n\n\n<li>Poslu\u0161ajte: <a href=\"https:\/\/amdg.eu\/2018\/10\/nehemija-voditelj-naroda\/\" target=\"_blank\" rel=\"noopener noreferrer\">Nehemija, voditelj naroda<\/a><\/li>\n<\/ul>\n\n\n\n<h6 class=\"wp-block-heading\"><a href=\"https:\/\/amdg.ffrz.hr\/fti_tora\/fti_tora18_tob.pdf\" target=\"_blank\" rel=\"noreferrer noopener\">Knjiga o Tobiji (PDF<\/a><strong>) * <\/strong><a href=\"https:\/\/amdg.ffrz.hr\/fti_tora\/fti_tora18_tob.ppt\">(PPT)<\/a><\/h6>\n\n\n\n<ul class=\"wp-block-list\">\n<li><a href=\"https:\/\/amdg.eu\/2014\/05\/tobija-i-sara\/\" target=\"_blank\" rel=\"noreferrer noopener\">Tobija i Sara. Suvremena problematika u deuterokanonskoj knjizi<\/a><\/li>\n<\/ul>\n\n\n\n<h6 class=\"wp-block-heading\"><a href=\"https:\/\/amdg.ffrz.hr\/fti_tora\/fti_tora19_jdt_est_mak.pdf\" target=\"_blank\" rel=\"noreferrer noopener\">Estera &#8211; \u017didovka, perzijska kraljica (PDF)<\/a> *&nbsp;<a href=\"https:\/\/amdg.ffrz.hr\/fti_tora\/fti_tora19_jdt_est_mak.ppt\">(PPT)<\/a><\/h6>\n\n\n\n<ul id=\"block-75f68ee3-43de-4078-ad98-59de1b43614f\" class=\"wp-block-list\">\n<li><a href=\"https:\/\/amdg.ffrz.hr\/?p=2496\" target=\"_blank\" rel=\"noreferrer noopener\">Estera \u2013 siro\u010de i kraljica<\/a><\/li>\n\n\n\n<li><a href=\"https:\/\/amdg.eu\/2013\/05\/velika-molitva-kraljice-estere\/\" target=\"_blank\" rel=\"noreferrer noopener\">Velika molitva kraljice Estere<\/a>&nbsp;<\/li>\n\n\n\n<li><a href=\"https:\/\/amdg.ffrz.hr\/amdg_aiv\/estera.mp3\" target=\"_blank\" rel=\"noreferrer noopener\">Poslu\u0161ajte! Estera<\/a><\/li>\n<\/ul>\n\n\n\n<h6 class=\"wp-block-heading\">22) 24. 1. 23. <a href=\"https:\/\/amdg.ffrz.hr\/fti_tora\/fti_tora22_mak.pdf\" target=\"_blank\" rel=\"noreferrer noopener\">Knjige o Makabejcima (PDF)<\/a>&nbsp;*&nbsp;<a href=\"https:\/\/amdg.ffrz.hr\/fti_tora\/fti_tora22_mak.ppt\">(PPT)<\/a><\/h6>\n\n\n\n<p><\/p>\n\n\n\n<h6 class=\"wp-block-heading\">23) 26. 1. 23. <a href=\"https:\/\/amdg.ffrz.hr\/fti_tora\/fti_tora23_jdt.pdf\" target=\"_blank\" rel=\"noreferrer noopener\">Knjiga o Juditi \u2013 paradigma za \u010ditanje SZ (PDF)<\/a> *&nbsp;<a href=\"https:\/\/amdg.ffrz.hr\/fti_tora\/fti_tora23_jdt.ppt\">(PPT)<\/a><\/h6>\n\n\n\n<ul class=\"wp-block-list\">\n<li><a href=\"https:\/\/amdg.eu\/2014\/03\/judita\/\" target=\"_blank\" rel=\"noopener noreferrer\">Judita \u2013 Biblijski put Judite, spasiteljice<\/a>&nbsp;<\/li>\n\n\n\n<li><a href=\"https:\/\/amdg.ffrz.hr\/olimp\/judita_olimp.pdf\" target=\"_blank\" rel=\"noopener noreferrer\">\u017denska ruka (.pdf)<\/a> *<\/li>\n\n\n\n<li><a href=\"https:\/\/amdg.eu\/2015\/05\/juditina-velika-molitva-jdt-9\/\" target=\"_blank\" rel=\"noopener noreferrer\">Juditina velika molitva (Jdt 9)<\/a><\/li>\n\n\n\n<li>usp. <a href=\"https:\/\/amdg.ffrz.hr\/?p=2461\" target=\"_blank\" rel=\"noopener noreferrer\">Spasonosna Bo\u017eja pobjeda<\/a><\/li>\n\n\n\n<li>Pogledajte: <a href=\"https:\/\/youtu.be\/SpY0T8Cota8\" target=\"_blank\" rel=\"noopener noreferrer\">Judita na HTV, 1.12.2013.<\/a><\/li>\n\n\n\n<li>Pogledajte: <a href=\"https:\/\/youtu.be\/aySebypvRjA\" target=\"_blank\" rel=\"noopener noreferrer\">Judita, spasiteljica naroda na TV<\/a><\/li>\n\n\n\n<li>Pogledajte: <a href=\"https:\/\/youtu.be\/p6zgE5LsHaA?list=PLgrvM2s1LQ_cNxudMHmJI3BnrTK0DG9rQ\">Knjiga o Juditi<\/a><\/li>\n\n\n\n<li>Pogledajte: <a href=\"https:\/\/youtu.be\/MWkUlb7_jbQ\" target=\"_blank\" rel=\"noreferrer noopener\">Juditina velika molitva<\/a><\/li>\n<\/ul>\n\n\n\n<h4 class=\"wp-block-heading\">Za one koji \u017eele vi\u0161e:<\/h4>\n\n\n\n<h6 class=\"wp-block-heading\"><a href=\"https:\/\/amdg.ffrz.hr\/tora\/osnovica10_Tora_5_pov.pdf\"><em>Bo\u017eji Zakon<\/em> u Petoknji\u017eju i u Povijesnim knjigama (PDF)<\/a> * (<a href=\"https:\/\/amdg.ffrz.hr\/tora\/osnovica10_Tora_5_pov.ppt\">PPT<\/a>)<\/h6>\n\n\n\n<ul class=\"wp-block-list\">\n<li>Poslu\u0161ajte: <a href=\"https:\/\/amdg.ffrz.hr\/tora\/Zakon_Petoknjizje_Josua.mp3\"><em>Bo\u017eji Zakon<\/em> u Petoknji\u017eju i kod Jo\u0161ue (.mp3; 26:06min.) <\/a><\/li>\n\n\n\n<li>Poslu\u0161ajte: <a href=\"https:\/\/amdg.ffrz.hr\/tora\/Zakon_u_Povijesnim.mp3\"><em>Bo\u017eji Zakon<\/em> u Povijesnim knjigama (.mp3; 28:14 min.)<\/a>&nbsp;<\/li>\n<\/ul>\n\n\n\n<p><a href=\"https:\/\/amdg.ffrz.hr\/fti_tora\/fti_tora03_evolucija_kajin.pdf\">Evolucija na po\u010detku Biblije?<\/a> * <a href=\"https:\/\/amdg.ffrz.hr\/fti_tora\/fti_tora03_evolucija_kajin.ppt\">(PPT)<\/a> * <a rel=\"noreferrer noopener\" aria-label=\" (otvara se u novoj kartici)\" href=\"https:\/\/amdg.eu\/2012\/03\/eva-zena\/\" target=\"_blank\">Eva \u2013 \u017eena<\/a><\/p>\n\n\n\n<p><a href=\"https:\/\/amdg.ffrz.hr\/fti_tora\/fti_tora21_jakovmoli.pdf\">Egzistencijalna molitva praoca Jakova (PDF)<\/a> * <a href=\"https:\/\/amdg.ffrz.hr\/fti_tora\/fti_tora21_jakovmoli.ppt\">(PPT)<\/a> * <a href=\"https:\/\/amdg.eu\/2012\/03\/jakovljeva-molitva\/\" target=\"_blank\" rel=\"noreferrer noopener\" aria-label=\" (otvara se u novoj kartici)\">Jakovljeva molitva (Post 32,10-13)<\/a> * <a href=\"https:\/\/amdg.ffrz.hr\/amdg_aiv\/sz\/sz10_jakovljevamolitva.mp3\">Poslu\u0161ajte: Egzistencijalna molitva patrijarha Jakova<\/a><\/p>\n\n\n\n<p><a href=\"https:\/\/amdg.ffrz.hr\/fti_tora\/fti_tora22a_melkisedek.pdf\">Melkisedek \u2013 prasve\u0107enik (Post 14,17-24) (PDF)<\/a> * <a href=\"https:\/\/amdg.ffrz.hr\/fti_tora\/fti_tora22a_melkisedek.ppt\">(PPT)<\/a> * <a aria-label=\" (otvara se u novoj kartici)\" href=\"https:\/\/amdg.eu\/2012\/03\/svecenik-melkisedek\/\" target=\"_blank\" rel=\"noreferrer noopener\">Sve\u0107enik Melkisedek<\/a> * <\/p>\n\n\n\n<p><a href=\"https:\/\/amdg.ffrz.hr\/fti_tora\/fti_tora24_dekalog.pdf\">Deset zapovijedi \u2013 sadr\u017eaj i kontekst (PDF)<\/a> * <a href=\"https:\/\/amdg.ffrz.hr\/fti_tora\/fti_tora24_dekalog.ppt\">(PPT)<\/a> * <a rel=\"noreferrer noopener\" aria-label=\" (otvara se u novoj kartici)\" href=\"https:\/\/amdg.eu\/2012\/10\/rijeci-koje-je-bog-izgovorio\/\" target=\"_blank\">Rije\u010di koje je Bog izgovorio<\/a> * Pogledajte: <a href=\"https:\/\/youtu.be\/MhCbL9rSxX0\">Deset zapovijedi<\/a><\/p>\n\n\n\n<p><a href=\"https:\/\/amdg.ffrz.hr\/fti_tora\/fti_tora26_benjimla_ilija_hulda.pdf\">Mihej, sin Jimlin; Poka\u017ei pravo lice!; Hulda iz Jeruzalema tuma\u010di Bo\u017eje rije\u010di (PDF)<\/a> * <a href=\"https:\/\/amdg.ffrz.hr\/fti_tora\/fti_tora26_benjimla_ilija_hulda.ppt\">(PPT)<\/a> * <a aria-label=\" (otvara se u novoj kartici)\" href=\"https:\/\/amdg.ffrz.hr\/?p=2430\" target=\"_blank\" rel=\"noreferrer noopener\">Hulda iz Jeruzalema govori Bo\u017eje rije\u010di<\/a><\/p>\n\n\n\n<h6 class=\"wp-block-heading\"><strong><a href=\"https:\/\/amdg.ffrz.hr\/tora\/osnovica02_savez.pdf\">Savez kao polazi\u0161te (PDF)<\/a> * <a href=\"https:\/\/amdg.ffrz.hr\/tora\/osnovica02_savez.ppt\">(PPT)<\/a>\u00a0<\/strong><\/h6>\n\n\n\n<ul class=\"wp-block-list\">\n<li><a href=\"https:\/\/amdg.eu\/2013\/04\/savez-ili-zavjet\/\">Savez ili zavjet<\/a>&nbsp;<\/li>\n\n\n\n<li><a href=\"https:\/\/amdg.eu\/2012\/03\/prvi-savez\/\">Prvi Savez<\/a><\/li>\n\n\n\n<li><a href=\"https:\/\/amdg.ffrz.hr\/?p=2353\" target=\"_blank\" rel=\"noopener noreferrer\">Savez srca u Jr 31<\/a><\/li>\n\n\n\n<li><a href=\"https:\/\/amdg.eu\/2013\/04\/zivo-srce\/\">\u017divo srce (Ez 36,22\u201328)<\/a><\/li>\n\n\n\n<li>Poslu\u0161ajte: <a href=\"https:\/\/amdg.ffrz.hr\/amdg_aiv\/savez.mp3\">Teologija Saveza<\/a><\/li>\n\n\n\n<li>Pogledajte: <a href=\"https:\/\/youtu.be\/SEJMz1AuUSs\">Teologija Saveza (1)<\/a>&nbsp;<\/li>\n\n\n\n<li>Pogledajte: <a href=\"https:\/\/youtu.be\/r21TDTkhCLI\">Teologija Saveza (2)<\/a><\/li>\n<\/ul>\n\n\n\n<h6 class=\"wp-block-heading\"><a href=\"https:\/\/amdg.ffrz.hr\/tora\/osnovica09_proroci.pdf\">Izvori biblijskoga proro\u0161tva (PDF) <\/a>* <a href=\"https:\/\/amdg.ffrz.hr\/tora\/osnovica09_proroci.ppt\">(PPT)<\/a><\/h6>\n\n\n\n<ul class=\"wp-block-list\">\n<li><a href=\"https:\/\/amdg.eu\/2012\/05\/izvorni-nacrt-prorostva\/\" target=\"_blank\" rel=\"noopener noreferrer\">Izvorni nacrt proro\u0161tva u Pnz 18,15\u201322<\/a><\/li>\n\n\n\n<li><a href=\"https:\/\/amdg.eu\/2013\/11\/abraham-prorok\/\" target=\"_blank\" rel=\"noopener noreferrer\">Abraham, prorok (Post 20)<\/a> *<\/li>\n\n\n\n<li><a href=\"https:\/\/amdg.ffrz.hr\/?p=239\" target=\"_blank\" rel=\"noopener noreferrer\">Proro\u010dica Mirjam (Izl 15)<\/a><\/li>\n\n\n\n<li><a href=\"https:\/\/amdg.ffrz.hr\/?p=2320\" target=\"_blank\" rel=\"noopener noreferrer\">Mojsije, prorok<\/a>&nbsp;<\/li>\n\n\n\n<li><a href=\"https:\/\/youtu.be\/2_iahvLLZdI\" target=\"_blank\" rel=\"noopener noreferrer\">Pogledajte: Biblijski fenomen proro\u0161tva (1. dio)<\/a> *<\/li>\n\n\n\n<li><a href=\"https:\/\/youtu.be\/oIc4lekgr-0\" target=\"_blank\" rel=\"noopener noreferrer\">Pogledajte: Biblijski fenomen proro\u0161tva (2. dio)<\/a><\/li>\n<\/ul>\n\n\n\n<h6 class=\"wp-block-heading\"><a href=\"https:\/\/amdg.ffrz.hr\/wp-content\/uploads\/osnovica10_vjera.pdf\">Vjera u Petoknji\u017eju, vjera u Bibliji (PDF)<\/a> * (<a href=\"http:\/\/amdg.ffrz.hr\/tora\/osnovica10_vjera.ppt\">PPT<\/a>)<\/h6>\n\n\n\n<ul class=\"wp-block-list\">\n<li>Poslu\u0161ajte: <a href=\"http:\/\/amdg.eu\/2019\/12\/vjera-u-petoknjizju\/\" target=\"_blank\" rel=\"noopener noreferrer\">Vjera u Petoknji\u017eju<\/a><\/li>\n<\/ul>\n\n\n\n<p><a href=\"https:\/\/amdg.ffrz.hr\/?page_id=5359\">Pregled prija\u0161nje nastave<\/a><\/p>\n\n\n\n<h3 class=\"wp-block-heading\">PREGLED LITERATURE<\/h3>\n\n\n\n<p>1. <strong>primarna<\/strong> literatura: tekst Svetog pisma s uvidom u hebr. odnosno gr\u010d. izvornik. Za studij je najprikladnije izdanje &#8220;Jeruzalemska Biblija&#8221; jer donosi podjelu s teksta s dodanim podnaslovima, popratne uvode i bilje\u0161ke i unutarbiblijske veze.<\/p>\n\n\n\n<p><a href=\"https:\/\/www.ks.hr\/biblica\/9010770-torah-pentateuh-petoknjizje-uvod-u-knjige-petoknjizja-i-u-pitanja-nastanka-pentateuha.html\">2. Anto Popovi\u0107, \u05ea\u05bc\u05d5\u05b9\u05e8\u05b8\u05d4 &#8211; Torah &#8211; Pentateuh \u2013 Petoknji\u017eje (Uvod u knjige Staroga zavjeta 1), KS, Zagreb 2012.<\/a><\/p>\n\n\n\n<p><a href=\"https:\/\/www.ks.hr\/biblica\/9010810-povijesne-knjige.html\">Anto Popovi\u0107, Povijesne knjige (Uvod u knjige Staroga zavjeta 2), KS, Zagreb 2015.<\/a><\/p>\n\n\n\n<p><a href=\"https:\/\/amdg.eu\/2012\/10\/rp5100-literatura\/\">Ostalo (literatura):<\/a><\/p>\n\n\n\n<h3 class=\"wp-block-heading\">Upute za ispit:<\/h3>\n\n\n\n<p>Studij Svetoga pisma uvijek je osobni duhovni put, pa je tako i na ovom predmetu: <em>Petoknji\u017eje i Povijesne knjige<\/em>.<\/p>\n\n\n\n<p>Za pristup zavr\u0161nom ispitu potrebno je sudjelovanje u nastavi (ili mentorski studij), osobni studij, precizno poznavanje biblijskoga teksta i uvid u stru\u010dnu literaturu.<\/p>\n\n\n\n<p>Za ispit studenti mogu po vlastitom izboru odabrati po jednu klju\u010dnu knjigu iz ove dvije skupine koju \u0107e do u potankosti prou\u010diti: <strong>(1.)<\/strong> Iz Petoknji\u017eja bilo koju, <strong>(2.)<\/strong> iz Povijesnih: ili J\u0161 ili Suci ili Sam ili Kr ili Ljet. Osim toga, tako\u0111er prema osobnom odabiru, treba za usmeni ispit spremiti kako je u Petoknji\u017eju i Povijesnim knjigama prikazan <strong>(3.)<\/strong> jedan lik ili jedna tema, paze\u0107i na formu teksta, sadr\u017eaj i napokon aktualnu teolo\u0161ku poruku.<\/p>\n\n\n\n<p>Zahvaljuju\u0107i vrijednom autoru uz sam sveti tekst kako primarnu literaturu za ovaj predmet imamo na raspolaganju sveobuhvatan ud\u017ebenik u dva sveska (Anto Popovi\u0107, <em>Torah \u2013 Pentateuh \u2013 Petoknji\u017eje<\/em>, KS 2012.; <em>Povijesne knjige<\/em>, KS 2015.). U osobnom istra\u017eivanju za odabranu biblijsku knjigu dobro je potra\u017eiti stru\u010dni biblijski Komentar, a uz lik ili temu odgovaraju\u0107u teolo\u0161ku knjigu ili \u010dlanak.<\/p>\n\n\n\n<p>Radi didaktike izabrane knjige student mo\u017ee spremiti jednu kao za rad <em>s djecom<\/em>, a drugu za rad sa <em>studentima<\/em>. Lik ili tema mogu biti pripravljeni kao prikaz na <em>znanstvenom simpoziju<\/em>. Na ispitu se mo\u017ee imati osobni primjerak Svetog pisma i vlastite bilje\u0161ke.<\/p>\n\n\n\n<blockquote class=\"wp-block-quote is-layout-flow wp-block-quote-is-layout-flow\">\n<p class=\"has-large-font-size\"><a href=\"https:\/\/amdg.ffrz.hr\/fti_tora\/ispiti_tbl_FTI.doc\"><strong>Ispiti &#8211; zimski ispitni rok<\/strong><\/a><\/p>\n\n\n\n<ul class=\"wp-block-list\">\n<li><a href=\"https:\/\/amdg.ffrz.hr\/fti_tora\/ispiti_pon301.pdf\">ponedjeljak, 30. sije\u010dnja 2023 od 8:30 do 12:10 Jordanovac; <br>od 15:30 do 17:30 Palmoti\u0107eva (ulaz Dra\u0161kovi\u0107eva 54)<\/a><\/li>\n\n\n\n<li><a href=\"https:\/\/amdg.ffrz.hr\/fti_tora\/ispiti_uto311.pdf\">utorak, 31. sije\u010dnja 2023. od 8:30 do 12:10, Jordanovac; <br>od 15:30 do 17:30 Palmoti\u0107eva (ulaz: Dra\u0161kovi\u0107eva 54)<\/a><\/li>\n\n\n\n<li><a href=\"https:\/\/amdg.ffrz.hr\/fti_tora\/ispiti_pet32.pdf\">petak, 3. velja\u010de 2023. od 8:30 do 12:10 Jordanovac<\/a><\/li>\n\n\n\n<li><a href=\"https:\/\/amdg.ffrz.hr\/fti_tora\/ispiti_pon132\">ponedjeljak, 13. velja\u010de 2023 od 8:30 do 12:10 Jordanovac; <\/a><br><a href=\"https:\/\/amdg.ffrz.hr\/fti_tora\/ispiti_pon132\">od 15:30 do 17:30, Palmoti\u0107eva 34 (ulaz: Dra\u0161kovi\u0107eva 54)<\/a><\/li>\n\n\n\n<li><a href=\"https:\/\/amdg.ffrz.hr\/fti_tora\/ispiti_uto142.pdf\">utorak, 14. velja\u010de 2023 od 8:30 do 12:10 Jordanovac<br>ponedjeljak, 20. velja\u010de 2023. od 8:30 do 12:10 Jordanovac<\/a><\/li>\n<\/ul>\n\n\n\n<p>Konzultacije tijekom semestra vrijede kao&nbsp;<em>izvanredni ispitni rok<\/em>.<\/p>\n<\/blockquote>\n\n\n\n<p class=\"has-text-align-right\">doc. dr. sc. Niko Bili\u0107, SJ<br>niko.bilic@ffrz.unizg.hr<\/p>\n\n\n\n<figure class=\"wp-block-gallery has-nested-images columns-default is-cropped wp-block-gallery-1 is-layout-flex wp-block-gallery-is-layout-flex\">\n<figure class=\"wp-block-image size-large\"><img loading=\"lazy\" decoding=\"async\" width=\"724\" height=\"1024\" data-id=\"5794\" src=\"https:\/\/amdg.ffrz.hr\/wp-content\/uploads\/ispiti_tbl_FTI-page-001-724x1024.jpg\" alt=\"\" class=\"wp-image-5794\" srcset=\"https:\/\/amdg.ffrz.hr\/wp-content\/uploads\/ispiti_tbl_FTI-page-001-724x1024.jpg 724w, https:\/\/amdg.ffrz.hr\/wp-content\/uploads\/ispiti_tbl_FTI-page-001-212x300.jpg 212w, https:\/\/amdg.ffrz.hr\/wp-content\/uploads\/ispiti_tbl_FTI-page-001-768x1086.jpg 768w, https:\/\/amdg.ffrz.hr\/wp-content\/uploads\/ispiti_tbl_FTI-page-001-1086x1536.jpg 1086w, https:\/\/amdg.ffrz.hr\/wp-content\/uploads\/ispiti_tbl_FTI-page-001-1200x1697.jpg 1200w, https:\/\/amdg.ffrz.hr\/wp-content\/uploads\/ispiti_tbl_FTI-page-001.jpg 1240w\" sizes=\"auto, (max-width: 724px) 100vw, 724px\" \/><\/figure>\n\n\n\n<figure class=\"wp-block-image size-large\"><img loading=\"lazy\" decoding=\"async\" width=\"724\" height=\"1024\" data-id=\"5793\" src=\"https:\/\/amdg.ffrz.hr\/wp-content\/uploads\/ispiti_tbl_FTI-page-002-724x1024.jpg\" alt=\"\" class=\"wp-image-5793\" srcset=\"https:\/\/amdg.ffrz.hr\/wp-content\/uploads\/ispiti_tbl_FTI-page-002-724x1024.jpg 724w, https:\/\/amdg.ffrz.hr\/wp-content\/uploads\/ispiti_tbl_FTI-page-002-212x300.jpg 212w, https:\/\/amdg.ffrz.hr\/wp-content\/uploads\/ispiti_tbl_FTI-page-002-768x1086.jpg 768w, https:\/\/amdg.ffrz.hr\/wp-content\/uploads\/ispiti_tbl_FTI-page-002-1086x1536.jpg 1086w, https:\/\/amdg.ffrz.hr\/wp-content\/uploads\/ispiti_tbl_FTI-page-002-1200x1697.jpg 1200w, https:\/\/amdg.ffrz.hr\/wp-content\/uploads\/ispiti_tbl_FTI-page-002.jpg 1240w\" sizes=\"auto, (max-width: 724px) 100vw, 724px\" \/><\/figure>\n\n\n\n<figure class=\"wp-block-image size-large\"><img loading=\"lazy\" decoding=\"async\" width=\"724\" height=\"1024\" data-id=\"5792\" src=\"https:\/\/amdg.ffrz.hr\/wp-content\/uploads\/ispiti_tbl_FTI-page-003-724x1024.jpg\" alt=\"\" class=\"wp-image-5792\" srcset=\"https:\/\/amdg.ffrz.hr\/wp-content\/uploads\/ispiti_tbl_FTI-page-003-724x1024.jpg 724w, https:\/\/amdg.ffrz.hr\/wp-content\/uploads\/ispiti_tbl_FTI-page-003-212x300.jpg 212w, https:\/\/amdg.ffrz.hr\/wp-content\/uploads\/ispiti_tbl_FTI-page-003-768x1086.jpg 768w, https:\/\/amdg.ffrz.hr\/wp-content\/uploads\/ispiti_tbl_FTI-page-003-1086x1536.jpg 1086w, https:\/\/amdg.ffrz.hr\/wp-content\/uploads\/ispiti_tbl_FTI-page-003-1200x1697.jpg 1200w, https:\/\/amdg.ffrz.hr\/wp-content\/uploads\/ispiti_tbl_FTI-page-003.jpg 1240w\" sizes=\"auto, (max-width: 724px) 100vw, 724px\" \/><\/figure>\n\n\n\n<figure class=\"wp-block-image size-large\"><img loading=\"lazy\" decoding=\"async\" width=\"724\" height=\"1024\" data-id=\"5791\" src=\"https:\/\/amdg.ffrz.hr\/wp-content\/uploads\/ispiti_tbl_FTI-page-004-724x1024.jpg\" alt=\"\" class=\"wp-image-5791\" srcset=\"https:\/\/amdg.ffrz.hr\/wp-content\/uploads\/ispiti_tbl_FTI-page-004-724x1024.jpg 724w, https:\/\/amdg.ffrz.hr\/wp-content\/uploads\/ispiti_tbl_FTI-page-004-212x300.jpg 212w, https:\/\/amdg.ffrz.hr\/wp-content\/uploads\/ispiti_tbl_FTI-page-004-768x1086.jpg 768w, https:\/\/amdg.ffrz.hr\/wp-content\/uploads\/ispiti_tbl_FTI-page-004-1086x1536.jpg 1086w, https:\/\/amdg.ffrz.hr\/wp-content\/uploads\/ispiti_tbl_FTI-page-004-1200x1697.jpg 1200w, https:\/\/amdg.ffrz.hr\/wp-content\/uploads\/ispiti_tbl_FTI-page-004.jpg 1240w\" sizes=\"auto, (max-width: 724px) 100vw, 724px\" \/><\/figure>\n\n\n\n<figure class=\"wp-block-image size-large\"><img loading=\"lazy\" decoding=\"async\" width=\"724\" height=\"1024\" data-id=\"5790\" src=\"https:\/\/amdg.ffrz.hr\/wp-content\/uploads\/ispiti_tbl_FTI-page-005-724x1024.jpg\" alt=\"\" class=\"wp-image-5790\" srcset=\"https:\/\/amdg.ffrz.hr\/wp-content\/uploads\/ispiti_tbl_FTI-page-005-724x1024.jpg 724w, https:\/\/amdg.ffrz.hr\/wp-content\/uploads\/ispiti_tbl_FTI-page-005-212x300.jpg 212w, https:\/\/amdg.ffrz.hr\/wp-content\/uploads\/ispiti_tbl_FTI-page-005-768x1086.jpg 768w, https:\/\/amdg.ffrz.hr\/wp-content\/uploads\/ispiti_tbl_FTI-page-005-1086x1536.jpg 1086w, https:\/\/amdg.ffrz.hr\/wp-content\/uploads\/ispiti_tbl_FTI-page-005-1200x1697.jpg 1200w, https:\/\/amdg.ffrz.hr\/wp-content\/uploads\/ispiti_tbl_FTI-page-005.jpg 1240w\" sizes=\"auto, (max-width: 724px) 100vw, 724px\" \/><\/figure>\n<\/figure>\n\n\n\n<pre class=\"wp-block-preformatted\"><a href=\"http:\/\/bib.irb.hr\/prikazi-rad?rad=1050320\">CROSBI<\/a><\/pre>\n","protected":false},"excerpt":{"rendered":"<p>Biblijska egzegeza na studiju filozofije i teologije pri Filozofsko-teolo\u0161kom Institutu Dru\u017ebe Isusove, afiliranom Papinskom sveu\u010dili\u0161tu Gregoriana dr. Niko Bili\u0107, SJzimski semestar ak. g. 22.\/23., ECTS 6, mjesto: FFRZ, Jordanovac 110, dvorana P. Peter-Hans Kolvenbach SJ (P14): utorkom od 8:15 i \u010detvrtkom od 8:15, Stanje: 9. 2. 2023. Ispiti &#8211; zimski ispitni rok Studenti &#8211; profesori [&hellip;]<\/p>\n","protected":false},"author":1,"featured_media":0,"parent":0,"menu_order":0,"comment_status":"closed","ping_status":"closed","template":"","meta":{"footnotes":""},"class_list":["post-1981","page","type-page","status-publish","hentry"],"yoast_head":"<!-- This site is optimized with the Yoast SEO plugin v26.0 - https:\/\/yoast.com\/wordpress\/plugins\/seo\/ -->\n<title>Petoknji\u017eje i Povijesne knjige - Ad maiorem Dei gloriam<\/title>\n<meta name=\"robots\" content=\"index, follow, max-snippet:-1, max-image-preview:large, max-video-preview:-1\" \/>\n<link rel=\"canonical\" href=\"https:\/\/amdg.ffrz.hr\/?page_id=1981\" \/>\n<meta property=\"og:locale\" content=\"hr_HR\" \/>\n<meta property=\"og:type\" content=\"article\" \/>\n<meta property=\"og:title\" content=\"Petoknji\u017eje i Povijesne knjige - Ad maiorem Dei gloriam\" \/>\n<meta property=\"og:description\" content=\"Biblijska egzegeza na studiju filozofije i teologije pri Filozofsko-teolo\u0161kom Institutu Dru\u017ebe Isusove, afiliranom Papinskom sveu\u010dili\u0161tu Gregoriana dr. Niko Bili\u0107, SJzimski semestar ak. g. 22.\/23., ECTS 6, mjesto: FFRZ, Jordanovac 110, dvorana P. Peter-Hans Kolvenbach SJ (P14): utorkom od 8:15 i \u010detvrtkom od 8:15, Stanje: 9. 2. 2023. Ispiti &#8211; zimski ispitni rok Studenti &#8211; profesori [&hellip;]\" \/>\n<meta property=\"og:url\" content=\"https:\/\/amdg.ffrz.hr\/?page_id=1981\" \/>\n<meta property=\"og:site_name\" content=\"Ad maiorem Dei gloriam\" \/>\n<meta property=\"article:publisher\" content=\"https:\/\/www.facebook.com\/paterniko\" \/>\n<meta property=\"article:modified_time\" content=\"2025-09-26T07:31:31+00:00\" \/>\n<meta property=\"og:image\" content=\"https:\/\/amdg.ffrz.hr\/amdg_grafike\/svitak.jpg\" \/>\n<meta name=\"twitter:card\" content=\"summary_large_image\" \/>\n<meta name=\"twitter:label1\" content=\"Procijenjeno vrijeme \u010ditanja\" \/>\n\t<meta name=\"twitter:data1\" content=\"11 minuta\" \/>\n<script type=\"application\/ld+json\" class=\"yoast-schema-graph\">{\"@context\":\"https:\/\/schema.org\",\"@graph\":[{\"@type\":\"WebPage\",\"@id\":\"https:\/\/amdg.ffrz.hr\/?page_id=1981\",\"url\":\"https:\/\/amdg.ffrz.hr\/?page_id=1981\",\"name\":\"Petoknji\u017eje i Povijesne knjige - Ad maiorem Dei gloriam\",\"isPartOf\":{\"@id\":\"https:\/\/amdg.ffrz.hr\/#website\"},\"primaryImageOfPage\":{\"@id\":\"https:\/\/amdg.ffrz.hr\/?page_id=1981#primaryimage\"},\"image\":{\"@id\":\"https:\/\/amdg.ffrz.hr\/?page_id=1981#primaryimage\"},\"thumbnailUrl\":\"https:\/\/amdg.ffrz.hr\/amdg_grafike\/svitak.jpg\",\"datePublished\":\"2019-10-07T04:37:04+00:00\",\"dateModified\":\"2025-09-26T07:31:31+00:00\",\"breadcrumb\":{\"@id\":\"https:\/\/amdg.ffrz.hr\/?page_id=1981#breadcrumb\"},\"inLanguage\":\"hr\",\"potentialAction\":[{\"@type\":\"ReadAction\",\"target\":[\"https:\/\/amdg.ffrz.hr\/?page_id=1981\"]}]},{\"@type\":\"ImageObject\",\"inLanguage\":\"hr\",\"@id\":\"https:\/\/amdg.ffrz.hr\/?page_id=1981#primaryimage\",\"url\":\"https:\/\/amdg.ffrz.hr\/amdg_grafike\/svitak.jpg\",\"contentUrl\":\"https:\/\/amdg.ffrz.hr\/amdg_grafike\/svitak.jpg\"},{\"@type\":\"BreadcrumbList\",\"@id\":\"https:\/\/amdg.ffrz.hr\/?page_id=1981#breadcrumb\",\"itemListElement\":[{\"@type\":\"ListItem\",\"position\":1,\"name\":\"Po\u010detna stranica\",\"item\":\"https:\/\/amdg.ffrz.hr\/\"},{\"@type\":\"ListItem\",\"position\":2,\"name\":\"Petoknji\u017eje i Povijesne knjige\"}]},{\"@type\":\"WebSite\",\"@id\":\"https:\/\/amdg.ffrz.hr\/#website\",\"url\":\"https:\/\/amdg.ffrz.hr\/\",\"name\":\"Ad maiorem Dei gloriam\",\"description\":\"doc. dr. sc. Niko Bili\u0107:  nastava, duhovnost i cjelo\u017eivotno u\u010denje\",\"publisher\":{\"@id\":\"https:\/\/amdg.ffrz.hr\/#\/schema\/person\/a3d4a18838314f7054f7cdc4f4d45f4a\"},\"potentialAction\":[{\"@type\":\"SearchAction\",\"target\":{\"@type\":\"EntryPoint\",\"urlTemplate\":\"https:\/\/amdg.ffrz.hr\/?s={search_term_string}\"},\"query-input\":{\"@type\":\"PropertyValueSpecification\",\"valueRequired\":true,\"valueName\":\"search_term_string\"}}],\"inLanguage\":\"hr\"},{\"@type\":[\"Person\",\"Organization\"],\"@id\":\"https:\/\/amdg.ffrz.hr\/#\/schema\/person\/a3d4a18838314f7054f7cdc4f4d45f4a\",\"name\":\"Niko Bili\u0107 SJ\",\"image\":{\"@type\":\"ImageObject\",\"inLanguage\":\"hr\",\"@id\":\"https:\/\/amdg.ffrz.hr\/#\/schema\/person\/image\/\",\"url\":\"https:\/\/secure.gravatar.com\/avatar\/14c6ebb29114394312c36c8ab93231d11917870146d266275d4470c0b6c44b88?s=96&d=blank&r=g\",\"contentUrl\":\"https:\/\/secure.gravatar.com\/avatar\/14c6ebb29114394312c36c8ab93231d11917870146d266275d4470c0b6c44b88?s=96&d=blank&r=g\",\"caption\":\"Niko Bili\u0107 SJ\"},\"logo\":{\"@id\":\"https:\/\/amdg.ffrz.hr\/#\/schema\/person\/image\/\"},\"sameAs\":[\"https:\/\/amdg.ffrz.hr\",\"https:\/\/www.facebook.com\/paterniko\",\"https:\/\/www.youtube.com\/user\/paterniko\"]}]}<\/script>\n<!-- \/ Yoast SEO plugin. -->","yoast_head_json":{"title":"Petoknji\u017eje i Povijesne knjige - Ad maiorem Dei gloriam","robots":{"index":"index","follow":"follow","max-snippet":"max-snippet:-1","max-image-preview":"max-image-preview:large","max-video-preview":"max-video-preview:-1"},"canonical":"https:\/\/amdg.ffrz.hr\/?page_id=1981","og_locale":"hr_HR","og_type":"article","og_title":"Petoknji\u017eje i Povijesne knjige - Ad maiorem Dei gloriam","og_description":"Biblijska egzegeza na studiju filozofije i teologije pri Filozofsko-teolo\u0161kom Institutu Dru\u017ebe Isusove, afiliranom Papinskom sveu\u010dili\u0161tu Gregoriana dr. Niko Bili\u0107, SJzimski semestar ak. g. 22.\/23., ECTS 6, mjesto: FFRZ, Jordanovac 110, dvorana P. Peter-Hans Kolvenbach SJ (P14): utorkom od 8:15 i \u010detvrtkom od 8:15, Stanje: 9. 2. 2023. Ispiti &#8211; zimski ispitni rok Studenti &#8211; profesori [&hellip;]","og_url":"https:\/\/amdg.ffrz.hr\/?page_id=1981","og_site_name":"Ad maiorem Dei gloriam","article_publisher":"https:\/\/www.facebook.com\/paterniko","article_modified_time":"2025-09-26T07:31:31+00:00","og_image":[{"url":"https:\/\/amdg.ffrz.hr\/amdg_grafike\/svitak.jpg","type":"","width":"","height":""}],"twitter_card":"summary_large_image","twitter_misc":{"Procijenjeno vrijeme \u010ditanja":"11 minuta"},"schema":{"@context":"https:\/\/schema.org","@graph":[{"@type":"WebPage","@id":"https:\/\/amdg.ffrz.hr\/?page_id=1981","url":"https:\/\/amdg.ffrz.hr\/?page_id=1981","name":"Petoknji\u017eje i Povijesne knjige - Ad maiorem Dei gloriam","isPartOf":{"@id":"https:\/\/amdg.ffrz.hr\/#website"},"primaryImageOfPage":{"@id":"https:\/\/amdg.ffrz.hr\/?page_id=1981#primaryimage"},"image":{"@id":"https:\/\/amdg.ffrz.hr\/?page_id=1981#primaryimage"},"thumbnailUrl":"https:\/\/amdg.ffrz.hr\/amdg_grafike\/svitak.jpg","datePublished":"2019-10-07T04:37:04+00:00","dateModified":"2025-09-26T07:31:31+00:00","breadcrumb":{"@id":"https:\/\/amdg.ffrz.hr\/?page_id=1981#breadcrumb"},"inLanguage":"hr","potentialAction":[{"@type":"ReadAction","target":["https:\/\/amdg.ffrz.hr\/?page_id=1981"]}]},{"@type":"ImageObject","inLanguage":"hr","@id":"https:\/\/amdg.ffrz.hr\/?page_id=1981#primaryimage","url":"https:\/\/amdg.ffrz.hr\/amdg_grafike\/svitak.jpg","contentUrl":"https:\/\/amdg.ffrz.hr\/amdg_grafike\/svitak.jpg"},{"@type":"BreadcrumbList","@id":"https:\/\/amdg.ffrz.hr\/?page_id=1981#breadcrumb","itemListElement":[{"@type":"ListItem","position":1,"name":"Po\u010detna stranica","item":"https:\/\/amdg.ffrz.hr\/"},{"@type":"ListItem","position":2,"name":"Petoknji\u017eje i Povijesne knjige"}]},{"@type":"WebSite","@id":"https:\/\/amdg.ffrz.hr\/#website","url":"https:\/\/amdg.ffrz.hr\/","name":"Ad maiorem Dei gloriam","description":"doc. dr. sc. Niko Bili\u0107:  nastava, duhovnost i cjelo\u017eivotno u\u010denje","publisher":{"@id":"https:\/\/amdg.ffrz.hr\/#\/schema\/person\/a3d4a18838314f7054f7cdc4f4d45f4a"},"potentialAction":[{"@type":"SearchAction","target":{"@type":"EntryPoint","urlTemplate":"https:\/\/amdg.ffrz.hr\/?s={search_term_string}"},"query-input":{"@type":"PropertyValueSpecification","valueRequired":true,"valueName":"search_term_string"}}],"inLanguage":"hr"},{"@type":["Person","Organization"],"@id":"https:\/\/amdg.ffrz.hr\/#\/schema\/person\/a3d4a18838314f7054f7cdc4f4d45f4a","name":"Niko Bili\u0107 SJ","image":{"@type":"ImageObject","inLanguage":"hr","@id":"https:\/\/amdg.ffrz.hr\/#\/schema\/person\/image\/","url":"https:\/\/secure.gravatar.com\/avatar\/14c6ebb29114394312c36c8ab93231d11917870146d266275d4470c0b6c44b88?s=96&d=blank&r=g","contentUrl":"https:\/\/secure.gravatar.com\/avatar\/14c6ebb29114394312c36c8ab93231d11917870146d266275d4470c0b6c44b88?s=96&d=blank&r=g","caption":"Niko Bili\u0107 SJ"},"logo":{"@id":"https:\/\/amdg.ffrz.hr\/#\/schema\/person\/image\/"},"sameAs":["https:\/\/amdg.ffrz.hr","https:\/\/www.facebook.com\/paterniko","https:\/\/www.youtube.com\/user\/paterniko"]}]}},"_links":{"self":[{"href":"https:\/\/amdg.ffrz.hr\/index.php?rest_route=\/wp\/v2\/pages\/1981","targetHints":{"allow":["GET"]}}],"collection":[{"href":"https:\/\/amdg.ffrz.hr\/index.php?rest_route=\/wp\/v2\/pages"}],"about":[{"href":"https:\/\/amdg.ffrz.hr\/index.php?rest_route=\/wp\/v2\/types\/page"}],"author":[{"embeddable":true,"href":"https:\/\/amdg.ffrz.hr\/index.php?rest_route=\/wp\/v2\/users\/1"}],"replies":[{"embeddable":true,"href":"https:\/\/amdg.ffrz.hr\/index.php?rest_route=%2Fwp%2Fv2%2Fcomments&post=1981"}],"version-history":[{"count":267,"href":"https:\/\/amdg.ffrz.hr\/index.php?rest_route=\/wp\/v2\/pages\/1981\/revisions"}],"predecessor-version":[{"id":6596,"href":"https:\/\/amdg.ffrz.hr\/index.php?rest_route=\/wp\/v2\/pages\/1981\/revisions\/6596"}],"wp:attachment":[{"href":"https:\/\/amdg.ffrz.hr\/index.php?rest_route=%2Fwp%2Fv2%2Fmedia&parent=1981"}],"curies":[{"name":"wp","href":"https:\/\/api.w.org\/{rel}","templated":true}]}}