{"id":3342,"date":"2020-07-01T09:28:21","date_gmt":"2020-07-01T07:28:21","guid":{"rendered":"https:\/\/amdg.ffrz.hr\/?page_id=3342"},"modified":"2023-01-26T11:29:35","modified_gmt":"2023-01-26T10:29:35","slug":"biblija-novi-zavjet","status":"publish","type":"page","link":"https:\/\/amdg.ffrz.hr\/?page_id=3342","title":{"rendered":"Biblija &#8211; Novi zavjet"},"content":{"rendered":"\n<h3 class=\"wp-block-heading\" id=\"dokument-o-osnutku-i-osnivacu-krscanstva\">Dokument o osnutku i Osniva\u010du kr\u0161\u0107anstva<\/h3>\n\n\n<div class=\"wp-block-image\">\n<figure class=\"aligncenter size-full is-resized\"><img loading=\"lazy\" decoding=\"async\" src=\"https:\/\/amdg.ffrz.hr\/wp-content\/uploads\/sinBozji479x614.jpg\" alt=\"\" class=\"wp-image-5221\" width=\"587\" height=\"752\" srcset=\"https:\/\/amdg.ffrz.hr\/wp-content\/uploads\/sinBozji479x614.jpg 479w, https:\/\/amdg.ffrz.hr\/wp-content\/uploads\/sinBozji479x614-234x300.jpg 234w\" sizes=\"auto, (max-width: 587px) 100vw, 587px\" \/><\/figure>\n<\/div>\n\n\n<p class=\"has-text-align-right\"><strong>stanje: <mark style=\"background-color:rgba(0, 0, 0, 0);color:#f70404\" class=\"has-inline-color\">25. 1. 2023.<\/mark><\/strong><\/p>\n\n\n<div class=\"wp-block-image\">\n<figure class=\"alignright size-full\"><img loading=\"lazy\" decoding=\"async\" width=\"160\" height=\"160\" src=\"https:\/\/amdg.ffrz.hr\/wp-content\/uploads\/ffrz_logo_160x160.png\" alt=\"\" class=\"wp-image-3764\" srcset=\"https:\/\/amdg.ffrz.hr\/wp-content\/uploads\/ffrz_logo_160x160.png 160w, https:\/\/amdg.ffrz.hr\/wp-content\/uploads\/ffrz_logo_160x160-150x150.png 150w\" sizes=\"auto, (max-width: 160px) 100vw, 160px\" \/><\/figure>\n<\/div>\n\n\n<p>Predmet: 39060, ECTS 6,<br><strong>354. ak. godina Sveu\u010dili\u0161ta u Zagrebu<\/strong> <br><strong>zimski semestar 2022.\/2023.<br>ponedjeljkom u 11:15 i srijedom u 10:15<br><a href=\"http:\/\/www.ffrz.unizg.hr\">Fakultet filozofije i religijskih znanosti<\/a><br><\/strong>Zagreb, Jordanovac 110, u\u010dionica 004 <\/p>\n\n\n\n<ul class=\"wp-block-list\">\n<li><strong>ISPITI<\/strong>:\n<ul class=\"wp-block-list\">\n<li><a href=\"https:\/\/amdg.ffrz.hr\/wp-content\/uploads\/ispiti_NZ.pdf\">\u010detvrtak, 9. velja\u010de 2023., 14-16 sati, dvorana D&#8217;Errico<\/a><\/li>\n\n\n\n<li><a href=\"https:\/\/amdg.ffrz.hr\/wp-content\/uploads\/ispiti_NZ.pdf\">\u010detvrtak, 23. velja\u010de, 12-16 sati, u\u010dionica 003<\/a><\/li>\n\n\n\n<li>Za ispit se prijavljuje preko <a href=\"https:\/\/www.isvu.hr\/studomat\/hr\/prijava\">STUDOMATA<\/a><\/li>\n<\/ul>\n<\/li>\n<\/ul>\n\n\n\n<p>Nakon \u0161to su se studenti na <em>Uvodu u Bibliju<\/em> upoznali s cjelinom Kanona i nakon \u0161to su u drugoj godini studija prou\u010dili prvi i ve\u0107i dio biblijskih knjiga,<em> Stari zavjet<\/em>, ovaj kolegij omogu\u0107uje susret s 27 knjiga Novoga zavjeta, stavljaju\u0107i poseban naglasak na \u010detiri Evan\u0111elja koja opisuju \u017eivot i djelo Isusa Krista i ve\u0107 dva tisu\u0107lje\u0107a predstavljaju vrhunsku svetinju. Ovaj kolegij, kao dio sveu\u010dili\u0161nog preddiplomskog studija religijskih znanosti na Fakultetu filozofije i religijskih znanosti, namijenjen studentima u 5. semestru studija, \u017eeli na uobi\u010dajen na\u010din pru\u017eiti uvid u formu, sadr\u017eaj i aktualnu teolo\u0161ku poruku biblijskih knjiga. U skladu s \u010dasnom i proku\u0161anom tradicijom egzegeze tj. znanstveno obrazlo\u017eenog tuma\u010denja biblijskih tekstova u studiju uva\u017eavamo doseg povijesnih znanosti, lingvistike, knji\u017eevne teorije, uvijek paze\u0107i na kontekst i cjelinu Biblije.<\/p>\n\n\n\n<p>Glavni radni materijal jest sam biblijski tekst pa je stoga za sudjelovanje u nastavi potrebno imati vlastiti primjerak Svetoga pisma. Na raspolaganju su dva uobi\u010dajena hrvatska prijevoda:&nbsp;<a href=\"https:\/\/www.ks.hr\/biblija-stari-i-novi-zavjet~8\" target=\"_blank\" rel=\"noreferrer noopener\">\u201cZagreba\u010dka Biblija\u201d<\/a>&nbsp;(Kr\u0161\u0107anka sada\u0161njost i&nbsp;<a href=\"https:\/\/www.ks.hr\/naslovnica\/9020494-dzepna-biblija-etui-sa-zatvaracem.html\" target=\"_blank\" rel=\"noreferrer noopener\">d\u017eepno izdanje<\/a>) i&nbsp;<a href=\"https:\/\/verbum.hr\/knjige\/biblija-tvrdi-uvez-113\/\" target=\"_blank\" rel=\"noreferrer noopener\">\u201c\u0160ari\u0107eva Biblija\u201d<\/a>&nbsp;(osvje\u017eeni prijevod nadbiskupa Ivana Ev. \u0160ari\u0107a, HBD, Verbum, Glas Koncila). Za studij je najprikladnije izdanje&nbsp;<a href=\"https:\/\/www.ks.hr\/naslovnica\/9020506-jeruzalemska-biblija-meki-uvez.html\" target=\"_blank\" rel=\"noreferrer noopener\">Jeruzalemska Biblija<\/a>&nbsp;jer donosi tekst podijeljen na odlomke s dodanim podnaslovima i nazna\u010denim untarbiblijskim vezama na margini, te s brojnim bilje\u0161kama i uvodima. U studiju biblijskih tekstova uvelike mo\u017ee pomo\u0107i i&nbsp;<a href=\"https:\/\/verbum.hr\/zvucna-biblija-audio-knjiga-2965\" target=\"_blank\" rel=\"noreferrer noopener\">Zvu\u010dna Biblija<\/a>&nbsp;u izdanju zaklade&nbsp;<a href=\"http:\/\/www.zakladacvv.hr\/\" target=\"_blank\" rel=\"noreferrer noopener\">\u010cujem, vjerujem, vidim<\/a>, sada dostupna i&nbsp;<a href=\"https:\/\/www.youtube.com\/watch?v=dVRqpCy8Qik&amp;list=PLsD1NZlExYFGziSR-Kd7NzD2vY8t-e0sH\" target=\"_blank\" rel=\"noreferrer noopener\">online<\/a>.<\/p>\n\n\n\n<p>Na internetu cijeli biblijski tekst u hrvatskom prijevodu nude:<br><a href=\"https:\/\/biblija.ks.hr\/\" target=\"_blank\" rel=\"noreferrer noopener\">Kr\u0161\u0107anska sada\u0161njost (KS)<\/a><br><a href=\"http:\/\/www.intratext.com\/ixt\/scr0002\/_INDEX.HTM\" target=\"_blank\" rel=\"noreferrer noopener\">Intratext<\/a>&nbsp;(a automatskom konkordancijom)<br><a href=\"https:\/\/www.biblija.net\/biblija.cgi?m=&amp;id40=1&amp;pos=0&amp;set=6&amp;l=sl\">Biblija.net<\/a><br><a href=\"https:\/\/biblija.biblija-govori.hr\/\">Biblija govori (grupa kr\u0161\u0107ana)<\/a><br>Redovito su u uporabi&nbsp;<a href=\"https:\/\/amdg.ffrz.hr\/bibl_kratice.pdf\">kratice biblijskih knjiga (.pdf)<\/a>, te c \u2013 <em>caput<\/em>, poglavlje; v \u2013 <em>versus<\/em>, redak; s \u2013 <em>sequens<\/em>, sljede\u0107i.<\/p>\n\n\n\n<h4 class=\"wp-block-heading\" id=\"1-7-10-2021-uvodni-pregled-kanon-novoga-zavjeta-pdf-ppt-ppt-4-3\">1) 10. 10. 22. <a href=\"https:\/\/amdg.ffrz.hr\/wp-content\/uploads\/nz01_uvod_kanon-2.pdf\" target=\"_blank\" rel=\"noreferrer noopener\">Uvodni pregled: Kanon Novoga zavjeta (PDF)<\/a> * (<a href=\"https:\/\/amdg.ffrz.hr\/wp-content\/uploads\/nz01_uvod_kanon-1.ppt\">PPT<\/a>)<\/h4>\n\n\n\n<p>Video: <a href=\"https:\/\/youtu.be\/jS0BocI85LA\" target=\"_blank\" rel=\"noreferrer noopener\">Uskrsli U\u010ditelj &#8211; sama sebe tuma\u010di<\/a><\/p>\n\n\n\n<h4 class=\"wp-block-heading\" id=\"2-11-10-2021-evandelje-po-mateju-djetinstvo-isusovo-pdf-ppt-ppt-16-9\">2) 12. 10. 22. <a href=\"https:\/\/amdg.ffrz.hr\/nz\/nz02_Mt1sMS.pdf\" target=\"_blank\" rel=\"noreferrer noopener\">Evan\u0111elje po Mateju: Djetinstvo Isusovo (PDF)<\/a> * (<a href=\"https:\/\/amdg.ffrz.hr\/nz\/nz02_Mt1s.ppt\">PPT<\/a>) * (<a href=\"https:\/\/amdg.ffrz.hr\/nz\/nz02_Mt1s32x18.ppt\">PPT 16:9<\/a>)<\/h4>\n\n\n\n<ul class=\"wp-block-list\">\n<li><a href=\"https:\/\/amdg.ffrz.hr\/?p=3487\">Rodila se Majka Mesije (Mt 1,1-23)<\/a><\/li>\n\n\n\n<li><a href=\"https:\/\/amdg.eu\/2013\/01\/josipova-samoca\/\">Josipova samo\u0107a<\/a> <\/li>\n\n\n\n<li><a rel=\"noreferrer noopener\" href=\"https:\/\/amdg.eu\/2018\/03\/sveti-josip-u-bibliji\/\" target=\"_blank\">Sveti Josip u Bibliji<\/a><\/li>\n\n\n\n<li><a rel=\"noreferrer noopener\" href=\"https:\/\/amdg.eu\/2009\/05\/sv-josip-i-njegovi-biblijski-uzori\/\" target=\"_blank\">Sveti Josip i njegovi biblijski uzori<\/a><\/li>\n\n\n\n<li><a rel=\"noreferrer noopener\" href=\"https:\/\/amdg.eu\/2020\/01\/krize-svete-obitelji-audio\/\" target=\"_blank\">Krize Svete Obitelji (audio)<\/a><\/li>\n\n\n\n<li><a rel=\"noreferrer noopener\" href=\"https:\/\/amdg.eu\/2015\/12\/sveta-obitelj-u-izbjeglistvu\/\" target=\"_blank\">Sveta Obitelj u izbjegli\u0161tvu<\/a><\/li>\n\n\n\n<li>Mt 2,1-12: <a rel=\"noreferrer noopener\" href=\"https:\/\/amdg.eu\/2019\/01\/tri-kralja-2018-audio\/\" target=\"_blank\">Tri Kralja 2019. (audio)<\/a> <\/li>\n\n\n\n<li><a rel=\"noreferrer noopener\" href=\"https:\/\/amdg.eu\/2015\/01\/bogojavljenje-2015\/\" target=\"_blank\">Bogojavljenje 2015. (video)<\/a> <\/li>\n\n\n\n<li><a rel=\"noreferrer noopener\" href=\"https:\/\/amdg.eu\/2013\/01\/tri-kralja\/\" target=\"_blank\">Sveta tri kralja (tekst i video)<\/a>  <\/li>\n\n\n\n<li><a rel=\"noreferrer noopener\" href=\"https:\/\/amdg.eu\/2013\/01\/tri-mudraca\/\" target=\"_blank\">Tri mudraca<\/a> <\/li>\n\n\n\n<li><a rel=\"noreferrer noopener\" href=\"https:\/\/amdg.eu\/2013\/01\/bogojavljenje\/\" target=\"_blank\">Bogojavljenje (tekst i audio)<\/a><\/li>\n<\/ul>\n\n\n\n<h4 class=\"wp-block-heading\" id=\"3-14-10-2021-ivan-krstitelj-u-matejevu-evandelju-isusova-kusnja-u-pustinji-pdf-4-3-ppt-pdf-16-9-ppt-16-9\">3) 17. 10. 22. <a href=\"https:\/\/amdg.ffrz.hr\/nz\/nz03_MtKrstitelj_kusnja.pdf\" target=\"_blank\" rel=\"noreferrer noopener\">Ivan Krstitelj u Matejevu evan\u0111elju; Isusova ku\u0161nja u pustinji (PDF)<\/a> * (<a href=\"https:\/\/amdg.ffrz.hr\/nz\/nz03_MtKrstitelj_kusnja.ppt\" target=\"_blank\" rel=\"noreferrer noopener\">PPT<\/a>) <\/h4>\n\n\n\n<ul class=\"wp-block-list\">\n<li><a href=\"https:\/\/amdg.eu\/2012\/03\/susret-na-rijeci-jordanu\/\">Susret na rijeci Jordanu<\/a><\/li>\n\n\n\n<li><a href=\"https:\/\/amdg.eu\/2012\/03\/krscanska-inicijacija\/\">Kr\u0161\u0107anska inicijacija i Kristova vlast<\/a><\/li>\n\n\n\n<li><a href=\"https:\/\/amdg.ffrz.hr\/?p=197\">Junak Do\u0161a\u0161\u0107a<\/a><\/li>\n\n\n\n<li><a rel=\"noreferrer noopener\" href=\"https:\/\/amdg.eu\/2020\/08\/krstitelj-mucenik\/\" target=\"_blank\">Krstitelj mu\u010denik (Mk 6,17-29)<\/a> <\/li>\n\n\n\n<li><a href=\"https:\/\/amdg.eu\/2012\/03\/ivan-krstitelj\/\">Ivan Krstitelj<\/a><\/li>\n\n\n\n<li><a rel=\"noreferrer noopener\" href=\"https:\/\/amdg.eu\/2020\/06\/uz-dnevnoevandelje-9\/\" target=\"_blank\">Uz ro\u0111enje Ivana Krstitelja<\/a><\/li>\n\n\n\n<li>Poslu\u0161ajte:\n<ul class=\"wp-block-list\">\n<li><a href=\"https:\/\/amdg.eu\/2016\/12\/ivan-krstitelj-i-dosasce\/\">Ivan Krstitelj i Do\u0161a\u0161\u0107e<\/a><\/li>\n\n\n\n<li><a href=\"https:\/\/amdg.eu\/2014\/12\/junak-dosasca\/\">Junak Do\u0161a\u0161\u0107a na Hrvatskom radiju<\/a><\/li>\n<\/ul>\n<\/li>\n\n\n\n<li>video: <a rel=\"noreferrer noopener\" href=\"https:\/\/amdg.eu\/2016\/12\/molitva-na-jordanu\/\" target=\"_blank\">Kr\u0161tenje na Jordanu<\/a><\/li>\n\n\n\n<li><a href=\"https:\/\/amdg.ffrz.hr\/?p=2286\" target=\"_blank\" rel=\"noreferrer noopener\">Isus i Sotona (Mt 4,1-11)<\/a><\/li>\n<\/ul>\n\n\n\n<h4 class=\"wp-block-heading\" id=\"4-18-10-2021-evandelje-po-mateju-isusovo-javno-djelovanje-pdf-4-3-4-3-pdf-16-9-ppt-16-9\">4) 19. 10. 22. <a href=\"https:\/\/amdg.ffrz.hr\/nz\/nz04_Mt_javnodjelovanje.pdf\" target=\"_blank\" rel=\"noreferrer noopener\">Evan\u0111elje po Mateju: Isusovo javno djelovanje (PDF)<\/a> * (<a href=\"https:\/\/amdg.ffrz.hr\/nz\/nz04_Mt_javnodjelovanje.ppt\">PPT<\/a>)<\/h4>\n\n\n\n<ul class=\"wp-block-list\">\n<li>Mt 5,1-12: <a href=\"https:\/\/amdg.ffrz.hr\/?p=3755\">\u017dari\u0161te kr\u0161\u0107anstva<\/a> * <a href=\"https:\/\/amdg.ffrz.hr\/?p=3645\">Blago nama<\/a><\/li>\n\n\n\n<li>Mt 5,20-26: <a href=\"https:\/\/amdg.ffrz.hr\/?p=3503\">Bratska pravednost<\/a><\/li>\n\n\n\n<li>Mt 5,33-37: <a href=\"https:\/\/amdg.ffrz.hr\/?p=3516\">Koliko vrijedi tvoja rije\u010d<\/a><\/li>\n\n\n\n<li>Mt 7,7-12: <a href=\"https:\/\/amdg.eu\/2012\/03\/cinite-i-vi\/\" target=\"_blank\" rel=\"noreferrer noopener\">\u010cinite i vi!<\/a> <\/li>\n\n\n\n<li>Mt 8,28-34: <a href=\"https:\/\/amdg.eu\/2021\/07\/pobjednicki-mir-kristov-mt-828-34\/\">Pobjedni\u010dki mir Kristov<\/a><\/li>\n\n\n\n<li>Mt 9,32-38: <a href=\"https:\/\/amdg.eu\/2021\/07\/program-crkve-zetva-kristova-mt-932-38\/\">Program Crkve: \u017eetva Kristova<\/a><\/li>\n\n\n\n<li>Mt 9,36-10,8: <a href=\"https:\/\/amdg.eu\/2020\/06\/tko-je-apostol\/\" target=\"_blank\" rel=\"noreferrer noopener\">Tko je apostol<\/a><\/li>\n\n\n\n<li>Mt 10,5-7: <a href=\"https:\/\/amdg.eu\/2012\/02\/apostolsko-pravilo\/\" target=\"_blank\" rel=\"noreferrer noopener\">Apostolsko pravilo<\/a><\/li>\n\n\n\n<li>Mt 11,28-30: <a href=\"https:\/\/amdg.eu\/2021\/07\/milosrdni-spasitelj-zove-mt-1128-30\/\">Milosrdni Spasitelj zove<\/a><\/li>\n\n\n\n<li>Mt 13,44-52: <a href=\"https:\/\/youtu.be\/pEw7DkkJKpg\">Gdje je nebesko kraljevstvo? (video \u2013 Laudato TV)<\/a><\/li>\n\n\n\n<li>Mt 14,13-21: <a href=\"https:\/\/amdg.eu\/2012\/03\/dajte-im-vi\/\">Dajte im vi<\/a><\/li>\n\n\n\n<li>Mt 14,22\u201333: <a href=\"https:\/\/amdg.eu\/2012\/02\/bozja-ruka\/\">Bo\u017eja ruka<\/a>\n<ul class=\"wp-block-list\">\n<li><a href=\"https:\/\/amdg.eu\/2012\/03\/petrov-put-do-isusa\/\">Petrov put do Isusa<\/a> <\/li>\n\n\n\n<li><a href=\"https:\/\/amdg.eu\/2018\/06\/molitva-s-petrom-isusovim-ucenikom\/\">Molitva s Petrom, Isusovim u\u010denikom (kad se utapao)<\/a><\/li>\n<\/ul>\n<\/li>\n\n\n\n<li>Mt 15,21-28: <a href=\"https:\/\/amdg.ffrz.hr\/?p=2649\">Te\u0161ka iskustva s Isusom: Mrvice koje mnogo zna\u010de<\/a>\n<ul class=\"wp-block-list\">\n<li><a href=\"https:\/\/amdg.eu\/2012\/03\/majka-strankinja\/\">Majka strankinja<\/a><\/li>\n<\/ul>\n<\/li>\n\n\n\n<li>Mt 16,13-19: <a href=\"https:\/\/amdg.ffrz.hr\/?p=3335\">Kod Cezareje Filipove<\/a>\n<ul class=\"wp-block-list\">\n<li><a href=\"https:\/\/amdg.ffrz.hr\/?p=3361\">Klju\u010devi neba<\/a><\/li>\n<\/ul>\n<\/li>\n\n\n\n<li>Mt 16,21\u201327: <a href=\"https:\/\/amdg.ffrz.hr\/?p=3350\">Bit kr\u0161\u0107anske vjere<\/a>\n<ul class=\"wp-block-list\">\n<li><a href=\"https:\/\/amdg.ffrz.hr\/?p=3354\">Za Kristom<\/a><\/li>\n<\/ul>\n<\/li>\n\n\n\n<li>Mt 18,21-35: <a href=\"https:\/\/amdg.eu\/2020\/09\/beskrajno-obilje-oprastanja\/\">Beskrajno obilje opra\u0161tanja<\/a><\/li>\n\n\n\n<li>Mt 20,1-16: <a href=\"https:\/\/amdg.eu\/2012\/02\/vinograd-gospodnji\/\">Vinograd Gospodnji<\/a>\n<ul class=\"wp-block-list\">\n<li><a href=\"https:\/\/amdg.eu\/2020\/09\/gospodar-vinograda\/\" target=\"_blank\" rel=\"noreferrer noopener\">Gospodar vinograda<\/a> <\/li>\n\n\n\n<li><a href=\"https:\/\/amdg.eu\/2020\/09\/molitva-s-radnikom-od-prvoga-sata\/\" target=\"_blank\" rel=\"noreferrer noopener\">Molitva s radnikom od prvoga sata<\/a><\/li>\n<\/ul>\n<\/li>\n\n\n\n<li>Mt 21,28\u201332: <a href=\"https:\/\/amdg.ffrz.hr\/?p=3631\">O\u010deva volja<\/a>\n<ul class=\"wp-block-list\">\n<li><a href=\"https:\/\/amdg.eu\/2012\/03\/dva-sina-i-vinograd\/\">Dva sina i vinograd<\/a> <\/li>\n\n\n\n<li><a href=\"https:\/\/amdg.eu\/2012\/03\/reci-da\/\">Reci da!<\/a> <\/li>\n\n\n\n<li><a href=\"https:\/\/amdg.eu\/2012\/02\/u-ocevu-vinogradu\/\">U o\u010devu vinogradu<\/a><\/li>\n<\/ul>\n<\/li>\n\n\n\n<li>Mt 21,33\u201343: <a href=\"https:\/\/amdg.eu\/2012\/02\/vinogradari\/\">Vinogradari<\/a><\/li>\n\n\n\n<li>Mt 22,1-14: <a href=\"https:\/\/amdg.ffrz.hr\/?p=581\">Svadbena gozba kraljeva sina (video \u2013 Laudato TV)<\/a> * <a href=\"https:\/\/amdg.eu\/2011\/10\/za-danas\/\">Sve je pripravljeno<\/a><\/li>\n\n\n\n<li>Mt 22,34\u201340: <a href=\"https:\/\/amdg.eu\/2021\/08\/sveobuhvatno-pravilo-mt-2234-40\/\">Sveobuhvatno pravilo<\/a> * <a href=\"https:\/\/amdg.eu\/2012\/03\/najveca-zapovijed\/\" target=\"_blank\" rel=\"noreferrer noopener\">Najve\u0107a zapovijed<\/a> * <a href=\"https:\/\/amdg.eu\/2012\/02\/zakon-srca\/\" target=\"_blank\" rel=\"noreferrer noopener\">Zakon srca<\/a><\/li>\n\n\n\n<li>Mt 23,1-12: <a href=\"https:\/\/amdg.eu\/2012\/03\/covjekovo-uzvisenje\/\" target=\"_blank\" rel=\"noreferrer noopener\">\u010covjekovo uzvi\u0161enje<\/a><\/li>\n\n\n\n<li>Mt 25,1\u201313: <a href=\"https:\/\/amdg.eu\/2012\/02\/uljanice\/\">Uljanice<\/a> * <a href=\"https:\/\/amdg.eu\/2020\/11\/kako-docekati-zarucnika-audio\/\">Kako do\u010dekati Zaru\u010dnika (Mt 25,1-13) \u2013 audio<\/a><\/li>\n\n\n\n<li>Mt 25,14\u201330: <a href=\"https:\/\/amdg.ffrz.hr\/?p=2290\">Povjereni darovi<\/a> * <a href=\"https:\/\/amdg.ffrz.hr\/?p=2293\">Evan\u0111eoski talenti<\/a> * <a href=\"https:\/\/amdg.eu\/2012\/03\/evandeoski-menadzment-mt-2514-30\/\">Evan\u0111eoski menad\u017ement<\/a> * <a href=\"https:\/\/amdg.eu\/2012\/02\/talenti\/\" target=\"_blank\" rel=\"noreferrer noopener\">Talenti<\/a><\/li>\n<\/ul>\n\n\n\n<h4 class=\"wp-block-heading\" id=\"5-21-10-2021-muka-i-uskrsnuce-isusovo-u-matejevu-evandelju-pdf-ppt\">5) 24. 10. 22. <a href=\"https:\/\/amdg.ffrz.hr\/nz\/nz05_Mt_mukaiuskrs.pdf\" target=\"_blank\" rel=\"noreferrer noopener\">Muka i uskrsnu\u0107e Isusovo u Matejevu evan\u0111elju (PDF)<\/a> * (<a href=\"https:\/\/amdg.ffrz.hr\/nz\/nz05_Mt_mukaiuskrs.ppt\">PPT<\/a>)<\/h4>\n\n\n\n<p>Poslu\u0161ajte: <a href=\"https:\/\/amdg.eu\/2021\/02\/teologija-muke-po-mateju-audio\/\" target=\"_blank\" rel=\"noreferrer noopener\">Teologija Muke po Mateju<\/a><\/p>\n\n\n\n<figure class=\"wp-block-audio\"><audio controls src=\"https:\/\/amdg.ffrz.hr\/amdg_aiv\/MukaMt_RM622021.mp3\"><\/audio><\/figure>\n\n\n\n<ul class=\"wp-block-list\">\n<li><a href=\"https:\/\/amdg.eu\/2020\/04\/da-ja-sam-gospodine\/\" target=\"_blank\" rel=\"noreferrer noopener\">Da, ja sam, Gospodine &#8211; Muka po Mateju u Velikom tjednu 2020.<\/a><\/li>\n\n\n\n<li><a href=\"https:\/\/amdg.eu\/2012\/03\/kristov-uskrs\/\" target=\"_blank\" rel=\"noreferrer noopener\">Kristov uskrs<\/a><\/li>\n\n\n\n<li><a href=\"https:\/\/amdg.eu\/2012\/03\/pogled-i-rijec\/\">Pogled i rije\u010d (Mt 28,1-10)<\/a>  <\/li>\n\n\n\n<li><a href=\"https:\/\/amdg.eu\/2018\/05\/u-ime-oca-i-sina-i-duha-svetoga\/\" target=\"_blank\" rel=\"noreferrer noopener\">U ime Oca i Sina i Duha Svetoga (Mt 28,16-20)<\/a><\/li>\n\n\n\n<li><a href=\"https:\/\/amdg.eu\/2012\/02\/uskrs-krista-svecenika\/\" target=\"_blank\" rel=\"noreferrer noopener\">Uskrs Krista, sve\u0107enika<\/a><\/li>\n<\/ul>\n\n\n\n<h4 class=\"wp-block-heading\" id=\"6-25-10-2021-evandelje-po-marku-tko-je-marko-i-sto-pise-mesijanska-tajna-4-3\">6) 26. 10. 22. <a href=\"https:\/\/amdg.ffrz.hr\/nz\/nz06_Mk_evandjelje.pdf\" target=\"_blank\" rel=\"noreferrer noopener\">Evan\u0111elje po Marku &#8211; tko je Marko i \u0161to pi\u0161e, Mesijanska tajna<\/a> * <strong>(<a href=\"https:\/\/amdg.ffrz.hr\/nz\/nz06_Mk_evandjelje.ppt\">PPT<\/a>) <\/strong><\/h4>\n\n\n\n<ul class=\"wp-block-list\">\n<li>Mk 1,7-11: <a rel=\"noreferrer noopener\" href=\"https:\/\/amdg.eu\/2012\/03\/krscanska-inicijacija\/\" target=\"_blank\">Kr\u0161\u0107anska inicijacija i Kristova vlast<\/a><\/li>\n\n\n\n<li>Mk 1,14-20: <a href=\"https:\/\/amdg.eu\/2012\/03\/galilejsko-proljece\/\">Galilejsko prolje\u0107e<\/a><\/li>\n\n\n\n<li>Mk 1,16-20: <a href=\"https:\/\/amdg.ffrz.hr\/duhvj\/palma2018\/01Kristpoziva.pdf\">Kristov poziv. Ostavi\u0161e sve i po\u0111o\u0161e za njim (Mk 1,16-20) .pdf<\/a> * (.<a href=\"https:\/\/amdg.ffrz.hr\/duhvj\/palma2018\/01Kristpoziva.ppt\">ppt<\/a>) (27. 10. 2018.)\n<ul class=\"wp-block-list\">\n<li><a rel=\"noreferrer noopener\" href=\"https:\/\/amdg.ffrz.hr\/?p=276\" target=\"_blank\">Molitva Isusu koji me pozvao (Mk 1,16-20)<\/a> (27. 10. 2018.)<\/li>\n<\/ul>\n<\/li>\n\n\n\n<li>Mk 1,21-28: <a rel=\"noreferrer noopener\" href=\"https:\/\/amdg.eu\/2012\/01\/svetac-bozji-i-necisti-duh\/\" target=\"_blank\">Svetac Bo\u017eji i ne\u010disti duh (tekst i audio)<\/a><\/li>\n\n\n\n<li>Mk 2,13-17: <a rel=\"noreferrer noopener\" href=\"https:\/\/amdg.eu\/2012\/02\/zvanje-grjesnika\/\" target=\"_blank\">Zvanje grje\u0161nika<\/a><\/li>\n\n\n\n<li>Mk 5,21-43: <a href=\"https:\/\/amdg.eu\/2012\/03\/nadstojnikova-kci\/\">Nadstojnikova k\u0107i<\/a><\/li>\n\n\n\n<li>Mk 6,1-6: <a rel=\"noreferrer noopener\" href=\"https:\/\/amdg.eu\/2012\/03\/medu-svojima\/\" target=\"_blank\">Me\u0111u svojima<\/a><\/li>\n\n\n\n<li>Mk 6,7-13: <a rel=\"noreferrer noopener\" href=\"https:\/\/amdg.eu\/2012\/03\/gospodin-salje-mk-67-13\/\" target=\"_blank\">Gospodin \u0161alje<\/a>\n<ul class=\"wp-block-list\">\n<li><a href=\"https:\/\/amdg.eu\/2012\/03\/kristovi-apostoli\/\">Kristovi apostoli<\/a><\/li>\n<\/ul>\n<\/li>\n\n\n\n<li>Mk 6,17-29: <a rel=\"noreferrer noopener\" href=\"https:\/\/amdg.eu\/2020\/08\/krstitelj-mucenik\/\" target=\"_blank\">Krstitelj \u2013 mu\u010denik<\/a><\/li>\n\n\n\n<li>Mk 8,27-35: <a rel=\"noreferrer noopener\" href=\"https:\/\/amdg.ffrz.hr\/?p=3354\" target=\"_blank\">Za Kristom<\/a><\/li>\n\n\n\n<li>Mk 10,17-30: <a rel=\"noreferrer noopener\" href=\"https:\/\/youtu.be\/SsYP3xykq5M\" target=\"_blank\">Jedno ti nedostaje (video, Laudato TV)<\/a><\/li>\n\n\n\n<li>Mk 10,46\u201352: <a href=\"https:\/\/amdg.eu\/2012\/03\/da-progledam\/\">Da progledam<\/a><\/li>\n\n\n\n<li>Mk 12,38-44: <a rel=\"noreferrer noopener\" href=\"https:\/\/amdg.ffrz.hr\/?p=1347\" target=\"_blank\">Evan\u0111eoska udovica (audio)<\/a><\/li>\n\n\n\n<li>Mk 16,1-7: <a rel=\"noreferrer noopener\" href=\"https:\/\/amdg.eu\/2015\/04\/tko-ce-nam-otkotrljati-kamen\/\" target=\"_blank\">Tko \u0107e nam otkotrljati kamen<\/a>\n<ul class=\"wp-block-list\">\n<li><a href=\"https:\/\/amdg.ffrz.hr\/?p=3610\">Uskrsne \u017eene<\/a><\/li>\n<\/ul>\n<\/li>\n<\/ul>\n\n\n\n<h4 class=\"wp-block-heading\" id=\"7-28-10-2021-kristovo-javno-djelovanje-u-evandelju-po-marku-pdf-ppt\">7) 2. 11. 22. <a href=\"https:\/\/amdg.ffrz.hr\/nz\/nz07_Mk_Krstitelj_javnodjelovanje.pdf\" target=\"_blank\" rel=\"noreferrer noopener\">Kristovo javno djelovanje u Evan\u0111elju po Marku (PDF)<\/a> * (<a href=\"https:\/\/amdg.ffrz.hr\/nz\/nz07_Mk_Krstitelj_javnodjelovanje.ppt\">PPT<\/a>)<\/h4>\n\n\n\n<ul class=\"wp-block-list\">\n<li>Krstitelj Prete\u010da; Isus pou\u010dava, okuplja u\u010denike, \u010dini \u010dudesa; Spasitelj \u010dovjeka (14x?); Savr\u0161ena molitva evan\u0111eoskoga gubavca\n<ul class=\"wp-block-list\">\n<li><a href=\"https:\/\/amdg.ffrz.hr\/wp-content\/uploads\/nz07_gubavac_rlist.pdf\" target=\"_blank\" rel=\"noreferrer noopener\">Savr\u0161ena molitva evan\u0111eoskoga gubavca &#8211; radni list (PDF)<\/a> * (<a href=\"https:\/\/amdg.ffrz.hr\/wp-content\/uploads\/nz07_gubavac_rlist.doc\">doc<\/a>)<\/li>\n\n\n\n<li><a href=\"https:\/\/amdg.eu\/2014\/04\/molitva-gubavca\/\" target=\"_blank\" rel=\"noreferrer noopener\">Molitva s evan\u0111eoskim gubavcem<\/a><\/li>\n<\/ul>\n<\/li>\n\n\n\n<li><a href=\"https:\/\/amdg.eu\/2020\/11\/isus-duhovni-spasitelj-audio\/\">Poslu\u0161ajte: Isus i ne\u010disti duhovi u Evan\u0111elju po Marku<\/a><\/li>\n<\/ul>\n\n\n\n<h4 class=\"wp-block-heading\" id=\"8-koga-isus-spasava-u-evandelju-po-marku-pdf-ppt\">8) 7. 11. 22.  <a href=\"https:\/\/amdg.ffrz.hr\/nz\/nz08_Mk_cudesa_SinBozji.pdf\" target=\"_blank\" rel=\"noreferrer noopener\">Koga Isus spa\u0161ava u Evan\u0111elju po Marku? (PDF)<\/a> * (<a href=\"https:\/\/amdg.ffrz.hr\/nz\/nz08_Mk_cudesa_SinBozji.ppt\">PPT<\/a>)<\/h4>\n\n\n\n<p>(Paralizirani, \u010covjek usahle ruke, Opsjednuti s legijom ne\u010distih duhova, Slijepac iz Betsaide)<\/p>\n\n\n\n<ul class=\"wp-block-list\">\n<li>Mk 2,1-12: <a href=\"https:\/\/amdg.eu\/2013\/02\/paralizirani-pred-kristom\/\" target=\"_blank\" rel=\"noreferrer noopener\">Paralizirani pred Kristom<\/a>\n<ul class=\"wp-block-list\">\n<li><a href=\"https:\/\/amdg.eu\/2012\/03\/paralizirani-covjek\/\" target=\"_blank\" rel=\"noreferrer noopener\">Paraliziran \u010dovjek<\/a><\/li>\n\n\n\n<li><a href=\"https:\/\/amdg.eu\/2012\/03\/osjecaj-velike-nemoci\/\" target=\"_blank\" rel=\"noreferrer noopener\">Osje\u0107aj velike nemo\u0107i<\/a><\/li>\n<\/ul>\n<\/li>\n\n\n\n<li>Mk 3,1-6: <a href=\"https:\/\/amdg.ffrz.hr\/?p=3846\">Usahla ruka i okorjelo srce<\/a><\/li>\n\n\n\n<li>Mk 5,21-43: <a href=\"https:\/\/amdg.eu\/2015\/07\/jairova-kci-i-suvremena-obitelj\/\">Jairova k\u0107i i suvremena obitelj (Mk 5,21-43)<\/a> * <a href=\"https:\/\/amdg.eu\/2012\/03\/nadstojnikova-kci\/\">Nadstojnikova k\u0107i<\/a> * <a href=\"https:\/\/www.vaticannews.va\/hr\/crkva\/news\/2021-06\/razmisljanje-misna-citanja-13-nedjelje-u-liturgijskoj-godini.html\">Strah i vjera (Mk 5, 21-24.35-43)<\/a>.<\/li>\n\n\n\n<li>Mk 8,22-26: <a href=\"https:\/\/amdg.eu\/2012\/02\/sto-vidis\/\" target=\"_blank\" rel=\"noreferrer noopener\">\u0160to vidi\u0161?<\/a><\/li>\n\n\n\n<li>Mk 9,38-48: <a href=\"https:\/\/amdg.eu\/2021\/09\/ne-sablazni-ne-paklu-mk-938-48\/\">\u201cNe\u201d sablazni, \u201cne\u201d paklu<\/a><\/li>\n<\/ul>\n\n\n\n<ul class=\"wp-block-list\">\n<li>Video:\n<ul class=\"wp-block-list\">\n<li><a rel=\"noreferrer noopener\" href=\"https:\/\/youtu.be\/f_HiMT1TSTo\" target=\"_blank\">Paralizirani \u010dovjek pred Kristom<\/a><\/li>\n\n\n\n<li><a href=\"https:\/\/youtu.be\/vxKZVy74aFY\">\u010covjek usahle ruke<\/a><\/li>\n<\/ul>\n<\/li>\n\n\n\n<li>Audio: <a href=\"https:\/\/amdg.eu\/2020\/11\/isus-duhovni-spasitelj-audio\/\">Isus &#8211; duhovni Spasitelj<\/a><\/li>\n<\/ul>\n\n\n\n<h4 class=\"wp-block-heading\" id=\"9-4-11-21-kristova-muka-i-uskrsnuce-u-mk-14-16-pdf-ppt\">9) 9. 11. 22. <a href=\"https:\/\/amdg.ffrz.hr\/nz\/nz09_Mk14do16.pdf\" target=\"_blank\" rel=\"noreferrer noopener\">Kristova muka i uskrsnu\u0107e u Mk 14-16 (PDF)<\/a> * (<a href=\"https:\/\/amdg.ffrz.hr\/nz\/nz09_Mk14do16.ppt\">PPT<\/a>)<\/h4>\n\n\n\n<ul class=\"wp-block-list\">\n<li><a href=\"https:\/\/amdg.ffrz.hr\/?p=3610\">Uskrsne \u017eene (Mk 16,1-7)<\/a><\/li>\n<\/ul>\n\n\n\n<h4 class=\"wp-block-heading\" id=\"10-8-11-21-evandelje-po-luki-dijete-isus-pdf-4-3-ppt-4-3\">10) 14. 11. 22. <a href=\"https:\/\/amdg.ffrz.hr\/nz\/nz10_Lk_dijeteIsus4x3.pdf\" target=\"_blank\" rel=\"noreferrer noopener\">Evan\u0111elje po Luki: Dijete Isus (PDF)<\/a> * (<a href=\"https:\/\/amdg.ffrz.hr\/nz\/nz10_Lk_dijeteIsus4x3.ppt\">PPT<\/a>) <\/h4>\n\n\n\n<p> <a href=\"https:\/\/amdg.ffrz.hr\/nz\/nz10_Lk_dijeteIsus.pdf\" target=\"_blank\" rel=\"noreferrer noopener\">Evan\u0111elje po Luki: Dijete Isus (PDF 16:9)<\/a> * (<a href=\"https:\/\/amdg.ffrz.hr\/nz\/nz10_Lk_dijeteIsus.ppt\">PPT<\/a>)  <\/p>\n\n\n\n<ul class=\"wp-block-list\">\n<li>Lk 1,5-22.57-79: <a href=\"http:\/\/otac%20zaharija\/\">Otac Zaharija<\/a><\/li>\n\n\n\n<li>Lk 1,26-38: <a href=\"https:\/\/amdg.eu\/2012\/03\/navijestio-mariji\/\" target=\"_blank\" rel=\"noreferrer noopener\">Navijestio Mariji<\/a> * <a href=\"https:\/\/amdg.eu\/2012\/03\/nova-zena\/\" target=\"_blank\" rel=\"noreferrer noopener\">Nova \u017eena<\/a> * <a href=\"https:\/\/amdg.eu\/2012\/03\/gospa-i-andeo-lk-126-38\/\" target=\"_blank\" rel=\"noreferrer noopener\">Gospa i an\u0111eo<\/a><\/li>\n\n\n\n<li>Lk 1,57-66.80: <a href=\"https:\/\/amdg.eu\/2020\/06\/uz-dnevnoevandelje-9\/\" target=\"_blank\" rel=\"noreferrer noopener\">Uz ro\u0111enje sv. Ivana Krstitelja (tekst i audio-zapis)<\/a><\/li>\n\n\n\n<li>Lk 2,1-20: <a href=\"https:\/\/amdg.eu\/2012\/03\/dijete-bozje\/\">Dijete Bo\u017eje<\/a><\/li>\n<\/ul>\n\n\n\n<h4 class=\"wp-block-heading\" id=\"11-11-11-21-kristovo-javno-djelovanje-u-lukinu-evandelju-pdf-ppt\">11) 16. 11. 22. <a href=\"https:\/\/amdg.ffrz.hr\/nz\/nz11_Lk_javnodj.pdf\" target=\"_blank\" rel=\"noreferrer noopener\">Kristovo javno djelovanje u Lukinu evan\u0111elju (PDF)<\/a> * (<a href=\"https:\/\/amdg.ffrz.hr\/nz\/nz11_Lk_javnodj.ppt\">PPT<\/a>)<\/h4>\n\n\n\n<ul class=\"wp-block-list\">\n<li>Ku\u0161nja u pustinji, Navije\u0161tanje evan\u0111elja u Lk, <\/li>\n\n\n\n<li>Lk 4,1-13: <a href=\"https:\/\/amdg.ffrz.hr\/?p=2280\" target=\"_blank\" rel=\"noreferrer noopener\">U pustinji<\/a> * <a href=\"https:\/\/amdg.eu\/2016\/02\/kristova-kusnja-u-pustinji\/\" target=\"_blank\" rel=\"noreferrer noopener\">Kristova ku\u0161nja u pustinji<\/a> * video: <a href=\"https:\/\/www.youtube.com\/watch?v=1hA6qpzZGWI&amp;list=PLgrvM2s1LQ_cNxudMHmJI3BnrTK0DG9rQ&amp;index=38&amp;t=0s\" target=\"_blank\" rel=\"noreferrer noopener\">Kristova ku\u0161nja u pustinji<\/a><\/li>\n<\/ul>\n\n\n\n<h4 class=\"wp-block-heading\" id=\"12-15-11-21-kristove-pouke-milosrdni-samarijanac-rasipni-sin-pdf-ppt\">12) 21. 11. 22. <a href=\"https:\/\/amdg.ffrz.hr\/nz\/nz12_samarijanac_rasipnisin.pdf\">Kristove pouke: Milosrdni Samarijanac, Rasipni sin (PDF)<\/a> * (<a href=\"https:\/\/amdg.ffrz.hr\/nz\/nz12_samarijanac_rasipnisin.ppt\">PPT<\/a>)<\/h4>\n\n\n\n<ul class=\"wp-block-list\">\n<li>Lk 5,33-39: <a href=\"https:\/\/amdg.eu\/2018\/09\/zarucnik-i-svatovi-audio\/\" target=\"_blank\" rel=\"noreferrer noopener\">Zaru\u010dnik i svatovi (audio)<\/a><\/li>\n\n\n\n<li>Lk 6,1-5: <a href=\"https:\/\/amdg.eu\/2020\/09\/uz-danasnjeevandelje-2\/\" target=\"_blank\" rel=\"noreferrer noopener\">Molitva<\/a><\/li>\n\n\n\n<li>Lk 6,6-11: <a href=\"https:\/\/amdg.ffrz.hr\/?p=3481\" target=\"_blank\" rel=\"noreferrer noopener\">Osu\u0161ena desnica<\/a><\/li>\n\n\n\n<li>Lk 6,20-26: <a href=\"https:\/\/amdg.eu\/2020\/09\/ustav-krscanske-vjere\/\">Ustav kr\u0161\u0107anske vjere<\/a><\/li>\n\n\n\n<li>Lk 6,27-36: <a href=\"https:\/\/amdg.eu\/2012\/03\/ljubite-neprijatelje\/\">Ljubite neprijatelje!<\/a><\/li>\n\n\n\n<li>Lk 6,39-42: <a href=\"https:\/\/amdg.ffrz.hr\/?p=3493\" target=\"_blank\" rel=\"noreferrer noopener\">Dobro oko<\/a><\/li>\n\n\n\n<li>Lk 6,43-49: <a href=\"https:\/\/amdg.eu\/2020\/09\/ime-marijino-2\/\">Ime Marijino<\/a><\/li>\n\n\n\n<li>Lk 7,1-10: <a href=\"https:\/\/amdg.eu\/2021\/09\/silna-vjera-rimskoga-satnika-lk-71-10\/\">Silna vjera rimskoga satnika<\/a><\/li>\n\n\n\n<li>Lk 7, 31-35: <a href=\"https:\/\/amdg.eu\/2020\/09\/uz-danasnjeevandelje-3\/\">Molitva vje\u010dnoj Mudrosti<\/a><\/li>\n\n\n\n<li>Lk 7,36-50: <a href=\"https:\/\/amdg.ffrz.hr\/?p=3391\">Grje\u0161nica (Lk 7,36-50)<\/a> * <a href=\"https:\/\/amdg.ffrz.hr\/?p=3387\">Molitva u ku\u0107i farizeja \u0160imuna<\/a><\/li>\n\n\n\n<li>Lk 9,1-6: <a href=\"https:\/\/amdg.ffrz.hr\/?p=3566\">Dvanaestorica poslanih<\/a><\/li>\n\n\n\n<li>Lk 9,10-17: <a href=\"https:\/\/amdg.eu\/2012\/03\/kruh-s-neba\/\">Kruh s neba<\/a><\/li>\n\n\n\n<li>Lk 10,1-9: <a href=\"https:\/\/amdg.eu\/2012\/03\/lice-isusovo-lk-101-9\/\" target=\"_blank\" rel=\"noreferrer noopener\">Lice Isusovo<\/a><\/li>\n<\/ul>\n\n\n\n<p>Lk 10,25-37: <a href=\"https:\/\/amdg.eu\/2012\/09\/krist-ucitelj-milosrda\/\">Krist &#8211; U\u010ditelj milosr\u0111a. Kristova metoda u prispodobi o milosrdnom Samarijancu<\/a><\/p>\n\n\n\n<ul class=\"wp-block-list\">\n<li>Lk 10,38-42: <a href=\"https:\/\/amdg.eu\/2012\/03\/dvije-sestre-lk-1038-42\/\">Dvije sestre<\/a><\/li>\n\n\n\n<li>Lk 12,13-21: <a rel=\"noreferrer noopener\" href=\"https:\/\/amdg.eu\/2019\/08\/bozji-bogatas-ili-bogom-bogat\/\" target=\"_blank\">Bo\u017eji bogata\u0161 ili Bogom bogat<\/a> * <a href=\"https:\/\/amdg.eu\/2012\/02\/bozje-bogatstvo\/\">Bo\u017eje bogatstvo<\/a><\/li>\n\n\n\n<li>Lk 14,25-33: <a href=\"https:\/\/amdg.eu\/2019\/09\/mozes-li-biti-isusov-ucenik\/\">Mo\u017ee\u0161 li biti Isusov u\u010denik?<\/a><\/li>\n<\/ul>\n\n\n\n<p>Lk 15,11-32: <a href=\"https:\/\/amdg.ffrz.hr\/?p=2295\">\u0160kola odgovornosti<\/a> * <a href=\"https:\/\/amdg.eu\/2019\/09\/krscanska-radost\/\">Kr\u0161\u0107anska radost, radost obra\u0107enja (audio)<\/a> * <a href=\"https:\/\/amdg.ffrz.hr\/?p=2297\">Dva brata<\/a> * video: <a href=\"https:\/\/www.youtube.com\/watch?v=O8t9qffm1UE&amp;list=PLgrvM2s1LQ_cNxudMHmJI3BnrTK0DG9rQ&amp;index=82&amp;t=0s\" target=\"_blank\" rel=\"noreferrer noopener\">Rasipni sin<\/a><\/p>\n\n\n\n<ul class=\"wp-block-list\">\n<li>Lk 16,1-13: <a rel=\"noreferrer noopener\" href=\"https:\/\/amdg.ffrz.hr\/?p=3905\" target=\"_blank\">\u010cudnovati zahtjevi kr\u0161\u0107anske ekonomije<\/a><\/li>\n\n\n\n<li>Lk 16,19-31: <a href=\"https:\/\/amdg.eu\/2019\/09\/bogatas-i-siromah-lk-1619-31\/\" target=\"_blank\" rel=\"noreferrer noopener\">Bogata\u0161 i siromah<\/a><\/li>\n\n\n\n<li>Lk 17,5-10: <a href=\"https:\/\/amdg.eu\/2019\/10\/sluga-svoga-gospodara\/\" target=\"_blank\" rel=\"noreferrer noopener\">Sluga svoga gospodara<\/a><\/li>\n\n\n\n<li>Lk 17,11-19: <a href=\"https:\/\/amdg.eu\/2019\/10\/deset-gubavaca\/\" target=\"_blank\" rel=\"noreferrer noopener\">Deset gubavaca<\/a><\/li>\n\n\n\n<li>Lk 18,1-8: <a rel=\"noreferrer noopener\" href=\"https:\/\/amdg.eu\/2019\/10\/udovica-i-sudac\/\" target=\"_blank\">Udovica i sudac<\/a><\/li>\n\n\n\n<li>Lk 18,9-14: <a href=\"https:\/\/amdg.eu\/2012\/03\/farizej-i-carinik-lk-189-14\/\">Farizej i carinik<\/a><\/li>\n\n\n\n<li>Lk 19,1-10: <a rel=\"noreferrer noopener\" href=\"https:\/\/amdg.eu\/2019\/11\/iz-zakejeva-dnevnika\/\" target=\"_blank\">Iz Zakejeva dnevnika<\/a> * <a href=\"https:\/\/amdg.eu\/2012\/03\/nov-covjek\/\" target=\"_blank\" rel=\"noreferrer noopener\">Novi \u010dovjek<\/a><\/li>\n<\/ul>\n\n\n\n<h4 class=\"wp-block-heading\" id=\"13-18-11-21-isusova-muka-i-uskrsnuce-po-luki-pdf-ppt\">13) 23. 11. 22. <a href=\"https:\/\/amdg.ffrz.hr\/nz\/nz13_LkMukaUskrs.pdf\">Isusova muka i uskrsnu\u0107e po Luki (PDF)<\/a> * <a href=\"https:\/\/amdg.ffrz.hr\/nz\/nz13_LkMukaUskrs.ppt\">(PPT)<\/a><\/h4>\n\n\n\n<ul class=\"wp-block-list\">\n<li>Lk 24,13\u201333: <a href=\"https:\/\/amdg.eu\/2012\/02\/blagoslovljeno-prijateljstvo\/\" target=\"_blank\" rel=\"noreferrer noopener\">Blagoslovljeno prijateljstvo<\/a><\/li>\n\n\n\n<li>Lk 24,13-36: <a href=\"https:\/\/amdg.eu\/2012\/03\/meditacija-o-putu-u-emaus\/\">Meditacija o putu u Emaus<\/a><\/li>\n\n\n\n<li><a href=\"https:\/\/youtu.be\/jS0BocI85LA\">Video: Uskrsli u\u010ditelj sama sebe tuma\u010di<\/a><\/li>\n\n\n\n<li>Lk 24,13-35: <a href=\"https:\/\/amdg.ffrz.hr\/duhvj\/credo2018\/01emaus.pdf\">PDF<\/a> * <a href=\"https:\/\/amdg.ffrz.hr\/duhvj\/credo2018\/01emaus.ppt\">Kristov znak. Put do Emausa i natrag (Lk 24,13-45) .ppt<\/a><\/li>\n\n\n\n<li><a href=\"https:\/\/amdg.ffrz.hr\/?p=1130\">Molitva Isusu, U\u010ditelju, na putu u Emaus<\/a><\/li>\n\n\n\n<li>Lk 24,35-48: <a rel=\"noreferrer noopener\" href=\"https:\/\/amdg.eu\/2012\/02\/ucitelj-je-uskrsnuo\/\" target=\"_blank\">U\u010ditelj je uskrsnuo \u2013 Uskrsli Isus nije samo duh, nego \u010dovjek<\/a><\/li>\n<\/ul>\n\n\n\n<h4 class=\"wp-block-heading\" id=\"14-22-11-21-evandelje-po-ivanu-pregled-pdf-ppt\">14) 30. 11. 21.  <a href=\"https:\/\/amdg.ffrz.hr\/nz\/nz14_Iv.pdf\">Evan\u0111elje po Ivanu &#8211; pregled (PDF)<\/a> * <a href=\"https:\/\/amdg.ffrz.hr\/nz\/nz14_Iv.ppt\">(PPT)<\/a><\/h4>\n\n\n\n<p><a href=\"https:\/\/amdg.ffrz.hr\/nz\/nz14_Iv-pregled_radnilist.doc\">radni list (.doc)<\/a><\/p>\n\n\n\n<h4 class=\"wp-block-heading\" id=\"15-25-11-21-krist-kralj-u-iv-isusov-put-u-muku-u-iv-1-11-pdf-ppt\">15) 5. 12. 22. <a href=\"https:\/\/amdg.ffrz.hr\/nz\/nz15_Iv_KristKralj_putumuku.pdf\">Krist Kralj u Iv; Isusov put u Muku u Iv 1-11 (PDF)<\/a> * <a href=\"https:\/\/amdg.ffrz.hr\/nz\/nz15_Iv_KristKralj_putumuku.ppt\">(PPT)<\/a><\/h4>\n\n\n\n<ul class=\"wp-block-list\">\n<li>Iv 1,35-42:&nbsp;<a href=\"https:\/\/amdg.eu\/2018\/01\/kako-krscanin-dobiva-ime\/\">Kako kr\u0161\u0107anin dobiva ime?<\/a> * <a href=\"https:\/\/amdg.eu\/2021\/01\/kod-ucitelja-isusa-iv-1-35-42\/\">Kod U\u010ditelja Isusa (Iv 1, 35-42)<\/a><\/li>\n\n\n\n<li>Iv 3,13-18: <a href=\"https:\/\/amdg.eu\/2021\/09\/ima-biti-podignut-iv-313-17\/\">Ima biti podignut<\/a><\/li>\n\n\n\n<li>Iv 3,13-17: <a href=\"https:\/\/amdg.eu\/2021\/09\/ima-biti-podignut-iv-313-17\/\">Ima biti podignut (Iv 3,13-17)<\/a><\/li>\n\n\n\n<li>Iv 3,14-21:&nbsp;<a href=\"https:\/\/amdg.eu\/2012\/03\/povratak-na-bitno\/\">Povratak na bitno (Iv 3,14-21)<\/a><\/li>\n\n\n\n<li>Iv 4,5-42:&nbsp;<a href=\"https:\/\/amdg.eu\/2020\/03\/zena-samarijanka-i-virus-korona\/\" target=\"_blank\" rel=\"noreferrer noopener\">\u017dena Samarijanka i \u201cvirus Korona\u201d<\/a>&nbsp;*&nbsp;<a href=\"https:\/\/www.vaticannews.va\/hr\/crkva\/news\/2020-03\/razmisljanje-uz-misna-citanja-2-korizmene-nedjelje-u-liturgijsko0.html\" target=\"_blank\" rel=\"noreferrer noopener\">Vje\u010dna \u017ee\u0111<\/a><\/li>\n\n\n\n<li>Iv 8,1-12:&nbsp;<a href=\"https:\/\/amdg.eu\/2012\/03\/isus-svjetlo-svijeta\/\" target=\"_blank\" rel=\"noreferrer noopener\">Isus \u2013 Svjetlo svijeta<\/a>&nbsp;*&nbsp;<a href=\"https:\/\/amdg.eu\/2012\/03\/oprostenje-u-hramu\/\">Opro\u0161tenje u hramu<\/a><\/li>\n\n\n\n<li>Iv 8,51-59:&nbsp;<a href=\"https:\/\/amdg.eu\/2020\/04\/praotac-abraham-i-isus-vjecni-sin-ocev\/\" target=\"_blank\" rel=\"noreferrer noopener\">Praotac Abraham i Isus, vje\u010dni Sin O\u010dev<\/a><\/li>\n\n\n\n<li>Iv 6,1-15:&nbsp;<a href=\"https:\/\/amdg.eu\/2012\/02\/znao-je-sto-ce\/\" target=\"_blank\" rel=\"noreferrer noopener\">Znao je \u0161to \u0107e<\/a><\/li>\n\n\n\n<li>Iv 6,51-58:&nbsp;<a href=\"https:\/\/amdg.eu\/2020\/06\/jedno-tijelo\/\" target=\"_blank\" rel=\"noreferrer noopener\">Jedno tijelo<\/a><\/li>\n\n\n\n<li>Iv 10,31-42: <a href=\"https:\/\/amdg.eu\/2020\/04\/djela-oceva\/\">Djela O\u010deva (Iv 10, 31-42)<\/a><\/li>\n\n\n\n<li>Iv 11:&nbsp;<a href=\"https:\/\/amdg.eu\/2012\/03\/lazar-prijatelj-iv-11\/\">Lazar, prijatelj<\/a>&nbsp;*&nbsp;<a href=\"https:\/\/www.vaticannews.va\/hr\/crkva\/news\/2020-03\/razmisljanje-uz-misna-citanja-5-korizmene-nedjelje-u-liturgijsko.html\" target=\"_blank\" rel=\"noreferrer noopener\">Isus u suzama (Iv 11,1-45) \u2013 tekst i audio<\/a><\/li>\n\n\n\n<li>Iv 11,19-27:&nbsp;<a href=\"https:\/\/amdg.eu\/2012\/03\/marta-je-drukcija\/\" target=\"_blank\" rel=\"noreferrer noopener\">Marta je druk\u010dija<\/a><\/li>\n<\/ul>\n\n\n\n<h4 class=\"wp-block-heading\" id=\"16-28-11-21-isusov-cas-u-knjizi-casa-iv-12-21-pdf-ppt\">16) 7. i 12. 22.<a href=\"https:\/\/amdg.ffrz.hr\/nz\/nz16_Iv_cas.pdf\"> Isusov \u010cas u<\/a><a href=\"https:\/\/amdg.ffrz.hr\/nz\/nz16_Iv_cas.pdf\" target=\"_blank\" rel=\"noreferrer noopener\"> Knjizi \u010casa Iv 12-21 (PDF)<\/a> * <a href=\"https:\/\/amdg.ffrz.hr\/nz\/nz16_Iv_cas.ppt\">(PPT)<\/a> * <a href=\"https:\/\/amdg.ffrz.hr\/nz\/nz16a_magdalena.pdf\">Marija Magdalena i Isus (PDF)<\/a> * (<a href=\"https:\/\/amdg.ffrz.hr\/nz\/nz16a_magdalena.ppt\">PPT<\/a>)<\/h4>\n\n\n\n<ul class=\"wp-block-list\">\n<li>Iv 12,20-33: <a href=\"https:\/\/amdg.eu\/2021\/03\/cas-isusove-proslave-iv-1220-33\/\">\u010cas Isusove proslave (Iv 12,20-33)<\/a><\/li>\n\n\n\n<li>Iv 14,27\u201331:&nbsp;<a href=\"https:\/\/amdg.eu\/2012\/03\/kristov-mir-iv-1427-31\/\">Kristov mir<\/a><\/li>\n\n\n\n<li>Iv 15,1-8:&nbsp;<a href=\"https:\/\/amdg.eu\/2012\/03\/tajna-krscanske-plodnosti\/\">Tajna kr\u0161\u0107anske plodnosti (Iv 15,1-8)<\/a> * <a href=\"https:\/\/amdg.eu\/2021\/05\/tko-donosi-mnogo-roda-iv-151-8\/\">Tko donosi mnogo roda? (Iv 15,1-8)<\/a><\/li>\n\n\n\n<li>Iv 15,9-17:&nbsp;<a href=\"https:\/\/amdg.ffrz.hr\/?p=919\">Ostanite u mojoj ljubavi (tekst i audio)<\/a>&nbsp;*&nbsp;<a href=\"https:\/\/amdg.eu\/2020\/05\/dan-sv-matije-apostola\/\" target=\"_blank\" rel=\"noreferrer noopener\">Zazivi Kristu<\/a><\/li>\n\n\n\n<li>Iv 15,12-17:&nbsp;<a href=\"https:\/\/amdg.eu\/2012\/03\/ljubite-jedni-druge\/\" target=\"_blank\" rel=\"noreferrer noopener\">Ljubite jedni druge<\/a><\/li>\n\n\n\n<li>Iv 16,5-11:&nbsp;<a href=\"https:\/\/amdg.eu\/2020\/05\/kamo-ides-iv-165\/\" target=\"_blank\" rel=\"noreferrer noopener\">Kamo ide\u0161 (tekst i audio)<\/a><\/li>\n\n\n\n<li>Iv 16,29-33:&nbsp;<a href=\"https:\/\/amdg.eu\/2020\/05\/evandeljedana\/\" target=\"_blank\" rel=\"noreferrer noopener\">Zazivi Kristu<\/a><\/li>\n\n\n\n<li>Iv 17:&nbsp;<a href=\"https:\/\/amdg.eu\/2020\/06\/sloga-iz-kristove-molitve-iv-17\/\" target=\"_blank\" rel=\"noreferrer noopener\">Sloga iz Kristove molitve (audio)<\/a><\/li>\n<\/ul>\n\n\n\n<figure class=\"wp-block-audio\"><audio controls src=\"https:\/\/amdg.ffrz.hr\/amdg_aiv\/Iv17_6620.mp3\"><\/audio><figcaption class=\"wp-element-caption\">Sloga iz Kristove molitve<\/figcaption><\/figure>\n\n\n\n<ul class=\"wp-block-list\">\n<li>Iv 17,1-11a&nbsp;<a href=\"https:\/\/amdg.eu\/2020\/05\/proslavi-me\/\" target=\"_blank\" rel=\"noreferrer noopener\">Proslavi me! (tekst i audio)<\/a><\/li>\n\n\n\n<li>Iv 17,11b-19:&nbsp;<a href=\"https:\/\/amdg.ffrz.hr\/?p=923\">Velika Kristova molitva<\/a>&nbsp;*&nbsp;<a rel=\"noreferrer noopener\" href=\"https:\/\/amdg.eu\/2012\/02\/zahvala-i-radost\/\" target=\"_blank\">Zahvala i radost<\/a>&nbsp;*&nbsp;<a rel=\"noreferrer noopener\" href=\"https:\/\/amdg.eu\/2020\/05\/evandelje-dana\/\" target=\"_blank\">Zazivi Kristu<\/a><\/li>\n\n\n\n<li>Iv 19,31-37:&nbsp;<a href=\"https:\/\/amdg.ffrz.hr\/?p=3508\">Srce kr\u0161\u0107anstva<\/a><\/li>\n\n\n\n<li>Iv 20,1-9:&nbsp;<a href=\"https:\/\/amdg.eu\/2020\/04\/uskrsni-pocetak\/\" target=\"_blank\" rel=\"noreferrer noopener\">Uskrsni po\u010detak<\/a><\/li>\n\n\n\n<li>Iv 20,11-18: <a href=\"https:\/\/amdg.eu\/2021\/04\/marija-magdalena-i-njezin-uskrsli-ucitelj-iv-2011-18\/\">Marija Magdalena i njezin uskrsli U\u010ditelj (Iv 20,11-18)<\/a><\/li>\n\n\n\n<li>Iv 20,19-31:&nbsp;<a href=\"https:\/\/amdg.eu\/2020\/04\/biblija-u-nedjelju-bozjega-milosrda\/\" target=\"_blank\" rel=\"noreferrer noopener\">Biblija u nedjelju Bo\u017ejega milosr\u0111a<\/a>&nbsp;*&nbsp;<a href=\"https:\/\/amdg.eu\/2012\/02\/bijela-nedjelja\/\" target=\"_blank\" rel=\"noreferrer noopener\">Bijela nedjelja<\/a><\/li>\n\n\n\n<li>Iv 21,15-19:&nbsp;<a href=\"https:\/\/amdg.eu\/2020\/05\/dnevnoevandelje-2\/\" target=\"_blank\" rel=\"noreferrer noopener\">Zazivi Kristu<\/a><\/li>\n<\/ul>\n\n\n\n<h4 class=\"wp-block-heading\" id=\"17-2-12-21-djela-apostolska-pdf-ppt\">17) 14. 12. 22. <a href=\"https:\/\/amdg.ffrz.hr\/nz\/nz17_Dj.pdf\">Djela apostolska &#8211; 1. dio (PDF)<\/a> * <a href=\"https:\/\/amdg.ffrz.hr\/nz\/nz17_Dj.ppt\">(PPT)<\/a><\/h4>\n\n\n\n<h4 class=\"wp-block-heading\" id=\"18-6-12-21-djela-apostolska-pdf-ppt\">18) 19. 12. 22. <a href=\"https:\/\/amdg.ffrz.hr\/nz\/nz18_Dj2.pdf\">Djela apostolska &#8211; 2. dio (PDF)<\/a> * <a href=\"https:\/\/amdg.ffrz.hr\/nz\/nz18_Dj2.ppt\">(PPT)<\/a><\/h4>\n\n\n\n<ul class=\"wp-block-list\">\n<li><a href=\"https:\/\/amdg.ffrz.hr\/wp-content\/uploads\/dj_Barnaba_pitanja.pdf\">Barnaba &#8211; radni list (PDF)<\/a> * <a href=\"https:\/\/amdg.ffrz.hr\/wp-content\/uploads\/dj_Barnaba_pitanja.doc\">(doc)<\/a><\/li>\n<\/ul>\n\n\n\n<h4 class=\"wp-block-heading\" id=\"18a-13-12-21-pregled-pavlovih-poslanica-pdf-ppt\">19) 21. 12. 22. <a href=\"https:\/\/amdg.ffrz.hr\/nz\/nz19_Dj3_pavao.pdf\">Istina o sv. Pavlu (PDF)<\/a> * (<a href=\"https:\/\/amdg.ffrz.hr\/nz\/nz19_Dj3_pavao.ppt\">PPT<\/a>) <a href=\"https:\/\/amdg.ffrz.hr\/nz\/nz18a_pavao.pdf\">Pregled Pavlovih poslanica (PDF)<\/a> * <a href=\"https:\/\/amdg.ffrz.hr\/nz\/nz18a_pavao.ppt\">(PPT)<\/a><\/h4>\n\n\n\n<ul class=\"wp-block-list\">\n<li>vidi: <a href=\"https:\/\/amdg.ffrz.hr\/?page_id=3345\">Pavao iz Tarza: tekstovi i teme<\/a><\/li>\n\n\n\n<li> <a href=\"https:\/\/amdg.ffrz.hr\/?p=4489\">Kako je sve po\u010delo &#8211; Prva poslanica Solunjanima<\/a><\/li>\n\n\n\n<li>Poslu\u0161ajte: <\/li>\n<\/ul>\n\n\n\n<figure class=\"wp-block-audio\"><audio controls src=\"http:\/\/amdg.ffrz.hr\/amdg_aiv\/1Solunjanima_RM51220.mp3\"><\/audio><figcaption class=\"wp-element-caption\">Kako je sve po\u010delo &#8211; 1 Sol<\/figcaption><\/figure>\n\n\n\n<h4 class=\"wp-block-heading\" id=\"19-16-12-21-jakovljeva-poslanica-pdf-ppt\">20) 9. 1. 23. <a href=\"https:\/\/amdg.ffrz.hr\/nz\/nz20_Jak.pdf\">Jakovljeva poslanica (PDF)<\/a> * <a href=\"https:\/\/amdg.ffrz.hr\/nz\/nz20_Jak.ppt\">PPT<\/a><\/h4>\n\n\n\n<ul class=\"wp-block-list\">\n<li><a href=\"https:\/\/amdg.ffrz.hr\/?p=5621\" target=\"_blank\" rel=\"noreferrer noopener\">Siroma\u0161tvo kao okosnica Jakovljeve poslanice<\/a><\/li>\n<\/ul>\n\n\n\n<h4 class=\"wp-block-heading\" id=\"20-20-12-21-prva-i-druga-petrova-poslanica-pdf-ppt\">21) 11. 1. 23. <a href=\"https:\/\/amdg.ffrz.hr\/nz\/nz21_Pt.pdf\" target=\"_blank\" rel=\"noreferrer noopener\">Prva i Druga Petrova poslanica (PDF)<\/a> * <a href=\"https:\/\/amdg.ffrz.hr\/nz\/nz21_Pt.ppt\">PPT<\/a><\/h4>\n\n\n\n<h4 class=\"wp-block-heading\" id=\"21-10-1-22-prva-ivanova-poslanica-pdf-ppt\">22) 16. 1. 23. <a href=\"https:\/\/amdg.ffrz.hr\/nz\/nz22_1Iv.pdf\" target=\"_blank\" rel=\"noreferrer noopener\">Prva Ivanova poslanica (PDF)<\/a> * <a href=\"https:\/\/amdg.ffrz.hr\/nz\/nz22_1Iv.ppt\">(PPT)<\/a><\/h4>\n\n\n\n<p>Poslu\u0161ajte: <a href=\"https:\/\/amdg.eu\/2022\/02\/prva-ivanova-poslanica\/\">Ustroj i zna\u010denje Prve Ivanove poslanice<\/a><\/p>\n\n\n\n<figure class=\"wp-block-audio\"><audio controls src=\"https:\/\/amdg.ffrz.hr\/amdg_aiv\/1IvanovaRM_5222.mp3\"><\/audio><\/figure>\n\n\n\n<h4 class=\"wp-block-heading\" id=\"22-13-1-22-druga-i-treca-ivanova-poslanica-pdf-ppt\">23)  18. 1. 23. <a href=\"https:\/\/amdg.ffrz.hr\/nz\/nz23_2_3Iv.pdf\" target=\"_blank\" rel=\"noreferrer noopener\">Druga i tre\u0107a Ivanova poslanica (PDF)<\/a> * <a href=\"https:\/\/amdg.ffrz.hr\/nz\/nz23_2_3Iv.ppt\">(PPT)<\/a><\/h4>\n\n\n\n<h4 class=\"wp-block-heading\" id=\"23-17-1-22-judina-poslanica-pdf-ppt\">24) 23. 1. 23. <a href=\"https:\/\/amdg.ffrz.hr\/nz\/nz24_jd.pdf\" target=\"_blank\" rel=\"noreferrer noopener\">Judina poslanica (PDF)<\/a> * <a href=\"https:\/\/amdg.ffrz.hr\/nz\/nz24_jd.ppt\">(PPT)<\/a><\/h4>\n\n\n\n<p>Poslu\u0161ajte: <a href=\"https:\/\/youtu.be\/Y-rnNKFZvaw\">Kakvu ulogu ima Poslanica Jude apostola (YouTube)<\/a> <\/p>\n\n\n\n<figure class=\"wp-block-audio\"><audio controls src=\"https:\/\/amdg.ffrz.hr\/amdg_aiv\/nz\/judinaposlanica4122021mastered.mp3\"><\/audio><figcaption class=\"wp-element-caption\">Kakvu ulogu ima Poslanica Jude apostola<\/figcaption><\/figure>\n\n\n\n<h4 class=\"wp-block-heading\" id=\"24-20-1-22-knjiga-otkrivenja-pdf-ppt\">25) 25. 1. 23. <a href=\"https:\/\/amdg.ffrz.hr\/nz\/nz25_Otk.pdf\" target=\"_blank\" rel=\"noreferrer noopener\">Knjiga Otkrivenja (PDF)<\/a> * <a href=\"https:\/\/amdg.ffrz.hr\/nz\/nz25_Otk.ppt\">(PPT)<\/a><\/h4>\n\n\n\n<ul class=\"wp-block-list\">\n<li>Poslu\u0161ajte: <a href=\"https:\/\/amdg.ffrz.hr\/amdg_aiv\/otkrivenje_RM2-1-2021.mp3\">Ustroj i aktualan sadr\u017eaj Knjige Otkrivenja (.mp3)<\/a><\/li>\n<\/ul>\n\n\n\n<figure class=\"wp-block-audio\"><audio controls src=\"https:\/\/amdg.ffrz.hr\/amdg_aiv\/otkrivenje_RM2-1-2021.mp3\"><\/audio><\/figure>\n\n\n\n<p>Za pristup zavr\u0161nom ISPITU potrebno je aktivno sudjelovanje u 75% nastave, osobni studij, podrobno poznavanje biblijskoga teksta i uvid u stru\u010dnu literaturu. Izvanredni \u0107e studenti po\u010detkom semestra s nastavnikom utvrditi mentorski oblik studiranja.<\/p>\n\n\n\n<p>1) Za zavr\u0161ni ispit svaki \u0107e student po vlastitom izboru prou\u010diti jedan znanstveni Uvod u Novi zavjet.<\/p>\n\n\n\n<p>2) Samostalno \u0107e odabrati i studijski usporediti dva Evan\u0111elja s obzirom na na\u010din opisa i sadr\u017eaj (Mt i Mk, ili Mt i Lk, ili Mt i Iv, ili Mk i Lk, ili Mk i Iv, ili Lk i Iv).<\/p>\n\n\n\n<p>3) Podrobno \u0107e prostudirati jednu od Pavlovih poslanica ili jednu od Katoli\u010dkih poslanica ili Otkrivenje.<\/p>\n\n\n\n<p>4) Prou\u010dit \u0107e kako Novi zavjet prikazuje jednu od klju\u010dnih tema iz Kristova \u017eivota: Isusovo pou\u010davanje, Isusova djela i \u010dudesa, Isusova posljednja ve\u010dera, Isusova muka i smrt, Isusovo uskrsnu\u0107e ili sli\u010dno.<\/p>\n\n\n\n<p>Radi didaktike i plodne pedagogije studenti mogu jedan izbor pripraviti za rad s djecom, drugi za rad s odraslima, a tre\u0107i kao izlaganje za znanstveni simpozij (naslov izlaganja i glavni argumenti).<\/p>\n\n\n\n<blockquote class=\"wp-block-quote is-layout-flow wp-block-quote-is-layout-flow\">\n<p><strong>ISPITI<\/strong>:<\/p>\n\n\n\n<p><a href=\"https:\/\/amdg.ffrz.hr\/wp-content\/uploads\/ispiti_NZ.pdf\">\u010detvrtak, 9. velja\u010de 2023., 14-16 sati, dvorana D&#8217;Errico<\/a><\/p>\n\n\n\n<p><a href=\"https:\/\/amdg.ffrz.hr\/wp-content\/uploads\/ispiti_NZ.pdf\">\u010detvrtak, 23. velja\u010de, 12-16 sati, u\u010dionica 003<\/a><\/p>\n\n\n\n<p>Za ispit se prijavljuje preko <a href=\"https:\/\/www.isvu.hr\/studomat\/hr\/prijava\">STUDOMATA<\/a><\/p>\n<\/blockquote>\n\n\n\n<h5 class=\"wp-block-heading\"><a href=\"https:\/\/amdg.ffrz.hr\/?page_id=5336\">Pregled prija\u0161nje nastave<\/a><\/h5>\n","protected":false},"excerpt":{"rendered":"<p>Dokument o osnutku i Osniva\u010du kr\u0161\u0107anstva stanje: 25. 1. 2023. Predmet: 39060, ECTS 6,354. ak. godina Sveu\u010dili\u0161ta u Zagrebu zimski semestar 2022.\/2023.ponedjeljkom u 11:15 i srijedom u 10:15Fakultet filozofije i religijskih znanostiZagreb, Jordanovac 110, u\u010dionica 004 Nakon \u0161to su se studenti na Uvodu u Bibliju upoznali s cjelinom Kanona i nakon \u0161to su u drugoj [&hellip;]<\/p>\n","protected":false},"author":1,"featured_media":2244,"parent":0,"menu_order":0,"comment_status":"closed","ping_status":"closed","template":"","meta":{"footnotes":""},"class_list":["post-3342","page","type-page","status-publish","has-post-thumbnail","hentry"],"yoast_head":"<!-- This site is optimized with the Yoast SEO plugin v26.0 - https:\/\/yoast.com\/wordpress\/plugins\/seo\/ -->\n<title>Biblija - Novi zavjet - Ad maiorem Dei gloriam<\/title>\n<meta name=\"description\" content=\"Studiramo 27 knjiga Novoga zavjeta, isti\u010du\u0107i 4 Evan\u0111elja koja opisuju \u017eivot i djelo Isusa Krista te su ve\u0107 2 milenija vrhunska svetinja.\" \/>\n<meta name=\"robots\" content=\"index, follow, max-snippet:-1, max-image-preview:large, max-video-preview:-1\" \/>\n<link rel=\"canonical\" href=\"https:\/\/amdg.ffrz.hr\/?page_id=3342\" \/>\n<meta property=\"og:locale\" content=\"hr_HR\" \/>\n<meta property=\"og:type\" content=\"article\" \/>\n<meta property=\"og:title\" content=\"Biblija - Novi zavjet - Ad maiorem Dei gloriam\" \/>\n<meta property=\"og:description\" content=\"Studiramo 27 knjiga Novoga zavjeta, isti\u010du\u0107i 4 Evan\u0111elja koja opisuju \u017eivot i djelo Isusa Krista te su ve\u0107 2 milenija vrhunska svetinja.\" \/>\n<meta property=\"og:url\" content=\"https:\/\/amdg.ffrz.hr\/?page_id=3342\" \/>\n<meta property=\"og:site_name\" content=\"Ad maiorem Dei gloriam\" \/>\n<meta property=\"article:publisher\" content=\"https:\/\/www.facebook.com\/paterniko\" \/>\n<meta property=\"article:modified_time\" content=\"2023-01-26T10:29:35+00:00\" \/>\n<meta property=\"og:image\" content=\"https:\/\/amdg.ffrz.hr\/wp-content\/uploads\/Header.jpg\" \/>\n\t<meta property=\"og:image:width\" content=\"968\" \/>\n\t<meta property=\"og:image:height\" content=\"85\" \/>\n\t<meta property=\"og:image:type\" content=\"image\/jpeg\" \/>\n<meta name=\"twitter:card\" content=\"summary_large_image\" \/>\n<meta name=\"twitter:label1\" content=\"Procijenjeno vrijeme \u010ditanja\" \/>\n\t<meta name=\"twitter:data1\" content=\"11 minuta\" \/>\n<script type=\"application\/ld+json\" class=\"yoast-schema-graph\">{\"@context\":\"https:\/\/schema.org\",\"@graph\":[{\"@type\":\"WebPage\",\"@id\":\"https:\/\/amdg.ffrz.hr\/?page_id=3342\",\"url\":\"https:\/\/amdg.ffrz.hr\/?page_id=3342\",\"name\":\"Biblija - Novi zavjet - Ad maiorem Dei gloriam\",\"isPartOf\":{\"@id\":\"https:\/\/amdg.ffrz.hr\/#website\"},\"primaryImageOfPage\":{\"@id\":\"https:\/\/amdg.ffrz.hr\/?page_id=3342#primaryimage\"},\"image\":{\"@id\":\"https:\/\/amdg.ffrz.hr\/?page_id=3342#primaryimage\"},\"thumbnailUrl\":\"https:\/\/amdg.ffrz.hr\/wp-content\/uploads\/Header.jpg\",\"datePublished\":\"2020-07-01T07:28:21+00:00\",\"dateModified\":\"2023-01-26T10:29:35+00:00\",\"description\":\"Studiramo 27 knjiga Novoga zavjeta, isti\u010du\u0107i 4 Evan\u0111elja koja opisuju \u017eivot i djelo Isusa Krista te su ve\u0107 2 milenija vrhunska svetinja.\",\"breadcrumb\":{\"@id\":\"https:\/\/amdg.ffrz.hr\/?page_id=3342#breadcrumb\"},\"inLanguage\":\"hr\",\"potentialAction\":[{\"@type\":\"ReadAction\",\"target\":[\"https:\/\/amdg.ffrz.hr\/?page_id=3342\"]}]},{\"@type\":\"ImageObject\",\"inLanguage\":\"hr\",\"@id\":\"https:\/\/amdg.ffrz.hr\/?page_id=3342#primaryimage\",\"url\":\"https:\/\/amdg.ffrz.hr\/wp-content\/uploads\/Header.jpg\",\"contentUrl\":\"https:\/\/amdg.ffrz.hr\/wp-content\/uploads\/Header.jpg\",\"width\":968,\"height\":85},{\"@type\":\"BreadcrumbList\",\"@id\":\"https:\/\/amdg.ffrz.hr\/?page_id=3342#breadcrumb\",\"itemListElement\":[{\"@type\":\"ListItem\",\"position\":1,\"name\":\"Po\u010detna stranica\",\"item\":\"https:\/\/amdg.ffrz.hr\/\"},{\"@type\":\"ListItem\",\"position\":2,\"name\":\"Biblija &#8211; Novi zavjet\"}]},{\"@type\":\"WebSite\",\"@id\":\"https:\/\/amdg.ffrz.hr\/#website\",\"url\":\"https:\/\/amdg.ffrz.hr\/\",\"name\":\"Ad maiorem Dei gloriam\",\"description\":\"doc. dr. sc. Niko Bili\u0107:  nastava, duhovnost i cjelo\u017eivotno u\u010denje\",\"publisher\":{\"@id\":\"https:\/\/amdg.ffrz.hr\/#\/schema\/person\/a3d4a18838314f7054f7cdc4f4d45f4a\"},\"potentialAction\":[{\"@type\":\"SearchAction\",\"target\":{\"@type\":\"EntryPoint\",\"urlTemplate\":\"https:\/\/amdg.ffrz.hr\/?s={search_term_string}\"},\"query-input\":{\"@type\":\"PropertyValueSpecification\",\"valueRequired\":true,\"valueName\":\"search_term_string\"}}],\"inLanguage\":\"hr\"},{\"@type\":[\"Person\",\"Organization\"],\"@id\":\"https:\/\/amdg.ffrz.hr\/#\/schema\/person\/a3d4a18838314f7054f7cdc4f4d45f4a\",\"name\":\"Niko Bili\u0107 SJ\",\"image\":{\"@type\":\"ImageObject\",\"inLanguage\":\"hr\",\"@id\":\"https:\/\/amdg.ffrz.hr\/#\/schema\/person\/image\/\",\"url\":\"https:\/\/secure.gravatar.com\/avatar\/14c6ebb29114394312c36c8ab93231d11917870146d266275d4470c0b6c44b88?s=96&d=blank&r=g\",\"contentUrl\":\"https:\/\/secure.gravatar.com\/avatar\/14c6ebb29114394312c36c8ab93231d11917870146d266275d4470c0b6c44b88?s=96&d=blank&r=g\",\"caption\":\"Niko Bili\u0107 SJ\"},\"logo\":{\"@id\":\"https:\/\/amdg.ffrz.hr\/#\/schema\/person\/image\/\"},\"sameAs\":[\"https:\/\/amdg.ffrz.hr\",\"https:\/\/www.facebook.com\/paterniko\",\"https:\/\/www.youtube.com\/user\/paterniko\"]}]}<\/script>\n<!-- \/ Yoast SEO plugin. -->","yoast_head_json":{"title":"Biblija - Novi zavjet - Ad maiorem Dei gloriam","description":"Studiramo 27 knjiga Novoga zavjeta, isti\u010du\u0107i 4 Evan\u0111elja koja opisuju \u017eivot i djelo Isusa Krista te su ve\u0107 2 milenija vrhunska svetinja.","robots":{"index":"index","follow":"follow","max-snippet":"max-snippet:-1","max-image-preview":"max-image-preview:large","max-video-preview":"max-video-preview:-1"},"canonical":"https:\/\/amdg.ffrz.hr\/?page_id=3342","og_locale":"hr_HR","og_type":"article","og_title":"Biblija - Novi zavjet - Ad maiorem Dei gloriam","og_description":"Studiramo 27 knjiga Novoga zavjeta, isti\u010du\u0107i 4 Evan\u0111elja koja opisuju \u017eivot i djelo Isusa Krista te su ve\u0107 2 milenija vrhunska svetinja.","og_url":"https:\/\/amdg.ffrz.hr\/?page_id=3342","og_site_name":"Ad maiorem Dei gloriam","article_publisher":"https:\/\/www.facebook.com\/paterniko","article_modified_time":"2023-01-26T10:29:35+00:00","og_image":[{"width":968,"height":85,"url":"https:\/\/amdg.ffrz.hr\/wp-content\/uploads\/Header.jpg","type":"image\/jpeg"}],"twitter_card":"summary_large_image","twitter_misc":{"Procijenjeno vrijeme \u010ditanja":"11 minuta"},"schema":{"@context":"https:\/\/schema.org","@graph":[{"@type":"WebPage","@id":"https:\/\/amdg.ffrz.hr\/?page_id=3342","url":"https:\/\/amdg.ffrz.hr\/?page_id=3342","name":"Biblija - Novi zavjet - Ad maiorem Dei gloriam","isPartOf":{"@id":"https:\/\/amdg.ffrz.hr\/#website"},"primaryImageOfPage":{"@id":"https:\/\/amdg.ffrz.hr\/?page_id=3342#primaryimage"},"image":{"@id":"https:\/\/amdg.ffrz.hr\/?page_id=3342#primaryimage"},"thumbnailUrl":"https:\/\/amdg.ffrz.hr\/wp-content\/uploads\/Header.jpg","datePublished":"2020-07-01T07:28:21+00:00","dateModified":"2023-01-26T10:29:35+00:00","description":"Studiramo 27 knjiga Novoga zavjeta, isti\u010du\u0107i 4 Evan\u0111elja koja opisuju \u017eivot i djelo Isusa Krista te su ve\u0107 2 milenija vrhunska svetinja.","breadcrumb":{"@id":"https:\/\/amdg.ffrz.hr\/?page_id=3342#breadcrumb"},"inLanguage":"hr","potentialAction":[{"@type":"ReadAction","target":["https:\/\/amdg.ffrz.hr\/?page_id=3342"]}]},{"@type":"ImageObject","inLanguage":"hr","@id":"https:\/\/amdg.ffrz.hr\/?page_id=3342#primaryimage","url":"https:\/\/amdg.ffrz.hr\/wp-content\/uploads\/Header.jpg","contentUrl":"https:\/\/amdg.ffrz.hr\/wp-content\/uploads\/Header.jpg","width":968,"height":85},{"@type":"BreadcrumbList","@id":"https:\/\/amdg.ffrz.hr\/?page_id=3342#breadcrumb","itemListElement":[{"@type":"ListItem","position":1,"name":"Po\u010detna stranica","item":"https:\/\/amdg.ffrz.hr\/"},{"@type":"ListItem","position":2,"name":"Biblija &#8211; Novi zavjet"}]},{"@type":"WebSite","@id":"https:\/\/amdg.ffrz.hr\/#website","url":"https:\/\/amdg.ffrz.hr\/","name":"Ad maiorem Dei gloriam","description":"doc. dr. sc. Niko Bili\u0107:  nastava, duhovnost i cjelo\u017eivotno u\u010denje","publisher":{"@id":"https:\/\/amdg.ffrz.hr\/#\/schema\/person\/a3d4a18838314f7054f7cdc4f4d45f4a"},"potentialAction":[{"@type":"SearchAction","target":{"@type":"EntryPoint","urlTemplate":"https:\/\/amdg.ffrz.hr\/?s={search_term_string}"},"query-input":{"@type":"PropertyValueSpecification","valueRequired":true,"valueName":"search_term_string"}}],"inLanguage":"hr"},{"@type":["Person","Organization"],"@id":"https:\/\/amdg.ffrz.hr\/#\/schema\/person\/a3d4a18838314f7054f7cdc4f4d45f4a","name":"Niko Bili\u0107 SJ","image":{"@type":"ImageObject","inLanguage":"hr","@id":"https:\/\/amdg.ffrz.hr\/#\/schema\/person\/image\/","url":"https:\/\/secure.gravatar.com\/avatar\/14c6ebb29114394312c36c8ab93231d11917870146d266275d4470c0b6c44b88?s=96&d=blank&r=g","contentUrl":"https:\/\/secure.gravatar.com\/avatar\/14c6ebb29114394312c36c8ab93231d11917870146d266275d4470c0b6c44b88?s=96&d=blank&r=g","caption":"Niko Bili\u0107 SJ"},"logo":{"@id":"https:\/\/amdg.ffrz.hr\/#\/schema\/person\/image\/"},"sameAs":["https:\/\/amdg.ffrz.hr","https:\/\/www.facebook.com\/paterniko","https:\/\/www.youtube.com\/user\/paterniko"]}]}},"_links":{"self":[{"href":"https:\/\/amdg.ffrz.hr\/index.php?rest_route=\/wp\/v2\/pages\/3342","targetHints":{"allow":["GET"]}}],"collection":[{"href":"https:\/\/amdg.ffrz.hr\/index.php?rest_route=\/wp\/v2\/pages"}],"about":[{"href":"https:\/\/amdg.ffrz.hr\/index.php?rest_route=\/wp\/v2\/types\/page"}],"author":[{"embeddable":true,"href":"https:\/\/amdg.ffrz.hr\/index.php?rest_route=\/wp\/v2\/users\/1"}],"replies":[{"embeddable":true,"href":"https:\/\/amdg.ffrz.hr\/index.php?rest_route=%2Fwp%2Fv2%2Fcomments&post=3342"}],"version-history":[{"count":186,"href":"https:\/\/amdg.ffrz.hr\/index.php?rest_route=\/wp\/v2\/pages\/3342\/revisions"}],"predecessor-version":[{"id":5804,"href":"https:\/\/amdg.ffrz.hr\/index.php?rest_route=\/wp\/v2\/pages\/3342\/revisions\/5804"}],"wp:featuredmedia":[{"embeddable":true,"href":"https:\/\/amdg.ffrz.hr\/index.php?rest_route=\/wp\/v2\/media\/2244"}],"wp:attachment":[{"href":"https:\/\/amdg.ffrz.hr\/index.php?rest_route=%2Fwp%2Fv2%2Fmedia&parent=3342"}],"curies":[{"name":"wp","href":"https:\/\/api.w.org\/{rel}","templated":true}]}}