{"id":34,"date":"2016-11-27T17:33:36","date_gmt":"2016-11-27T16:33:36","guid":{"rendered":"https:\/\/amdg.ffdi.hr\/WordPressHR\/?page_id=34"},"modified":"2025-09-19T09:38:07","modified_gmt":"2025-09-19T07:38:07","slug":"stari-zavjet","status":"publish","type":"page","link":"https:\/\/amdg.ffrz.hr\/?page_id=34","title":{"rendered":"Biblija &#8211; Stari zavjet"},"content":{"rendered":"\n<h3 class=\"wp-block-heading\"><strong><em>Temeljni religijski i religiolo\u0161ki dokument<\/em><\/strong><\/h3>\n\n\n<div class=\"wp-block-image\">\n<figure class=\"aligncenter is-resized\"><a href=\"https:\/\/amdg.ffrz.hr\/wp-content\/uploads\/scrolls.png\"><img loading=\"lazy\" decoding=\"async\" width=\"500\" height=\"370\" src=\"https:\/\/amdg.ffrz.hr\/wp-content\/uploads\/scrolls.png\" alt=\"\" class=\"wp-image-2336\" style=\"width:604px;height:447px\" srcset=\"https:\/\/amdg.ffrz.hr\/wp-content\/uploads\/scrolls.png 500w, https:\/\/amdg.ffrz.hr\/wp-content\/uploads\/scrolls-300x222.png 300w\" sizes=\"auto, (max-width: 500px) 100vw, 500px\" \/><\/a><\/figure>\n<\/div>\n\n<div class=\"wp-block-image is-style-rounded\">\n<figure class=\"alignright size-large\"><img decoding=\"async\" src=\"https:\/\/amdg.ffrz.hr\/wp-content\/uploads\/ffrz_logo_160x160.png\" alt=\"\"\/><\/figure>\n<\/div>\n\n\n<p>Predmet: 31384, ECTS 6. <br><strong>354. ak. godina Sveu\u010dili\u0161ta u Zagrebu<\/strong><br><strong>zimski semestar 2022.\/2023.<br>ponedjeljkom u 8:15 i srijedom u 8:15<br><\/strong><a href=\"http:\/\/www.ffrz.unizg.hr\">Fakultet filozofije i religijskih znanosti,<\/a><br>Zagreb, Jordanovac 110, dv. 101<\/p>\n\n\n\n<p class=\"has-text-align-right\"><strong>stanje: <mark style=\"background-color:rgba(0, 0, 0, 0);color:#f70404\" class=\"has-inline-color\">26. 1. 2023.<\/mark><\/strong><\/p>\n\n\n\n<ul class=\"wp-block-list\">\n<li>ISPITI\n<ul class=\"wp-block-list\">\n<li><a href=\"https:\/\/amdg.ffrz.hr\/wp-content\/uploads\/ispiti_SZ.pdf\">srijeda, 1. velja\u010de, 11-14 sati, u\u010dionica 101<\/a><\/li>\n\n\n\n<li><a href=\"https:\/\/amdg.ffrz.hr\/wp-content\/uploads\/ispiti_SZ.pdf\">srijeda, 15. velja\u010de, 10-13 sati, u\u010dionica 103<\/a><\/li>\n\n\n\n<li><strong>Za ispit se prijavljuje na <a href=\"https:\/\/www.isvu.hr\/studomat\/hr\/prijava\">STUDOMATU<\/a>.<\/strong><\/li>\n<\/ul>\n<\/li>\n<\/ul>\n\n\n\n<h2 class=\"wp-block-heading\">e-ud\u017ebenik<\/h2>\n\n\n\n<blockquote class=\"wp-block-quote is-layout-flow wp-block-quote-is-layout-flow\">\n<p>Za sudjelovanje u nastavi potrebno je imati vlastiti primjerak Svetoga pisma jer je glavni &#8220;materijal&#8221; biblijski tekst.&nbsp; Na raspolaganju su dva uobi\u010dajena cjelovita hrvatska prijevoda: <a href=\"https:\/\/www.ks.hr\/biblija-stari-i-novi-zavjet~8\">&#8220;Zagreba\u010dka Biblija&#8221;<\/a> (Stvarnost, KS i <a href=\"https:\/\/www.ks.hr\/dzepna-biblija-etui-sa-zatvaracem\">d\u017eepno izdanje<\/a>) i <a href=\"https:\/\/verbum.hr\/knjige\/biblija-tvrdi-uvez-113\/\">&#8220;\u0160ari\u0107eva Biblija&#8221;<\/a> (osvje\u017eeni prijevod nadbiskupa Ivana Ev. \u0160ari\u0107a, HBD, Verbum, Glas Koncila). Za studij je najprikladnije izdanje <a href=\"https:\/\/www.ks.hr\/98a17e37-3c03-42d2-b5f1-a124272ec359\">Jeruzalemska Biblija<\/a> jer donosi tekst podijeljen na odlomke s dodanim podnaslovima i nazna\u010denim untarbiblijskim vezama na margini, te s brojnim bilje\u0161kama i uvodima. U studiju biblijskih tekstova uvelike mo\u017ee pomo\u0107i i&nbsp;<a href=\"https:\/\/verbum.hr\/zvucna-biblija-audio-knjiga-2965\" target=\"_blank\" rel=\"noreferrer noopener\">Zvu\u010dna Biblija<\/a>&nbsp;u izdanju zaklade&nbsp;<a href=\"http:\/\/www.zakladacvv.hr\/\" target=\"_blank\" rel=\"noreferrer noopener\">\u010cujem, vjerujem, vidim<\/a>, sada dostupna i&nbsp;<a href=\"https:\/\/www.youtube.com\/watch?v=dVRqpCy8Qik&amp;list=PLsD1NZlExYFGziSR-Kd7NzD2vY8t-e0sH\" target=\"_blank\" rel=\"noreferrer noopener\">online<\/a>.<\/p>\n\n\n\n<p>Na internetu cijeli biblijski tekst u hrvatskom prijevodu nude:<br><a href=\"https:\/\/biblija.ks.hr\/\" target=\"_blank\" rel=\"noreferrer noopener\">Kr\u0161\u0107anska sada\u0161njost (KS)<\/a><br><a href=\"http:\/\/www.intratext.com\/ixt\/scr0002\/_INDEX.HTM\" target=\"_blank\" rel=\"noreferrer noopener\">Intratext<\/a>&nbsp;(s automatskom konkordancijom)<br><a href=\"https:\/\/www.biblija.net\/biblija.cgi?m=&amp;id40=1&amp;pos=0&amp;set=6&amp;l=sl\">Biblija.net<\/a><br><a href=\"https:\/\/biblija.biblija-govori.hr\/\">Biblija govori (grupa kr\u0161\u0107ana)<\/a><br>Ovdje je na raspolaganju i <a href=\"https:\/\/amdg.eu\/audio-sz\" target=\"_blank\" rel=\"noreferrer noopener\">audio-ud\u017ebenik<\/a> u nastajanju.<br>Redovito su u uporabi&nbsp;<a href=\"https:\/\/amdg.ffrz.hr\/wp-content\/uploads\/bibl_kratice.pdf\">kratice biblijskih knjiga (.pdf)<\/a>, te c \u2013 <em>caput<\/em>, poglavlje; v \u2013 <em>versus<\/em>, redak; s \u2013 <em>sequens<\/em>, sljede\u0107i.<\/p>\n<\/blockquote>\n\n\n\n<p><a href=\"https:\/\/amdg.eu\/2012\/10\/rp5100-literatura\/\">LITERATURA<\/a> * <a href=\"https:\/\/amdg.ffrz.hr\/?page_id=1203\">audio ud\u017ebenik: <em>Sveta knjiga &#8211; teolo\u0161ki uvod u Stari zavjet<\/em><\/a><\/p>\n\n\n\n<h4 class=\"wp-block-heading\">1) 10. 10. 22. <a href=\"https:\/\/amdg.ffrz.hr\/sz\/sz01_hermeneu_kanon.pdf\" target=\"_blank\" rel=\"noreferrer noopener\">Uvod: Elementi imanentne hermeneutike; Kanon Staroga zavjeta (PDF)<\/a> * (<a href=\"https:\/\/amdg.ffrz.hr\/sz\/sz01_hermeneu_kanon.ppt\">PPT<\/a>) <\/h4>\n\n\n\n<ul class=\"wp-block-list\">\n<li><a href=\"https:\/\/amdg.eu\/2012\/10\/sz-uvod\/\" target=\"_blank\" rel=\"noreferrer noopener\">Uvod u Stari zavjet<\/a> <\/li>\n\n\n\n<li><a href=\"https:\/\/amdg.eu\/2012\/10\/put-u-emaus\/\" target=\"_blank\" rel=\"noreferrer noopener\">Put u Emaus<\/a> <\/li>\n\n\n\n<li><a href=\"https:\/\/amdg.ffrz.hr\/?p=1968\" target=\"_blank\" rel=\"noreferrer noopener\">Za\u0161to studirati Sveto pismo?<\/a><\/li>\n\n\n\n<li><a href=\"https:\/\/amdg.eu\/2012\/10\/bozanska-pouka-za-zivot\/\" target=\"_blank\" rel=\"noreferrer noopener\">Bo\u017eanska pouka za \u017eivot (Ps 1)<\/a> <\/li>\n\n\n\n<li><strong>Poslu\u0161ajte: <\/strong>\n<ul class=\"wp-block-list\">\n<li><a href=\"https:\/\/amdg.ffrz.hr\/amdg_aiv\/biblija_predstavljanje.mp3\" target=\"_blank\" rel=\"noreferrer noopener\">O Bibliji (6.10.2015., urednik: Petar Bilobrk, .mp3; 52MB;<\/a> <\/li>\n\n\n\n<li><a href=\"https:\/\/amdg.ffrz.hr\/amdg_aiv\/sz\/sz01_isusibiblija.mp3\">Isus i Stari zavjet (.mp3, 19MB, 20 min.)<\/a> <\/li>\n<\/ul>\n<\/li>\n<\/ul>\n\n\n\n<h4 class=\"wp-block-heading\">2) 12. 10. 22. <a href=\"https:\/\/amdg.ffrz.hr\/sz\/sz02_jezici_stvaranje.pdf\" target=\"_blank\" rel=\"noreferrer noopener\">Jezici Staroga zavjeta; Kozmos i anthropos (PDF)<\/a> * <a href=\"https:\/\/amdg.ffrz.hr\/sz\/sz02_jezici_stvaranje.ppt\">(PPT)<\/a><\/h4>\n\n\n\n<ul class=\"wp-block-list\">\n<li><a href=\"https:\/\/amdg.ffrz.hr\/?p=2305\" target=\"_blank\" rel=\"noreferrer noopener\">Dobrota u strukturi stvaranja<\/a> <\/li>\n\n\n\n<li><a href=\"https:\/\/amdg.eu\/2012\/02\/covjekovo-poslanje\/\" target=\"_blank\" rel=\"noreferrer noopener\">Na sliku Bo\u017eju<\/a> <\/li>\n\n\n\n<li><a href=\"https:\/\/amdg.eu\/2012\/03\/tajna-krscanske-plodnosti\/\" target=\"_blank\" rel=\"noreferrer noopener\">Tajna kr\u0161\u0107anske plodnosti (Iv 15,1-8)<\/a> <\/li>\n\n\n\n<li><a href=\"https:\/\/amdg.eu\/2012\/10\/covjek-slika-bozja\/\" target=\"_blank\" rel=\"noreferrer noopener\">\u010covjek &#8211; slika Bo\u017eja<\/a> <\/li>\n\n\n\n<li><strong>Poslu\u0161ajte:<\/strong> <a href=\"https:\/\/amdg.ffrz.hr\/amdg_aiv\/sz\/sz02_stvaranje.mp3\" target=\"_blank\" rel=\"noreferrer noopener\">Stvaranje svijeta i \u010dovjeka (.mp3, 24MB, 25 min.)<\/a><\/li>\n\n\n\n<li><strong>video-ud\u017ebenik:<\/strong>\n<ul class=\"wp-block-list\">\n<li><a href=\"https:\/\/youtu.be\/jokxFEkA3iI\" target=\"_blank\" rel=\"noreferrer noopener\">\u010covjek &#8211; na sliku Bo\u017eju<\/a><\/li>\n\n\n\n<li><a href=\"https:\/\/youtu.be\/FxvVPPR6hmo\" target=\"_blank\" rel=\"noreferrer noopener\">Biblijski kanon<\/a> <\/li>\n\n\n\n<li><a href=\"https:\/\/youtu.be\/lcZBwR7xY3I\" target=\"_blank\" rel=\"noreferrer noopener\">Kozmos i anthropos<\/a><\/li>\n<\/ul>\n<\/li>\n<\/ul>\n\n\n\n<h4 class=\"wp-block-heading\">3) 17. 10. 22. <a href=\"https:\/\/amdg.ffrz.hr\/sz\/sz03_noa_abr.pdf\">Knjiga Postanka &#8211; Noa, Abraham (PDF)<\/a> * <a href=\"https:\/\/amdg.ffrz.hr\/sz\/sz03_noa_abr.ppt\">(PPT 4:3)<\/a> &#8211; (<a href=\"https:\/\/amdg.ffrz.hr\/sz\/sz03_noa_abr32x18.pdf\">PDF 16:9<\/a>) * <a href=\"https:\/\/amdg.ffrz.hr\/sz\/sz03_noa_abr32x18.ppt\">(PPT 16:9)<\/a> <\/h4>\n\n\n\n<ul class=\"wp-block-list\">\n<li><a href=\"https:\/\/amdg.eu\/2012\/03\/prvi-savez\/\" target=\"_blank\" rel=\"noreferrer noopener\">Prvi savez<\/a> <\/li>\n\n\n\n<li><a href=\"https:\/\/hrcak.srce.hr\/file\/118170\">\u201cPrvi savez. Post 9, 8-17 u teologiji saveza.\u201d u <em>Crkva u svijetu<\/em>: CUS. 47 (2012) ISSN 0352-400, 1, Split 2012.<\/a><\/li>\n\n\n\n<li><a href=\"https:\/\/amdg.eu\/2012\/05\/abrahamov-poziv\/\" target=\"_blank\" rel=\"noreferrer noopener\">Abrahamov poziv<\/a> <\/li>\n\n\n\n<li><a href=\"https:\/\/amdg.eu\/2012\/10\/abraham-praotac-nase-vjere\/\" target=\"_blank\" rel=\"noreferrer noopener\">Abraham, praotac na\u0161e vjere<\/a><\/li>\n\n\n\n<li><a href=\"https:\/\/amdg.ffrz.hr\/?p=2835\" target=\"_blank\" rel=\"noreferrer noopener\">Abrahamov put u Post 14<\/a> <\/li>\n\n\n\n<li><a href=\"http:\/\/amdg.eu\/2012\/03\/svecenik-melkisedek\/\" target=\"_blank\" rel=\"noreferrer noopener\">Sve\u0107enik Melkisedek<\/a><\/li>\n\n\n\n<li><a href=\"https:\/\/amdg.eu\/2013\/11\/abraham-prorok\/\" target=\"_blank\" rel=\"noreferrer noopener\">Abraham \u2013 prorok<\/a> <\/li>\n\n\n\n<li><strong>Poslu\u0161ajte:<\/strong>\n<ul class=\"wp-block-list\">\n<li><a href=\"https:\/\/amdg.ffrz.hr\/amdg_aiv\/sz\/prvi_savez.mp3\" target=\"_blank\" rel=\"noreferrer noopener\">Prvi Savez<\/a><\/li>\n\n\n\n<li><a href=\"https:\/\/amdg.ffrz.hr\/amdg_aiv\/sz\/abraham_poziv.mp3\" target=\"_blank\" rel=\"noreferrer noopener\">Abrahamov poziv<\/a><\/li>\n\n\n\n<li><a href=\"https:\/\/amdg.ffrz.hr\/amdg_aiv\/sz\/abraham_prorok.mp3\" target=\"_blank\" rel=\"noreferrer noopener\">Abraham \u2013 prorok<\/a> <\/li>\n<\/ul>\n<\/li>\n\n\n\n<li><strong>video-ud\u017ebenik:<\/strong>\n<ul class=\"wp-block-list\">\n<li><a href=\"https:\/\/youtu.be\/MJLXBQW6iHM\" target=\"_blank\" rel=\"noreferrer noopener\">Noin savez s Bogom<\/a><\/li>\n\n\n\n<li><a href=\"https:\/\/youtu.be\/nVahe971xUE\" target=\"_blank\" rel=\"noreferrer noopener\">Abraham, vjernik<\/a><\/li>\n<\/ul>\n<\/li>\n<\/ul>\n\n\n\n<h4 class=\"wp-block-heading\">4) 19. 10. 22. <a href=\"https:\/\/amdg.ffrz.hr\/sz\/sz04_jakov.pdf\">Jakov je Izrael (PDF)<\/a> * <a href=\"https:\/\/amdg.ffrz.hr\/sz\/sz04_jakov.ppt\">(PPT)<\/a><\/h4>\n\n\n\n<ul class=\"wp-block-list\">\n<li><a href=\"http:\/\/amdg.eu\/2012\/03\/pocetak-iz-snova\/\" target=\"_blank\" rel=\"noreferrer noopener\">Po\u010detak iz snova (Post 28)<\/a> <\/li>\n\n\n\n<li><a href=\"https:\/\/amdg.eu\/2012\/03\/jakovljev-zavjet\/\" target=\"_blank\" rel=\"noreferrer noopener\">Jakovljev zavjet<\/a> <\/li>\n\n\n\n<li><a href=\"https:\/\/amdg.eu\/2012\/03\/jakovljeva-molitva\/\" target=\"_blank\" rel=\"noreferrer noopener\">Jakovljeva molitva (Post 32,10-13)<\/a> <\/li>\n\n\n\n<li><a href=\"https:\/\/amdg.eu\/2012\/10\/borba-za-blagoslov\/\" target=\"_blank\" rel=\"noreferrer noopener\">Borba za blagoslov<\/a> <\/li>\n\n\n\n<li><a href=\"https:\/\/amdg.eu\/2014\/03\/sukob-ezava-i-jakova\/\" target=\"_blank\" rel=\"noreferrer noopener\">Sukob Ezava i Jakova<\/a><\/li>\n\n\n\n<li><a href=\"https:\/\/amdg.eu\/2013\/12\/praotac-jakov-opet-u-domovini\/\">Praotac Jakov opet u domovini (Post 35,1-15)<\/a><\/li>\n\n\n\n<li><a href=\"https:\/\/amdg.ffrz.hr\/?p=5332\">Josip, na\u0161 brat (Post 45,1-8)<\/a><\/li>\n\n\n\n<li><a href=\"https:\/\/amdg.ffrz.hr\/?p=5322\">Pomirna \u017ertva praoca Jakova (Post 46,1-7)<\/a> &#8211; (<a href=\"https:\/\/amdg.ffrz.hr\/sz\/sz04a_Jakov_Post46.ppt\">PPT<\/a> * <a href=\"https:\/\/amdg.ffrz.hr\/sz\/sz04a_Jakov_Post46.pdf\">PDF<\/a>)<\/li>\n\n\n\n<li><strong>Poslu\u0161ajte:<\/strong>\n<ul class=\"wp-block-list\">\n<li><a href=\"https:\/\/amdg.ffrz.hr\/amdg_aiv\/sz\/sz09_jakovljevzavjet.mp3\" target=\"_blank\" rel=\"noreferrer noopener\">Po\u010detak povijesti praoca Jakova i njegov zavjet<\/a> <\/li>\n\n\n\n<li><a href=\"https:\/\/amdg.ffrz.hr\/amdg_aiv\/sz\/sz11_jakov_borba_povratak.mp3\" target=\"_blank\" rel=\"noreferrer noopener\">Jakovljeva borba s Bogom i njegov povratak u domovinu<\/a><\/li>\n\n\n\n<li><a href=\"https:\/\/amdg.eu\/2021\/10\/nas-brat-josip-post-451-8-audio\/\">Na\u0161 brat Josip (Post 45,1-8)<\/a><\/li>\n\n\n\n<li><a href=\"https:\/\/amdg.eu\/2021\/09\/pomirna-zrtva-praoca-jakova\/\" target=\"_blank\" rel=\"noreferrer noopener\">Pomirna \u017ertva praoca Jakova (46,1-7)<\/a><\/li>\n<\/ul>\n<\/li>\n\n\n\n<li><strong>video-ud\u017ebenik:<\/strong><ul><li><a href=\"https:\/\/youtu.be\/pXwz7lWEEdE\" target=\"_blank\" rel=\"noreferrer noopener\">Jakov je Izrael<\/a><\/li><\/ul>\n<ul class=\"wp-block-list\">\n<li><a href=\"https:\/\/youtu.be\/jKcH2fjEiL8\" target=\"_blank\" rel=\"noreferrer noopener\">Praotac Jakov opet u domovini<\/a> <\/li>\n<\/ul>\n<\/li>\n<\/ul>\n\n\n\n<h4 class=\"wp-block-heading\">5) 24. i 26. 10. 22.  <a href=\"https:\/\/amdg.ffrz.hr\/sz\/sz05_izl.pdf\">Knjiga Izlaska &#8211; Mojsijev poziv, prijelaz preko Crvenoga mora; Deset zapovijedi (PDF 4:3)<\/a> * <a href=\"https:\/\/amdg.ffrz.hr\/sz\/sz05_izl.ppt\">(PPT 4:3)<\/a><\/h4>\n\n\n\n<ul class=\"wp-block-list\">\n<li><a href=\"https:\/\/amdg.eu\/2012\/03\/mojsijevo-zvanje\/\" target=\"_blank\" rel=\"noreferrer noopener\">Mojsijev poziv<\/a> <\/li>\n\n\n\n<li><a href=\"https:\/\/amdg.eu\/2012\/10\/sredisnji-dogadaj\/\" target=\"_blank\" rel=\"noreferrer noopener\">Sredi\u0161nji doga\u0111aj<\/a> <\/li>\n\n\n\n<li><a href=\"https:\/\/amdg.eu\/2012\/10\/rijeci-koje-je-bog-izgovorio\/\" target=\"_blank\" rel=\"noreferrer noopener\">Rije\u010di koje je Bog izgovorio<\/a> <\/li>\n\n\n\n<li><a href=\"https:\/\/amdg.ffrz.hr\/?p=2572\" target=\"_blank\" rel=\"noreferrer noopener\">Sudbonosna pustinja (Izl 32)<\/a><\/li>\n\n\n\n<li><a href=\"http:\/\/amdg.eu\/2012\/06\/mojsijeva-druga-prilika\/\" target=\"_blank\" rel=\"noreferrer noopener\">Mojsijeva druga prilika (Izl 34)<\/a><\/li>\n\n\n\n<li><a href=\"https:\/\/amdg.ffrz.hr\/?p=2569\">Mojsije u Starom zavjetu<\/a><\/li>\n\n\n\n<li>Poslu\u0161ajte: <a href=\"https:\/\/amdg.ffrz.hr\/amdg_aiv\/sz\/sz17_izl32zlatnotele.mp3\" target=\"_blank\" rel=\"noreferrer noopener\">Sudbonosna pustinja<\/a><\/li>\n\n\n\n<li><strong>video-ud\u017ebenik: <\/strong>\n<ul class=\"wp-block-list\">\n<li><a href=\"https:\/\/youtu.be\/DqLfv0p7sSw\">Mojsije, izbavitelj i zakonodavac<\/a><\/li>\n\n\n\n<li><a href=\"https:\/\/youtu.be\/Ex7Msthx1JI\">Mojsije voditelj<\/a><\/li>\n\n\n\n<li><a href=\"https:\/\/youtu.be\/MhCbL9rSxX0\">Deset zapovijedi: sadr\u017eaj i kontekst<\/a><\/li>\n\n\n\n<li><a href=\"https:\/\/youtu.be\/nLDcOg6i_6o\" target=\"_blank\" rel=\"noreferrer noopener\">Sudbonosna pustinja (Izl 32)<\/a><\/li>\n\n\n\n<li><a href=\"https:\/\/youtu.be\/_RtBwOiMqOc\" target=\"_blank\" rel=\"noreferrer noopener\">Mojsije i pravi Bog na HTV (Izl 32 i 34) (10.11.13.)<\/a><\/li>\n\n\n\n<li><a href=\"https:\/\/youtu.be\/_PFI3uf0FyQ\">Mojsijeva druga prilika<\/a><\/li>\n<\/ul>\n<\/li>\n<\/ul>\n\n\n\n<h4 class=\"wp-block-heading\">6) 2. 11. 22. <a href=\"https:\/\/amdg.ffrz.hr\/sz\/sz06_lev.pdf\">Levitski zakonik (PDF)<\/a> * <a href=\"https:\/\/amdg.ffrz.hr\/sz\/sz06_lev.ppt\">(PPT)<\/a> <\/h4>\n\n\n\n<ul class=\"wp-block-list\">\n<li><a href=\"https:\/\/amdg.ffrz.hr\/?p=2310\" target=\"_blank\" rel=\"noreferrer noopener\">Aron, sve\u0107enik<\/a><\/li>\n\n\n\n<li>Poslu\u0161ajte: <a href=\"https:\/\/amdg.ffrz.hr\/wp-content\/uploads\/aron_svecenik2.mp3\">Aron, sve\u0107enik<\/a><\/li>\n<\/ul>\n\n\n\n<h4 class=\"wp-block-heading\">7) 7. 11. 22. <a href=\"https:\/\/amdg.ffrz.hr\/sz\/sz07_br.pdf\" target=\"_blank\" rel=\"noreferrer noopener\">Knjiga Brojeva (PDF)<\/a> *  <a href=\"https:\/\/amdg.ffrz.hr\/sz\/sz07_br.ppt\">(PPT)<\/a> <\/h4>\n\n\n\n<ul class=\"wp-block-list\">\n<li><a href=\"https:\/\/amdg.eu\/2012\/10\/obiteljski-sukob\/\" target=\"_blank\" rel=\"noreferrer noopener\">Obiteljski sukob (Br 12)<\/a> <\/li>\n\n\n\n<li><a href=\"https:\/\/amdg.ffrz.hr\/?p=2317\" target=\"_blank\" rel=\"noreferrer noopener\">Mojsije zagovornik<\/a><\/li>\n\n\n\n<li><a href=\"https:\/\/amdg.ffrz.hr\/?p=2315\" target=\"_blank\" rel=\"noreferrer noopener\">Aron, brat Mojsijev<\/a><\/li>\n\n\n\n<li>video: <a href=\"https:\/\/youtu.be\/NTEGMedtAB0\" target=\"_blank\" rel=\"noreferrer noopener\">Mirjam &#8211; proro\u010dica i predvoditeljica<\/a><\/li>\n<\/ul>\n\n\n\n<h4 class=\"wp-block-heading\">8) 9. 11. 22. <a href=\"https:\/\/amdg.ffrz.hr\/sz\/sz08_pnz.pdf\">Ponovljeni zakon (PDF)<\/a>  * (<a href=\"https:\/\/amdg.ffrz.hr\/sz\/sz08_pnz.ppt\">PPT<\/a>) <\/h4>\n\n\n\n<ul class=\"wp-block-list\">\n<li><a rel=\"noreferrer noopener\" href=\"https:\/\/amdg.eu\/2012\/10\/knjiga-ponovoljenog-zakona\/\" target=\"_blank\">Prikaz prema G. Brauliku<\/a> <\/li>\n\n\n\n<li><a rel=\"noreferrer noopener\" href=\"https:\/\/amdg.ffrz.hr\/?p=2320\" target=\"_blank\">Mojsije \u2013 uzor prorok<\/a> <\/li>\n\n\n\n<li><a href=\"https:\/\/amdg.ffrz.hr\/sz\/nastavnapitanjax8_Pnz.doc\">nastavna pitanja (.doc)<\/a><\/li>\n\n\n\n<li><strong>Poslu\u0161ajte:<\/strong> <a rel=\"noreferrer noopener\" href=\"https:\/\/amdg.ffrz.hr\/amdg_aiv\/sz\/sz19_pnz_mono.mp3\" target=\"_blank\">Mojsijeva oporuka i smrt \u2013 Ponovljeni zakon<\/a><\/li>\n<\/ul>\n\n\n\n<h4 class=\"wp-block-heading\">9) 14. 11. 22. <a href=\"https:\/\/amdg.ffrz.hr\/sz\/sz09_josua.pdf\">Jo\u0161ua (PDF)<\/a> * <a href=\"https:\/\/amdg.ffrz.hr\/sz\/sz09_josua.ppt\">(PPT)<\/a> <\/h4>\n\n\n\n<ul class=\"wp-block-list\">\n<li><a href=\"https:\/\/amdg.ffrz.hr\/sz\/joshua.pdf\" target=\"_blank\" rel=\"noreferrer noopener\">Ratnik i molitelj (.pdf)<\/a> <\/li>\n\n\n\n<li><a href=\"https:\/\/amdg.eu\/2015\/03\/josua-ratnik-izl-17\/\" target=\"_blank\" rel=\"noreferrer noopener\">Jo\u0161ua, ratnik u Izl 17<\/a> <\/li>\n\n\n\n<li><a href=\"https:\/\/amdg.ffrz.hr\/sz\/josua_tora.htm\">Jo\u0161ua u Petoknji\u017eju (natuknice)<\/a><\/li>\n<\/ul>\n\n\n\n<h4 class=\"wp-block-heading\">10) 16. 11. 22. <a href=\"https:\/\/amdg.ffrz.hr\/sz\/sz10_suci.pdf\" target=\"_blank\" rel=\"noreferrer noopener\">Knjiga o Sucima (PDF)<\/a> * <a href=\"https:\/\/amdg.ffrz.hr\/sz\/sz10_suci.ppt\">(PPT)<\/a> <\/h4>\n\n\n\n<ul class=\"wp-block-list\">\n<li><a href=\"https:\/\/amdg.eu\/2013\/09\/debora-sutkinja-vjernica\/\" target=\"_blank\" rel=\"noreferrer noopener\">Debora \u2013 sutkinja vjernica (Suci 4s)<\/a> <\/li>\n\n\n\n<li><a href=\"https:\/\/amdg.eu\/2013\/12\/gideon-borac\/\" target=\"_blank\" rel=\"noreferrer noopener\">Gideon, borac (Suci 6-8)<\/a> <\/li>\n\n\n\n<li><a href=\"https:\/\/amdg.eu\/2013\/01\/nepoznata-vjernica\/\" target=\"_blank\" rel=\"noreferrer noopener\">Nepoznata vjernica<\/a> <\/li>\n\n\n\n<li><a href=\"https:\/\/amdg.ffrz.hr\/?p=164\" target=\"_blank\" rel=\"noreferrer noopener\">Samsonov duhovni put (Suci 13-16)<\/a> * <a href=\"https:\/\/amdg.ffrz.hr\/sz\/sz10a_ruta.pdf\">PDF<\/a> <\/li>\n\n\n\n<li><a href=\"https:\/\/amdg.ffrz.hr\/sz\/sz10a_ruta.ppt\">Knjiga o Ruti (PPT)<\/a> <\/li>\n\n\n\n<li><a href=\"https:\/\/amdg.eu\/ruta-na-amdg\/\" target=\"_blank\" rel=\"noreferrer noopener\">Ruta<\/a><\/li>\n\n\n\n<li><strong>video-ud\u017ebenik: <\/strong>\n<ul class=\"wp-block-list\">\n<li><a href=\"https:\/\/youtu.be\/NYNW-Qjn-vE\" target=\"_blank\" rel=\"noreferrer noopener\">Debora<\/a> <\/li>\n\n\n\n<li><a href=\"https:\/\/youtu.be\/iJcqWtW6LVk\" target=\"_blank\" rel=\"noreferrer noopener\">Gideon<\/a><\/li>\n<\/ul>\n<\/li>\n<\/ul>\n\n\n\n<h4 class=\"wp-block-heading\">11) 21. i 23. 11. 22. <a href=\"https:\/\/amdg.ffrz.hr\/sz\/sz11_sam.pdf\">Knjige o Samuelu (1 i 2 Sam) (PDF)<\/a> * <a href=\"https:\/\/amdg.ffrz.hr\/sz\/sz11_sam.ppt\">(PPT)<\/a> <\/h4>\n\n\n\n<ul class=\"wp-block-list\">\n<li><a href=\"https:\/\/amdg.ffrz.hr\/?p=2340\" target=\"_blank\" rel=\"noreferrer noopener\">Ana, majka velikoga proroka<\/a><\/li>\n\n\n\n<li><a rel=\"noreferrer noopener\" href=\"https:\/\/amdg.eu\/2013\/11\/plodonosan-zavjet\/\" target=\"_blank\">Plodonosan zavjet majke Ane (1 Sam 1s)<\/a> <\/li>\n\n\n\n<li><a href=\"https:\/\/amdg.ffrz.hr\/?p=2396\" target=\"_blank\" rel=\"noreferrer noopener\">Sve\u0107enik Eli<\/a> <\/li>\n\n\n\n<li><a rel=\"noreferrer noopener\" href=\"https:\/\/amdg.ffrz.hr\/?p=2402\" target=\"_blank\">Samuelovo zvanje<\/a> <\/li>\n\n\n\n<li><a rel=\"noreferrer noopener\" href=\"https:\/\/amdg.ffrz.hr\/olimp\/david.pdf\" target=\"_blank\">Pobijedi Golijata! (.pdf)<\/a> <\/li>\n\n\n\n<li><a rel=\"noreferrer noopener nofollow\" href=\"https:\/\/amdg.ffrz.hr\/?p=245\" target=\"_blank\">Nepoznati prorok G\u00e2d<\/a> <\/li>\n\n\n\n<li><strong>audio-ud\u017ebenik:<\/strong>\n<ul class=\"wp-block-list\">\n<li><a href=\"https:\/\/amdg.ffrz.hr\/amdg_aiv\/sz\/sz30_sam_ana.mp3\" target=\"_blank\" rel=\"noreferrer noopener\">Majka Ana u Knjigama Samuelovim (1 Sam 1s) <\/a><\/li>\n\n\n\n<li><a href=\"https:\/\/amdg.ffrz.hr\/amdg_aiv\/sz\/eli_nastava.mp3\">Sve\u0107enik Eli<\/a><\/li>\n\n\n\n<li><a href=\"https:\/\/amdg.ffrz.hr\/amdg_aiv\/sz\/sz31_samuel.mp3\" target=\"_blank\" rel=\"noreferrer noopener\">Samuelov \u017eivot i rad<\/a><\/li>\n\n\n\n<li><a href=\"https:\/\/amdg.ffrz.hr\/amdg_aiv\/sz\/sz33_uspostava_1Sam8.mp3\" target=\"_blank\" rel=\"noreferrer noopener\">Uspostava kraljevstva u Izraelu (1 Sam 8)<\/a><\/li>\n\n\n\n<li><a href=\"https:\/\/amdg.ffrz.hr\/amdg_aiv\/sz\/sz32_david.mp3\" target=\"_blank\" rel=\"noreferrer noopener\">David, kralj<\/a><\/li>\n\n\n\n<li><a href=\"https:\/\/amdg.ffrz.hr\/amdg_aiv\/sz\/sz34_mesija_2Sam7.mp3\" target=\"_blank\" rel=\"noreferrer noopener\">Veliko mesijansko proro\u0161tvo (2 Sam 7)<\/a><\/li>\n<\/ul>\n<\/li>\n\n\n\n<li><strong>video-ud\u017ebenik:<\/strong>\n<ul class=\"wp-block-list\">\n<li><a rel=\"noreferrer noopener\" href=\"https:\/\/youtu.be\/9msmEUlppNY\" target=\"_blank\">Ana &#8211; majka Samuelova<\/a><\/li>\n\n\n\n<li><a rel=\"noreferrer noopener\" href=\"https:\/\/youtu.be\/hjMmH0JLAG4\" target=\"_blank\">Zvanje proroka Samuela<\/a><\/li>\n<\/ul>\n<\/li>\n<\/ul>\n\n\n\n<h4 class=\"wp-block-heading\">12) 30. 11. i 5. 12. 22. <a href=\"https:\/\/amdg.ffrz.hr\/sz\/sz12_kr.pdf\">Knjige o Kraljevima (1 Kr i 2 Kr) (PDF)<\/a> * <a href=\"https:\/\/amdg.ffrz.hr\/sz\/sz12_kr.ppt\">(PPT)<\/a> <\/h4>\n\n\n\n<ul class=\"wp-block-list\">\n<li><a href=\"https:\/\/amdg.eu\/2012\/04\/kraljevska-molitva\/\" target=\"_blank\" rel=\"noreferrer noopener\">Kraljevska molitva (1 Kr 3,6\u20139; 2 Ljet 1,8\u201310)<\/a> <\/li>\n\n\n\n<li><a href=\"https:\/\/amdg.eu\/2013\/04\/tri-kralja-u-starom-zavjetu\/\" target=\"_blank\" rel=\"noreferrer noopener\">Tri kralja u Starom zavjetu<\/a><\/li>\n\n\n\n<li><a href=\"https:\/\/amdg.eu\/2012\/03\/prorok-pred-svojim-gospodinom\/\" target=\"_blank\" rel=\"noreferrer noopener\">Prorok pred svojim Gospodinom<\/a><\/li>\n\n\n\n<li><a href=\"https:\/\/amdg.ffrz.hr\/?p=2257\" target=\"_blank\" rel=\"noreferrer noopener\">Elizej &#8211; \u010dudotvorac i u\u010ditelj<\/a> <\/li>\n\n\n\n<li><a href=\"https:\/\/amdg.ffrz.hr\/?p=2415\" target=\"_blank\" rel=\"noreferrer noopener\">Mihej ben Jimla<\/a><\/li>\n\n\n\n<li><strong>Poslu\u0161ajte:<\/strong> <a href=\"https:\/\/amdg.ffrz.hr\/amdg_aiv\/sz\/elizej_politika.mp3\">Politi\u010dko djelovanje proroka Elizeja<\/a><\/li>\n\n\n\n<li><strong>video-ud\u017ebenik:<\/strong> <a href=\"https:\/\/youtu.be\/6ywbTqmQt_A\" target=\"_blank\" rel=\"noreferrer noopener\">Prorok Ilija u susretu s Bogom<\/a><\/li>\n<\/ul>\n\n\n\n<h4 class=\"wp-block-heading\">13) 7. 12. 22. <a href=\"https:\/\/amdg.ffrz.hr\/sz\/sz13_ljet.pdf\" target=\"_blank\" rel=\"noreferrer noopener\">Knjige Ljetopisa (PDF)<\/a> * <a href=\"https:\/\/amdg.ffrz.hr\/sz\/sz13_ljet.ppt\">(PPT)<\/a> <\/h4>\n\n\n\n<ul class=\"wp-block-list\">\n<li><a href=\"https:\/\/amdg.ffrz.hr\/?p=2425\" target=\"_blank\" rel=\"noreferrer noopener\">Knjige Ljetopisa<\/a> <\/li>\n\n\n\n<li><a href=\"https:\/\/amdg.ffrz.hr\/?p=2430\" target=\"_blank\" rel=\"noreferrer noopener\">Hulda iz Jeruzalema govori Bo\u017eje rije\u010di<\/a> <\/li>\n\n\n\n<li><a href=\"https:\/\/amdg.eu\/2013\/04\/tri-kralja-u-starom-zavjetu\/\" target=\"_blank\" rel=\"noreferrer noopener\">Tri kralja u Starom zavjetu<\/a><\/li>\n\n\n\n<li><a href=\"https:\/\/amdg.ffrz.hr\/sz\/salomon_ljet.ppt\">Salomon u Ljet (PPT)<\/a> * (<a href=\"https:\/\/amdg.ffrz.hr\/sz\/salomon_ljet.pdf\">PDF<\/a>) <\/li>\n\n\n\n<li><a href=\"https:\/\/amdg.ffrz.hr\/sz\/ezekija_ljet.ppt\">Ezekija u Ljet (PPT)<\/a> * (<a href=\"https:\/\/amdg.ffrz.hr\/sz\/ezekija_ljet.pdf\">PDF<\/a>)<\/li>\n<\/ul>\n\n\n\n<h4 class=\"wp-block-heading\">15) 12. i 14. 12. 22. <a href=\"https:\/\/amdg.ffrz.hr\/sz\/sz14_ezr.pdf\" target=\"_blank\" rel=\"noreferrer noopener\">Ezra (PDF)<\/a> *&nbsp;<a href=\"https:\/\/amdg.ffrz.hr\/sz\/sz14_ezr.ppt\">(PPT)<\/a> <\/h4>\n\n\n\n<ul class=\"wp-block-list\">\n<li><a href=\"https:\/\/amdg.ffrz.hr\/?p=2439\" target=\"_blank\" rel=\"noreferrer noopener\">Knjiga Ezrina<\/a> <\/li>\n\n\n\n<li><a href=\"https:\/\/amdg.ffrz.hr\/?p=638\" target=\"_blank\" rel=\"noreferrer noopener\">Ezra &#8211; sve\u0107enik i pismoznanac <\/a><\/li>\n\n\n\n<li><a href=\"https:\/\/amdg.eu\/2013\/04\/ezra-i-nov-pocetak\/\" target=\"_blank\" rel=\"noreferrer noopener\">Ezra i nov po\u010detak<\/a> <\/li>\n\n\n\n<li><strong>Poslu\u0161ajte: <\/strong>\n<ul class=\"wp-block-list\">\n<li><a href=\"https:\/\/amdg.ffrz.hr\/amdg_aiv\/Ezra_politicar_RM2018_9_1.mp3\">Ezra \u2013 uspje\u0161an politi\u010dar (.mp3)<\/a><\/li>\n<\/ul>\n<\/li>\n<\/ul>\n\n\n\n<h4 class=\"wp-block-heading\">16) 19. 12. 22. <a href=\"https:\/\/amdg.ffrz.hr\/sz\/sz15_neh.pdf\">Nehemija (PDF)<\/a> * <a href=\"https:\/\/amdg.ffrz.hr\/sz\/sz15_neh.ppt\">(PPT)<\/a><\/h4>\n\n\n\n<ul class=\"wp-block-list\">\n<li><a href=\"https:\/\/amdg.ffrz.hr\/?p=645\" target=\"_blank\" rel=\"noreferrer noopener\">Nehemija &#8211; graditelj jeruzalemskih zidina<\/a><\/li>\n\n\n\n<li><a href=\"https:\/\/amdg.eu\/2014\/05\/uspjesan-socijalni-reformator-nehemija-neh-5\/\" target=\"_blank\" rel=\"noreferrer noopener\">Uspje\u0161an socijalni reformator Nehemija (Neh 5)<\/a><\/li>\n\n\n\n<li><a href=\"https:\/\/amdg.eu\/2014\/05\/nehemija-graditelj-i-sv-josip\/\" target=\"_blank\" rel=\"noreferrer noopener\">Nehemija, graditelj i sv. Josip<\/a><\/li>\n\n\n\n<li><a href=\"https:\/\/amdg.eu\/2012\/11\/obnovitelj-nehemija\/\" target=\"_blank\" rel=\"noreferrer noopener\">Obnovitelj Nehemija<\/a><\/li>\n\n\n\n<li>Vidi: <a href=\"https:\/\/amdg.eu\/tfmvi\/nehemija\/\" target=\"_blank\" rel=\"noreferrer noopener\">Nehemija na TFMVI<\/a><\/li>\n\n\n\n<li><strong>Poslu\u0161ajte: <\/strong>\n<ul class=\"wp-block-list\">\n<li><a href=\"https:\/\/amdg.ffrz.hr\/amdg_aiv\/nehemijaRM.mp3\" target=\"_blank\" rel=\"noreferrer noopener\">Nehemija, voditelj naroda (.mp3; 35MB, 30:09 min.)<\/a><\/li>\n<\/ul>\n<\/li>\n<\/ul>\n\n\n\n<p> <a href=\"https:\/\/amdg.ffrz.hr\/sz\/sz16_tob.pdf\">Tobija (PDF)<\/a> * <a href=\"https:\/\/amdg.ffrz.hr\/sz\/sz16_tob.ppt\">(PPT)<\/a><\/p>\n\n\n\n<ul class=\"wp-block-list\">\n<li><a rel=\"noreferrer noopener\" href=\"https:\/\/amdg.eu\/2014\/05\/tobija-i-sara\/\" target=\"_blank\">Tobija i Sara. Suvremena problematika u deuterokanonskoj knjizi<\/a><\/li>\n\n\n\n<li><a href=\"https:\/\/amdg.eu\/2014\/05\/kako-je-slijepi-otac-tobit-progledao\/\" target=\"_blank\" rel=\"noreferrer noopener\">Kako je slijepi otac Tobit progledao<\/a><\/li>\n<\/ul>\n\n\n\n<p><a href=\"https:\/\/amdg.ffrz.hr\/sz\/sz17_jdt_est.pdf\">Knjiga o Juditi &#8211; paradigma za \u010ditanje SZ; Estera &#8211; \u017didovka, perzijska kraljica (PDF)<\/a> *&nbsp;<a href=\"https:\/\/amdg.ffrz.hr\/sz\/sz17_jdt_est.ppt\">(PPT)<\/a><\/p>\n\n\n\n<ul class=\"wp-block-list\">\n<li><a href=\"https:\/\/amdg.eu\/2014\/03\/judita\/\" target=\"_blank\" rel=\"noreferrer noopener\">Judita \u2013&nbsp;Biblijski put Judite, spasiteljice<\/a> <\/li>\n\n\n\n<li><a href=\"https:\/\/amdg.ffrz.hr\/olimp\/judita_olimp.pdf\" target=\"_blank\" rel=\"noreferrer noopener\">\u017denska ruka (.pdf)<\/a> <\/li>\n\n\n\n<li><a href=\"https:\/\/amdg.eu\/2015\/05\/juditina-velika-molitva-jdt-9\/\" target=\"_blank\" rel=\"noreferrer noopener\">Juditina velika molitva (Jdt 9)<\/a> <\/li>\n\n\n\n<li>vidi: <a href=\"https:\/\/amdg.ffrz.hr\/?p=2461\" target=\"_blank\" rel=\"noreferrer noopener\">Spasonosna Bo\u017eja pobjeda<\/a> <\/li>\n\n\n\n<li>Pogledajte:\n<ul class=\"wp-block-list\">\n<li><a href=\"https:\/\/youtu.be\/SpY0T8Cota8\" target=\"_blank\" rel=\"noreferrer noopener\">Judita na HTV, 1.12.2013.<\/a> <\/li>\n\n\n\n<li><a href=\"https:\/\/youtu.be\/aySebypvRjA\" target=\"_blank\" rel=\"noreferrer noopener\">Judita, spasiteljica naroda na TV<\/a><\/li>\n\n\n\n<li><a href=\"https:\/\/youtu.be\/MWkUlb7_jbQ\" target=\"_blank\" rel=\"noreferrer noopener\">Juditina velika molitva (Jdt 9) na LTV<\/a><\/li>\n<\/ul>\n<\/li>\n\n\n\n<li><a href=\"https:\/\/amdg.ffrz.hr\/?p=2496\" target=\"_blank\" rel=\"noreferrer noopener\">Estera \u2013 siro\u010de i kraljica<\/a> <\/li>\n\n\n\n<li><a href=\"https:\/\/amdg.eu\/2013\/05\/velika-molitva-kraljice-estere\/\" target=\"_blank\" rel=\"noreferrer noopener\">Velika molitva kraljice Estere<\/a> <\/li>\n\n\n\n<li><strong>Poslu\u0161ajte:<\/strong> <a href=\"https:\/\/amdg.ffrz.hr\/amdg_aiv\/estera.mp3\" target=\"_blank\" rel=\"noreferrer noopener\">Estera<\/a><\/li>\n<\/ul>\n\n\n\n<h4 class=\"wp-block-heading\">18) 21. 12. 22. <a href=\"https:\/\/amdg.ffrz.hr\/sz\/sz18_mak.pdf\" target=\"_blank\" rel=\"noreferrer noopener\">Knjige o Makabejcima (PDF)<\/a> * <a href=\"https:\/\/amdg.ffrz.hr\/sz\/sz18_mak.ppt\">(PPT)<\/a><\/h4>\n\n\n\n<h4 class=\"wp-block-heading\">19) 9. 1. 23. <a href=\"https:\/\/amdg.ffrz.hr\/sz\/sz19_mudrosne_job.pdf\" target=\"_blank\" rel=\"noreferrer noopener\">Mudrosne knjige; Knjiga o Jobu (PDF)<\/a> * <a href=\"https:\/\/amdg.ffrz.hr\/sz\/sz19_mudrosne_job.ppt\">(PPT)<\/a> <\/h4>\n\n\n\n<ul class=\"wp-block-list\">\n<li><a href=\"https:\/\/amdg.eu\/2012\/10\/bozanska-pouka-za-zivot\/\" target=\"_blank\" rel=\"noreferrer noopener\">Bo\u017eanska pouka za \u017eivotni put (Ps 1)<\/a> <\/li>\n\n\n\n<li><a href=\"https:\/\/amdg.eu\/2012\/04\/kraljevska-molitva\/\" target=\"_blank\" rel=\"noreferrer noopener\">Kraljevska molitva (1 Kr 3,6\u20139; 2 Ljet 1,8\u201310)<\/a> <\/li>\n\n\n\n<li><a href=\"https:\/\/amdg.ffrz.hr\/?p=2467\" target=\"_blank\" rel=\"noreferrer noopener\">Pripovjedni okvir u Knjizi o Jobu<\/a> <\/li>\n\n\n\n<li><a href=\"https:\/\/amdg.ffrz.hr\/?p=2472\" target=\"_blank\" rel=\"noreferrer noopener\">Knjiga Mudrosti<\/a><\/li>\n\n\n\n<li><a href=\"https:\/\/amdg.ffrz.hr\/?p=2474\" target=\"_blank\" rel=\"noreferrer noopener\">Knjiga Sirahova<\/a> <\/li>\n\n\n\n<li><a href=\"https:\/\/amdg.ffrz.hr\/?p=2363\" target=\"_blank\" rel=\"noreferrer noopener\">Prvi odgovor &#8211; Teolo\u0161ko zna\u010denje razgovora s Bogom u Job 38,1\u201342,6<\/a><\/li>\n\n\n\n<li><strong>Video-ud\u017ebenik: <\/strong>\n<ul class=\"wp-block-list\">\n<li><a href=\"https:\/\/youtu.be\/fyW6GaD8EEA\" target=\"_blank\" rel=\"noreferrer noopener\">Job u razgovoru s Bogom \u2013 1. dio<\/a> <\/li>\n\n\n\n<li><a href=\"https:\/\/youtu.be\/BG6mGj1RtIE\" target=\"_blank\" rel=\"noreferrer noopener\">Job u razgovoru s Bogom \u2013 2. dio<\/a> <\/li>\n<\/ul>\n<\/li>\n\n\n\n<li>usp. <a href=\"https:\/\/amdg.ffrz.hr\/?page_id=685\" target=\"_blank\" rel=\"noreferrer noopener\">Psalmi i Mudrosne knjige<\/a><\/li>\n\n\n\n<li>usp. <a href=\"https:\/\/amdg.ffrz.hr\/?page_id=1697\" target=\"_blank\" rel=\"noreferrer noopener\">Mudrosna literatura u Bibliji<\/a><\/li>\n<\/ul>\n\n\n\n<h4 class=\"wp-block-heading\">20) 11. 1. 23.  <a href=\"https:\/\/amdg.ffrz.hr\/sz\/sz20_psalmi.pdf\">Biblijski psalmi (PDF)<\/a> * <a href=\"https:\/\/amdg.ffrz.hr\/sz\/sz20_psalmi.ppt\">PPT<\/a><\/h4>\n\n\n\n<ul class=\"wp-block-list\">\n<li><a href=\"https:\/\/amdg.ffrz.hr\/fti_mudrosne\/psalmi01.html\" target=\"_blank\" rel=\"noreferrer noopener\">Psalmi &#8211; uvod<\/a><\/li>\n\n\n\n<li><a href=\"https:\/\/amdg.ffrz.hr\/fti_mudrosne\/psalmi_pregled.html\" target=\"_blank\" rel=\"noreferrer noopener\">Biblijski psalmi<\/a><\/li>\n\n\n\n<li><a href=\"https:\/\/amdg.ffrz.hr\/fti_mudrosne\/ps_arhitektura.htm\" target=\"_blank\" rel=\"noreferrer noopener\">Arhitektura psaltira<\/a><\/li>\n<\/ul>\n\n\n\n<h4 class=\"wp-block-heading\"> 21) 16. 1. 23. <a href=\"https:\/\/amdg.ffrz.hr\/sz\/sz21_proroci_Iz.pdf\" target=\"_blank\" rel=\"noreferrer noopener\">Biblijski proroci; Izaija (PDF)<\/a> * <a href=\"https:\/\/amdg.ffrz.hr\/sz\/sz21_proroci_Iz.ppt\">(PPT)<\/a> <\/h4>\n\n\n\n<ul class=\"wp-block-list\">\n<li><a href=\"https:\/\/amdg.ffrz.hr\/iz6.htm\" target=\"_blank\" rel=\"noreferrer noopener\">Koga da po\u0161aljem<\/a> *<a href=\"https:\/\/amdg.ffrz.hr\/izaija.pdf\"> (.pdf)<\/a> <\/li>\n\n\n\n<li><strong>Poslu\u0161ajte:<\/strong> <a href=\"https:\/\/amdg.ffrz.hr\/amdg_aiv\/sz\/sz_iz6.mp3\" target=\"_blank\" rel=\"noreferrer noopener\">Evo me, mene po\u0161alji! Proro\u010dko zvanje u Iz 6<\/a> <\/li>\n\n\n\n<li><strong>video-ud\u017ebenik: <\/strong><ul><li><a href=\"https:\/\/youtu.be\/LjNkmNTsxI0\" target=\"_blank\" rel=\"noreferrer noopener\">Biblijski proroci<\/a><\/li><\/ul>\n<ul class=\"wp-block-list\">\n<li><a href=\"https:\/\/youtu.be\/jeL04kop9cA\" target=\"_blank\" rel=\"noreferrer noopener\">Zvanje proroka Izaije<\/a><\/li>\n<\/ul>\n<\/li>\n\n\n\n<li>vidi: <a href=\"https:\/\/amdg.ffrz.hr\/?page_id=3017\" target=\"_blank\" rel=\"noreferrer noopener\">Proro\u0161tvo i apokaliptika (FTI)<\/a><\/li>\n<\/ul>\n\n\n\n<h4 class=\"wp-block-heading\">22) 18. 1. 23. <a href=\"https:\/\/amdg.ffrz.hr\/sz\/sz22_jr.pdf\" target=\"_blank\" rel=\"noreferrer noopener\">Knjiga proroka Jeremije (PDF)<\/a> * <a href=\"https:\/\/amdg.ffrz.hr\/sz\/sz22_jr.ppt\">(PPT)<\/a> <\/h4>\n\n\n\n<ul class=\"wp-block-list\">\n<li><a href=\"https:\/\/amdg.ffrz.hr\/?p=1021\" target=\"_blank\" rel=\"noreferrer noopener\">Zvanje proroka Jeremije<\/a> <\/li>\n\n\n\n<li><a href=\"https:\/\/amdg.ffrz.hr\/?p=2478\" target=\"_blank\" rel=\"noreferrer noopener\">Prorok Jeremija<\/a> <\/li>\n\n\n\n<li><a href=\"https:\/\/amdg.ffrz.hr\/?p=2488\" target=\"_blank\" rel=\"noreferrer noopener\">Jeremija, sve\u0107enik<\/a> <\/li>\n\n\n\n<li><a href=\"https:\/\/amdg.ffrz.hr\/?p=2353\" target=\"_blank\" rel=\"noreferrer noopener\">Savez srca u Jr 31<\/a><\/li>\n\n\n\n<li><a href=\"https:\/\/amdg.ffrz.hr\/?p=2485\" target=\"_blank\" rel=\"noreferrer noopener\">Baruh &#8211; blagoslovljeni tajnik prorokov<\/a><\/li>\n<\/ul>\n\n\n\n<h4 class=\"wp-block-heading\"> 23) 23. 1. 23. <a href=\"https:\/\/amdg.ffrz.hr\/sz\/sz23_ez.pdf\" target=\"_blank\" rel=\"noreferrer noopener\">Prorok Ezekiel (PDF)<\/a> * <a href=\"https:\/\/amdg.ffrz.hr\/sz\/sz23_ez.ppt\">(PPT)<\/a><\/h4>\n\n\n\n<ul class=\"wp-block-list\">\n<li><a href=\"https:\/\/amdg.ffrz.hr\/?p=2491\" target=\"_blank\" rel=\"noreferrer noopener\">Ezekiel \u2013 prorok sve\u0107enik<\/a> <\/li>\n\n\n\n<li><a href=\"https:\/\/amdg.ffrz.hr\/?p=3060\" target=\"_blank\" rel=\"noreferrer noopener\">Zvanje i zada\u0107a proroka Ezekiela<\/a> <\/li>\n\n\n\n<li><a href=\"https:\/\/amdg.ffrz.hr\/?p=2503\" target=\"_blank\" rel=\"noreferrer noopener\">\u017divo srce (Ez 36,22\u201328)<\/a>&nbsp;<\/li>\n\n\n\n<li><strong>Poslu\u0161ajte: <\/strong><a href=\"https:\/\/amdg.eu\/2020\/03\/prorok-ezekiel-audio\/\" target=\"_blank\" rel=\"noreferrer noopener\">Prorok Ezekiel<\/a><\/li>\n<\/ul>\n\n\n\n<h4 class=\"wp-block-heading\">24) 25. 1. 23. <a href=\"https:\/\/amdg.ffrz.hr\/sz\/sz24_dn_XII_am7.pdf\" target=\"_blank\" rel=\"noreferrer noopener\">Daniel &#8211; prorok mudrac, Mali proroci (PDF)<\/a> * <a href=\"https:\/\/amdg.ffrz.hr\/sz\/sz24_dn_XII_am7.ppt\">(PPT)<\/a> <\/h4>\n\n\n\n<ul class=\"wp-block-list\">\n<li> <a href=\"https:\/\/amdg.eu\/2012\/04\/azarjina-molitva\/\">Azarjina molitva<\/a>&nbsp;<\/li>\n<\/ul>\n\n\n\n<h4 class=\"wp-block-heading\">25) <a href=\"https:\/\/amdg.ffrz.hr\/sz\/sz26_XII_am7.pdf\" target=\"_blank\" rel=\"noreferrer noopener\">Prorok Amos (PDF)<\/a> * <a href=\"https:\/\/amdg.ffrz.hr\/sz\/sz26_XII_am7.ppt\">(PPT)<\/a> * <a href=\"https:\/\/amdg.ffrz.hr\/sz\/sz27_jona.pdf\" target=\"_blank\" rel=\"noreferrer noopener\">Prorok Jona (PDF)<\/a> * (<a href=\"https:\/\/amdg.ffrz.hr\/sz\/sz27_jona.ppt\">PPT<\/a>)<\/h4>\n\n\n\n<ul class=\"wp-block-list\">\n<li><a href=\"https:\/\/amdg.ffrz.hr\/?p=2509\">Zvanje proroka Amosa<\/a> <\/li>\n\n\n\n<li><a href=\"https:\/\/amdg.ffrz.hr\/?p=2515\">Imenom zazvan<\/a><\/li>\n\n\n\n<li><a href=\"https:\/\/amdg.eu\/2012\/04\/jonina-druga-molitva\/\" target=\"_blank\" rel=\"noreferrer noopener\">Jonina druga molitva<\/a> <\/li>\n\n\n\n<li><a href=\"https:\/\/amdg.ffrz.hr\/?p=2524\" target=\"_blank\" rel=\"noreferrer noopener\">Jedan dan u slu\u017ebi. Proro\u010dka depresija u Knjizi o Joni<\/a> <\/li>\n\n\n\n<li><a href=\"https:\/\/amdg.eu\/2013\/05\/znak-jonin\/\" target=\"_blank\" rel=\"noreferrer noopener\">Znak Jonin<\/a> <\/li>\n\n\n\n<li><a href=\"https:\/\/amdg.ffrz.hr\/sz\/sz25_hosea_mihej.pdf\">Ho\u0161ea &#8211; prorok spoznaje; Prorok Mihej PDF<\/a> * <a href=\"https:\/\/amdg.ffrz.hr\/sz\/sz25_hosea_mihej.ppt\">(PPT)<\/a> <\/li>\n\n\n\n<li><a href=\"https:\/\/amdg.ffrz.hr\/?p=2520\" target=\"_blank\" rel=\"noreferrer noopener\">Mihej \u2013 teolog Ostatka<\/a> <\/li>\n\n\n\n<li><a href=\"https:\/\/amdg.ffrz.hr\/sz\/sz27_joel.pdf\" target=\"_blank\" rel=\"noreferrer noopener\">Prorok Joel (PDF)<\/a> * (<a href=\"https:\/\/amdg.ffrz.hr\/sz\/sz27_joel.ppt\">PPT<\/a>)<\/li>\n\n\n\n<li><strong>Video-ud\u017ebenik:<\/strong> <a href=\"https:\/\/youtu.be\/SiKuBayhXOk\" target=\"_blank\" rel=\"noreferrer noopener\">Jonin proro\u010dki uspjeh<\/a><\/li>\n<\/ul>\n\n\n\n<p>Za pristup zavr\u0161nom ispitu potrebno je sudjelovanje u nastavi (ili mentorski studij), osobni studij, precizno poznavanje biblijskoga teksta i uvid u stru\u010dnu literaturu.<br>Svaki \u0107e student po vlastitom izboru prou\u010diti jedan <em>Uvod u Stari zavjet <\/em>(vidi: <a href=\"https:\/\/amdg.eu\/2012\/10\/rp5100-literatura\/\">Literaturu<\/a>).<br>Iz svake skupine biblijskih knjiga studenti sami mogu odabrati po jednu-dvije klju\u010dne knjige koje \u0107e detaljno prou\u010diti za ispit. (Iz <em>Petoknji\u017eja<\/em> bilo koja, iz <em>Povijesnih<\/em>: ili J\u0161 ili Suci ili Sam ili Kr ili Ljet; iz <em>Mudrosnih<\/em> jedna knjiga i jedan psalam; od <em>Proroka<\/em> jedan Veliki i jedan Mali).<br>Radi didaktike prvi izbor mo\u017ee se spremiti kao za rad <em>s djecom<\/em>, drugi za rad sa <em>studentima<\/em>, a tre\u0107i kao prikaz na <em>znanstvenom simpoziju<\/em>. Na ispitu se mo\u017ee imati primjerak Svetog pisma i vlastite bilje\u0161ke.<\/p>\n\n\n\n<blockquote class=\"wp-block-quote is-layout-flow wp-block-quote-is-layout-flow\">\n<p>ISPITI<\/p>\n\n\n\n<p><a href=\"https:\/\/amdg.ffrz.hr\/wp-content\/uploads\/ispiti_SZ.pdf\">srijeda, 1. velja\u010de, 11-14 sati, u\u010dionica 101<br>srijeda, 15. velja\u010de, 10-13 sati, u\u010dionica 103<\/a><\/p>\n\n\n\n<p><strong>Za ispit se prijavljuje na <a href=\"https:\/\/www.isvu.hr\/studomat\/hr\/prijava\">STUDOMATU<\/a>.<\/strong><\/p>\n\n\n\n<p><\/p>\n\n\n\n<p><a href=\"https:\/\/amdg.ffrz.hr\/?page_id=5314\">Pregled prija\u0161nje nastave<\/a><\/p>\n<\/blockquote>\n\n\n\n<p class=\"has-text-align-right\">doc. dr. sc. Niko Bili\u0107, SJ<br>niko.bilic@ffrz.unizg.hr<\/p>\n","protected":false},"excerpt":{"rendered":"<p>Temeljni religijski i religiolo\u0161ki dokument Predmet: 31384, ECTS 6. 354. ak. godina Sveu\u010dili\u0161ta u Zagrebuzimski semestar 2022.\/2023.ponedjeljkom u 8:15 i srijedom u 8:15Fakultet filozofije i religijskih znanosti,Zagreb, Jordanovac 110, dv. 101 stanje: 26. 1. 2023. e-ud\u017ebenik Za sudjelovanje u nastavi potrebno je imati vlastiti primjerak Svetoga pisma jer je glavni &#8220;materijal&#8221; biblijski tekst.&nbsp; Na raspolaganju [&hellip;]<\/p>\n","protected":false},"author":1,"featured_media":2244,"parent":0,"menu_order":0,"comment_status":"closed","ping_status":"closed","template":"","meta":{"footnotes":""},"class_list":["post-34","page","type-page","status-publish","has-post-thumbnail","hentry"],"yoast_head":"<!-- This site is optimized with the Yoast SEO plugin v26.0 - https:\/\/yoast.com\/wordpress\/plugins\/seo\/ -->\n<title>Biblija - Stari zavjet - Ad maiorem Dei gloriam<\/title>\n<meta name=\"robots\" content=\"index, follow, max-snippet:-1, max-image-preview:large, max-video-preview:-1\" \/>\n<link rel=\"canonical\" href=\"https:\/\/amdg.ffrz.hr\/?page_id=34\" \/>\n<meta property=\"og:locale\" content=\"hr_HR\" \/>\n<meta property=\"og:type\" content=\"article\" \/>\n<meta property=\"og:title\" content=\"Biblija - Stari zavjet - Ad maiorem Dei gloriam\" \/>\n<meta property=\"og:description\" content=\"Temeljni religijski i religiolo\u0161ki dokument Predmet: 31384, ECTS 6. 354. ak. godina Sveu\u010dili\u0161ta u Zagrebuzimski semestar 2022.\/2023.ponedjeljkom u 8:15 i srijedom u 8:15Fakultet filozofije i religijskih znanosti,Zagreb, Jordanovac 110, dv. 101 stanje: 26. 1. 2023. e-ud\u017ebenik Za sudjelovanje u nastavi potrebno je imati vlastiti primjerak Svetoga pisma jer je glavni &#8220;materijal&#8221; biblijski tekst.&nbsp; Na raspolaganju [&hellip;]\" \/>\n<meta property=\"og:url\" content=\"https:\/\/amdg.ffrz.hr\/?page_id=34\" \/>\n<meta property=\"og:site_name\" content=\"Ad maiorem Dei gloriam\" \/>\n<meta property=\"article:publisher\" content=\"https:\/\/www.facebook.com\/paterniko\" \/>\n<meta property=\"article:modified_time\" content=\"2025-09-19T07:38:07+00:00\" \/>\n<meta property=\"og:image\" content=\"https:\/\/amdg.ffrz.hr\/wp-content\/uploads\/Header.jpg\" \/>\n\t<meta property=\"og:image:width\" content=\"968\" \/>\n\t<meta property=\"og:image:height\" content=\"85\" \/>\n\t<meta property=\"og:image:type\" content=\"image\/jpeg\" \/>\n<meta name=\"twitter:card\" content=\"summary_large_image\" \/>\n<meta name=\"twitter:label1\" content=\"Procijenjeno vrijeme \u010ditanja\" \/>\n\t<meta name=\"twitter:data1\" content=\"8 minuta\" \/>\n<script type=\"application\/ld+json\" class=\"yoast-schema-graph\">{\"@context\":\"https:\/\/schema.org\",\"@graph\":[{\"@type\":\"WebPage\",\"@id\":\"https:\/\/amdg.ffrz.hr\/?page_id=34\",\"url\":\"https:\/\/amdg.ffrz.hr\/?page_id=34\",\"name\":\"Biblija - Stari zavjet - Ad maiorem Dei gloriam\",\"isPartOf\":{\"@id\":\"https:\/\/amdg.ffrz.hr\/#website\"},\"primaryImageOfPage\":{\"@id\":\"https:\/\/amdg.ffrz.hr\/?page_id=34#primaryimage\"},\"image\":{\"@id\":\"https:\/\/amdg.ffrz.hr\/?page_id=34#primaryimage\"},\"thumbnailUrl\":\"https:\/\/amdg.ffrz.hr\/wp-content\/uploads\/Header.jpg\",\"datePublished\":\"2016-11-27T16:33:36+00:00\",\"dateModified\":\"2025-09-19T07:38:07+00:00\",\"breadcrumb\":{\"@id\":\"https:\/\/amdg.ffrz.hr\/?page_id=34#breadcrumb\"},\"inLanguage\":\"hr\",\"potentialAction\":[{\"@type\":\"ReadAction\",\"target\":[\"https:\/\/amdg.ffrz.hr\/?page_id=34\"]}]},{\"@type\":\"ImageObject\",\"inLanguage\":\"hr\",\"@id\":\"https:\/\/amdg.ffrz.hr\/?page_id=34#primaryimage\",\"url\":\"https:\/\/amdg.ffrz.hr\/wp-content\/uploads\/Header.jpg\",\"contentUrl\":\"https:\/\/amdg.ffrz.hr\/wp-content\/uploads\/Header.jpg\",\"width\":968,\"height\":85},{\"@type\":\"BreadcrumbList\",\"@id\":\"https:\/\/amdg.ffrz.hr\/?page_id=34#breadcrumb\",\"itemListElement\":[{\"@type\":\"ListItem\",\"position\":1,\"name\":\"Po\u010detna stranica\",\"item\":\"https:\/\/amdg.ffrz.hr\/\"},{\"@type\":\"ListItem\",\"position\":2,\"name\":\"Biblija &#8211; Stari zavjet\"}]},{\"@type\":\"WebSite\",\"@id\":\"https:\/\/amdg.ffrz.hr\/#website\",\"url\":\"https:\/\/amdg.ffrz.hr\/\",\"name\":\"Ad maiorem Dei gloriam\",\"description\":\"doc. dr. sc. Niko Bili\u0107:  nastava, duhovnost i cjelo\u017eivotno u\u010denje\",\"publisher\":{\"@id\":\"https:\/\/amdg.ffrz.hr\/#\/schema\/person\/a3d4a18838314f7054f7cdc4f4d45f4a\"},\"potentialAction\":[{\"@type\":\"SearchAction\",\"target\":{\"@type\":\"EntryPoint\",\"urlTemplate\":\"https:\/\/amdg.ffrz.hr\/?s={search_term_string}\"},\"query-input\":{\"@type\":\"PropertyValueSpecification\",\"valueRequired\":true,\"valueName\":\"search_term_string\"}}],\"inLanguage\":\"hr\"},{\"@type\":[\"Person\",\"Organization\"],\"@id\":\"https:\/\/amdg.ffrz.hr\/#\/schema\/person\/a3d4a18838314f7054f7cdc4f4d45f4a\",\"name\":\"Niko Bili\u0107 SJ\",\"image\":{\"@type\":\"ImageObject\",\"inLanguage\":\"hr\",\"@id\":\"https:\/\/amdg.ffrz.hr\/#\/schema\/person\/image\/\",\"url\":\"https:\/\/secure.gravatar.com\/avatar\/14c6ebb29114394312c36c8ab93231d11917870146d266275d4470c0b6c44b88?s=96&d=blank&r=g\",\"contentUrl\":\"https:\/\/secure.gravatar.com\/avatar\/14c6ebb29114394312c36c8ab93231d11917870146d266275d4470c0b6c44b88?s=96&d=blank&r=g\",\"caption\":\"Niko Bili\u0107 SJ\"},\"logo\":{\"@id\":\"https:\/\/amdg.ffrz.hr\/#\/schema\/person\/image\/\"},\"sameAs\":[\"https:\/\/amdg.ffrz.hr\",\"https:\/\/www.facebook.com\/paterniko\",\"https:\/\/www.youtube.com\/user\/paterniko\"]}]}<\/script>\n<!-- \/ Yoast SEO plugin. -->","yoast_head_json":{"title":"Biblija - Stari zavjet - Ad maiorem Dei gloriam","robots":{"index":"index","follow":"follow","max-snippet":"max-snippet:-1","max-image-preview":"max-image-preview:large","max-video-preview":"max-video-preview:-1"},"canonical":"https:\/\/amdg.ffrz.hr\/?page_id=34","og_locale":"hr_HR","og_type":"article","og_title":"Biblija - Stari zavjet - Ad maiorem Dei gloriam","og_description":"Temeljni religijski i religiolo\u0161ki dokument Predmet: 31384, ECTS 6. 354. ak. godina Sveu\u010dili\u0161ta u Zagrebuzimski semestar 2022.\/2023.ponedjeljkom u 8:15 i srijedom u 8:15Fakultet filozofije i religijskih znanosti,Zagreb, Jordanovac 110, dv. 101 stanje: 26. 1. 2023. e-ud\u017ebenik Za sudjelovanje u nastavi potrebno je imati vlastiti primjerak Svetoga pisma jer je glavni &#8220;materijal&#8221; biblijski tekst.&nbsp; Na raspolaganju [&hellip;]","og_url":"https:\/\/amdg.ffrz.hr\/?page_id=34","og_site_name":"Ad maiorem Dei gloriam","article_publisher":"https:\/\/www.facebook.com\/paterniko","article_modified_time":"2025-09-19T07:38:07+00:00","og_image":[{"width":968,"height":85,"url":"https:\/\/amdg.ffrz.hr\/wp-content\/uploads\/Header.jpg","type":"image\/jpeg"}],"twitter_card":"summary_large_image","twitter_misc":{"Procijenjeno vrijeme \u010ditanja":"8 minuta"},"schema":{"@context":"https:\/\/schema.org","@graph":[{"@type":"WebPage","@id":"https:\/\/amdg.ffrz.hr\/?page_id=34","url":"https:\/\/amdg.ffrz.hr\/?page_id=34","name":"Biblija - Stari zavjet - Ad maiorem Dei gloriam","isPartOf":{"@id":"https:\/\/amdg.ffrz.hr\/#website"},"primaryImageOfPage":{"@id":"https:\/\/amdg.ffrz.hr\/?page_id=34#primaryimage"},"image":{"@id":"https:\/\/amdg.ffrz.hr\/?page_id=34#primaryimage"},"thumbnailUrl":"https:\/\/amdg.ffrz.hr\/wp-content\/uploads\/Header.jpg","datePublished":"2016-11-27T16:33:36+00:00","dateModified":"2025-09-19T07:38:07+00:00","breadcrumb":{"@id":"https:\/\/amdg.ffrz.hr\/?page_id=34#breadcrumb"},"inLanguage":"hr","potentialAction":[{"@type":"ReadAction","target":["https:\/\/amdg.ffrz.hr\/?page_id=34"]}]},{"@type":"ImageObject","inLanguage":"hr","@id":"https:\/\/amdg.ffrz.hr\/?page_id=34#primaryimage","url":"https:\/\/amdg.ffrz.hr\/wp-content\/uploads\/Header.jpg","contentUrl":"https:\/\/amdg.ffrz.hr\/wp-content\/uploads\/Header.jpg","width":968,"height":85},{"@type":"BreadcrumbList","@id":"https:\/\/amdg.ffrz.hr\/?page_id=34#breadcrumb","itemListElement":[{"@type":"ListItem","position":1,"name":"Po\u010detna stranica","item":"https:\/\/amdg.ffrz.hr\/"},{"@type":"ListItem","position":2,"name":"Biblija &#8211; Stari zavjet"}]},{"@type":"WebSite","@id":"https:\/\/amdg.ffrz.hr\/#website","url":"https:\/\/amdg.ffrz.hr\/","name":"Ad maiorem Dei gloriam","description":"doc. dr. sc. Niko Bili\u0107:  nastava, duhovnost i cjelo\u017eivotno u\u010denje","publisher":{"@id":"https:\/\/amdg.ffrz.hr\/#\/schema\/person\/a3d4a18838314f7054f7cdc4f4d45f4a"},"potentialAction":[{"@type":"SearchAction","target":{"@type":"EntryPoint","urlTemplate":"https:\/\/amdg.ffrz.hr\/?s={search_term_string}"},"query-input":{"@type":"PropertyValueSpecification","valueRequired":true,"valueName":"search_term_string"}}],"inLanguage":"hr"},{"@type":["Person","Organization"],"@id":"https:\/\/amdg.ffrz.hr\/#\/schema\/person\/a3d4a18838314f7054f7cdc4f4d45f4a","name":"Niko Bili\u0107 SJ","image":{"@type":"ImageObject","inLanguage":"hr","@id":"https:\/\/amdg.ffrz.hr\/#\/schema\/person\/image\/","url":"https:\/\/secure.gravatar.com\/avatar\/14c6ebb29114394312c36c8ab93231d11917870146d266275d4470c0b6c44b88?s=96&d=blank&r=g","contentUrl":"https:\/\/secure.gravatar.com\/avatar\/14c6ebb29114394312c36c8ab93231d11917870146d266275d4470c0b6c44b88?s=96&d=blank&r=g","caption":"Niko Bili\u0107 SJ"},"logo":{"@id":"https:\/\/amdg.ffrz.hr\/#\/schema\/person\/image\/"},"sameAs":["https:\/\/amdg.ffrz.hr","https:\/\/www.facebook.com\/paterniko","https:\/\/www.youtube.com\/user\/paterniko"]}]}},"_links":{"self":[{"href":"https:\/\/amdg.ffrz.hr\/index.php?rest_route=\/wp\/v2\/pages\/34","targetHints":{"allow":["GET"]}}],"collection":[{"href":"https:\/\/amdg.ffrz.hr\/index.php?rest_route=\/wp\/v2\/pages"}],"about":[{"href":"https:\/\/amdg.ffrz.hr\/index.php?rest_route=\/wp\/v2\/types\/page"}],"author":[{"embeddable":true,"href":"https:\/\/amdg.ffrz.hr\/index.php?rest_route=\/wp\/v2\/users\/1"}],"replies":[{"embeddable":true,"href":"https:\/\/amdg.ffrz.hr\/index.php?rest_route=%2Fwp%2Fv2%2Fcomments&post=34"}],"version-history":[{"count":406,"href":"https:\/\/amdg.ffrz.hr\/index.php?rest_route=\/wp\/v2\/pages\/34\/revisions"}],"predecessor-version":[{"id":6587,"href":"https:\/\/amdg.ffrz.hr\/index.php?rest_route=\/wp\/v2\/pages\/34\/revisions\/6587"}],"wp:featuredmedia":[{"embeddable":true,"href":"https:\/\/amdg.ffrz.hr\/index.php?rest_route=\/wp\/v2\/media\/2244"}],"wp:attachment":[{"href":"https:\/\/amdg.ffrz.hr\/index.php?rest_route=%2Fwp%2Fv2%2Fmedia&parent=34"}],"curies":[{"name":"wp","href":"https:\/\/api.w.org\/{rel}","templated":true}]}}