{"id":52,"date":"2016-11-27T18:00:10","date_gmt":"2016-11-27T17:00:10","guid":{"rendered":"https:\/\/amdg.ffdi.hr\/WordPressHR\/?page_id=52"},"modified":"2021-05-16T09:11:53","modified_gmt":"2021-05-16T07:11:53","slug":"biobibliografija","status":"publish","type":"page","link":"https:\/\/amdg.ffrz.hr\/?page_id=52","title":{"rendered":"Biobibliografija"},"content":{"rendered":"\n<p>p. Niko Bili\u0107 SJ<\/p>\n\n\n\n<p><a href=\"https:\/\/amdg.ffrz.hr\/?p=65\">\u017divotopis<\/a><\/p>\n\n\n\n<p>Objavljeno:<\/p>\n\n\n\n<p>30. 1. 2021. <a href=\"https:\/\/www.vaticannews.va\/hr\/crkva\/news\/2021-01\/razmisljanje-o-misnim-citanjima-4-nedjelje-kroz-liturgijsku-godi.html\">Razmi\u0161ljanje o misnim \u010ditanjima 4. nedjelje kroz liturgijsku godinu &#8211; Vatican News<\/a> (tekst i audio)<\/p>\n\n\n\n<p>3. 4. 2021. <a href=\"https:\/\/www.vaticannews.va\/hr\/crkva\/news\/2021-04\/razmisljanje-o-misnim-citanjima-svetkovine-uskrsa.html\">Razmi\u0161ljanje o misnim \u010ditanjima svetkovine Uskrsa &#8211; Vatican News<\/a> (tekst i audio)<\/p>\n\n\n\n<p>3. 4. 2021. <a href=\"https:\/\/hkm.hr\/duhovnost\/uskrs-je-novi-zamah\/\">Uskrs je novi zamah | HKM<\/a><\/p>\n\n\n\n<p>8. 4. 2021. <a href=\"https:\/\/www.vaticannews.va\/hr\/crkva\/news\/2021-04\/meditacija-o-mariji-magdaleni-i-njezinom-uskrslom-ucitelju.html\">Meditacija o Mariji Magdaleni i njezinom uskrslom U\u010ditelju &#8211; Vatican News<\/a><\/p>\n\n\n\n<p>8. 4. 2021. <a href=\"https:\/\/hkm.hr\/duhovnost\/p-bilic-kako-prepoznati-uskrslog-krista\/\">Kako prepoznati uskrslog Krista? | HKM<\/a><\/p>\n\n\n\n<p>14. 4. 2021. <a href=\"https:\/\/www.vaticannews.va\/hr\/crkva\/news\/2021-04\/razmisljanje-o-cudesnom-ribolovu-iz-ivanova-evandjelja.html\">Razmi\u0161ljanje o \u010dudesnom ribolovu iz Ivanova Evan\u0111elja &#8211; Vatican News<\/a> (tekst i audio)<\/p>\n\n\n\n<p>17. 4. 2021. <a href=\"https:\/\/www.vaticannews.va\/hr\/crkva\/news\/2021-04\/razmisljanje-o-misnim-citanjima-3-vazmene-nedjelje.html\">Razmi\u0161ljanje o misnim \u010ditanjima 3. vazmene nedjelje &#8211; Vatican News<\/a> (tekst i audio)<\/p>\n\n\n\n<p>1. 5. 2021. <a href=\"https:\/\/www.vaticannews.va\/hr\/crkva\/news\/2021-05\/razmisljanje-o-misnim-citanjima-5-vazmene-nedjelje.html\">Razmi\u0161ljanje o misnim \u010ditanjima 5. vazmene nedjelje &#8211; Vatican News<\/a> (tekst i audio-zapis)<\/p>\n\n\n\n<p>12. 5. 2021. <a href=\"https:\/\/www.vaticannews.va\/hr\/crkva\/news\/2021-05\/razmisljanje-o-svetkovini-uzasasca-gospodinova.html\">Razmi\u0161ljanje o svetkovini Uza\u0161a\u0161\u0107a Gospodinova &#8211; Vatican News<\/a> (tekst i audio)<\/p>\n\n\n\n<p>12. 5. 2021. <a href=\"https:\/\/www.ktabkbih.net\/hr\/vijesti\/audio-razmisljanje-o-svetkovini-uzasasca-gospodinova\/100792\">AUDIO: Razmi\u0161ljanje o svetkovini Uza\u0161a\u0161\u0107a Gospodinova | Katoli\u010dka tiskovna agencija &#8211; KTA BK BiH<\/a><\/p>\n\n\n\n<p>13. 5. 2021. <a href=\"https:\/\/hkm.hr\/vjera\/ucitelj-nas-nije-ostavio-kristova-sinergija-s-crkvom\/\">U\u010ditelj nas nije ostavio! Kristova sinergija s Crkvom | HKM<\/a><\/p>\n\n\n\n<p>15. 5. 2021. <a href=\"https:\/\/www.vaticannews.va\/hr\/crkva\/news\/2021-05\/razmisljanje-o-misnim-citanjima-7-vazmene-nedjelje.html\">Razmi\u0161ljanje o misnim \u010ditanjima 7. vazmene nedjelje &#8211; Vatican News<\/a> (tekst i audio)<\/p>\n\n\n\n<p>16. 5. 2021. <a href=\"https:\/\/hkm.hr\/vjera\/isusova-molitva-i-apostolski-izbor\/\">Isusova molitva i apostolski izbor | HKM<\/a>  (tekst i audio)<\/p>\n\n\n\n<p><a href=\"https:\/\/amdg.ffrz.hr\/?page_id=4086\">Objavljeno u 351. ak. g. Sveu\u010dili\u0161ta u Zagrebu 2019.\/2020.<\/a><\/p>\n\n\n\n<p><a href=\"https:\/\/amdg.eu\/objavljeno-u-350-ak-g-sveucilista-u-zagrebu-2018-2019\/\">Objavljeno u 350 ak. g. Sveu\u010dili\u0161ta u Zagrebu 2018.\/2019.<\/a><\/p>\n\n\n\n<p><a href=\"https:\/\/amdg.ffrz.hr\/?p=68\">Objavljeni radovi<\/a><\/p>\n\n\n\n<p><a href=\"https:\/\/amdg.ffrz.hr\/?p=68\">Knjige<\/a><\/p>\n\n\n\n<p><a href=\"https:\/\/amdg.ffrz.hr\/?p=72\">Znanstveni \u010dlanci<\/a><\/p>\n\n\n\n<p><a href=\"https:\/\/amdg.ffrz.hr\/?p=100\">Stru\u010dni radovi<\/a><\/p>\n\n\n\n<p><a href=\"https:\/\/amdg.ffrz.hr\/?p=102\">Me\u0111unarodna suradnja<\/a><\/p>\n\n\n\n<p>Popularni \u010dlanci i autorski tekstovi<\/p>\n\n\n\n<p><a href=\"https:\/\/amdg.ffrz.hr\/?p=104\">Nastava i stru\u010dni te\u010dajevi<\/a><\/p>\n\n\n\n<p><a href=\"https:\/\/amdg.ffrz.hr\/elektronicki.htm\">Elektroni\u010dki mediji<\/a><\/p>\n\n\n\n<p><a href=\"https:\/\/amdg.ffrz.hr\/prikazi\">Prikazi knjiga<\/a><\/p>\n\n\n\n<p><a href=\"https:\/\/amdg.ffrz.hr\/prijevodi\">Prijevodi<\/a><\/p>\n\n\n\n<p><a href=\"https:\/\/amdg.ffrz.hr\/aktivnosti\">Pregled aktivnosti<\/a><\/p>\n","protected":false},"excerpt":{"rendered":"<p>p. Niko Bili\u0107 SJ \u017divotopis Objavljeno: 30. 1. 2021. Razmi\u0161ljanje o misnim \u010ditanjima 4. nedjelje kroz liturgijsku godinu &#8211; Vatican News (tekst i audio) 3. 4. 2021. Razmi\u0161ljanje o misnim \u010ditanjima svetkovine Uskrsa &#8211; Vatican News (tekst i audio) 3. 4. 2021. Uskrs je novi zamah | HKM 8. 4. 2021. Meditacija o Mariji Magdaleni [&hellip;]<\/p>\n","protected":false},"author":1,"featured_media":0,"parent":0,"menu_order":0,"comment_status":"closed","ping_status":"closed","template":"","meta":{"footnotes":""},"class_list":["post-52","page","type-page","status-publish","hentry"],"yoast_head":"<!-- This site is optimized with the Yoast SEO plugin v26.0 - https:\/\/yoast.com\/wordpress\/plugins\/seo\/ -->\n<title>Biobibliografija - Ad maiorem Dei gloriam<\/title>\n<meta name=\"robots\" content=\"index, follow, max-snippet:-1, max-image-preview:large, max-video-preview:-1\" \/>\n<link rel=\"canonical\" href=\"https:\/\/amdg.ffrz.hr\/?page_id=52\" \/>\n<meta property=\"og:locale\" content=\"hr_HR\" \/>\n<meta property=\"og:type\" content=\"article\" \/>\n<meta property=\"og:title\" content=\"Biobibliografija - Ad maiorem Dei gloriam\" \/>\n<meta property=\"og:description\" content=\"p. Niko Bili\u0107 SJ \u017divotopis Objavljeno: 30. 1. 2021. Razmi\u0161ljanje o misnim \u010ditanjima 4. nedjelje kroz liturgijsku godinu &#8211; Vatican News (tekst i audio) 3. 4. 2021. Razmi\u0161ljanje o misnim \u010ditanjima svetkovine Uskrsa &#8211; Vatican News (tekst i audio) 3. 4. 2021. Uskrs je novi zamah | HKM 8. 4. 2021. Meditacija o Mariji Magdaleni [&hellip;]\" \/>\n<meta property=\"og:url\" content=\"https:\/\/amdg.ffrz.hr\/?page_id=52\" \/>\n<meta property=\"og:site_name\" content=\"Ad maiorem Dei gloriam\" \/>\n<meta property=\"article:publisher\" content=\"https:\/\/www.facebook.com\/paterniko\" \/>\n<meta property=\"article:modified_time\" content=\"2021-05-16T07:11:53+00:00\" \/>\n<meta name=\"twitter:card\" content=\"summary_large_image\" \/>\n<meta name=\"twitter:label1\" content=\"Procijenjeno vrijeme \u010ditanja\" \/>\n\t<meta name=\"twitter:data1\" content=\"1 minuta\" \/>\n<script type=\"application\/ld+json\" class=\"yoast-schema-graph\">{\"@context\":\"https:\/\/schema.org\",\"@graph\":[{\"@type\":\"WebPage\",\"@id\":\"https:\/\/amdg.ffrz.hr\/?page_id=52\",\"url\":\"https:\/\/amdg.ffrz.hr\/?page_id=52\",\"name\":\"Biobibliografija - Ad maiorem Dei gloriam\",\"isPartOf\":{\"@id\":\"https:\/\/amdg.ffrz.hr\/#website\"},\"datePublished\":\"2016-11-27T17:00:10+00:00\",\"dateModified\":\"2021-05-16T07:11:53+00:00\",\"breadcrumb\":{\"@id\":\"https:\/\/amdg.ffrz.hr\/?page_id=52#breadcrumb\"},\"inLanguage\":\"hr\",\"potentialAction\":[{\"@type\":\"ReadAction\",\"target\":[\"https:\/\/amdg.ffrz.hr\/?page_id=52\"]}]},{\"@type\":\"BreadcrumbList\",\"@id\":\"https:\/\/amdg.ffrz.hr\/?page_id=52#breadcrumb\",\"itemListElement\":[{\"@type\":\"ListItem\",\"position\":1,\"name\":\"Po\u010detna stranica\",\"item\":\"https:\/\/amdg.ffrz.hr\/\"},{\"@type\":\"ListItem\",\"position\":2,\"name\":\"Biobibliografija\"}]},{\"@type\":\"WebSite\",\"@id\":\"https:\/\/amdg.ffrz.hr\/#website\",\"url\":\"https:\/\/amdg.ffrz.hr\/\",\"name\":\"Ad maiorem Dei gloriam\",\"description\":\"doc. dr. sc. Niko Bili\u0107:  nastava, duhovnost i cjelo\u017eivotno u\u010denje\",\"publisher\":{\"@id\":\"https:\/\/amdg.ffrz.hr\/#\/schema\/person\/a3d4a18838314f7054f7cdc4f4d45f4a\"},\"potentialAction\":[{\"@type\":\"SearchAction\",\"target\":{\"@type\":\"EntryPoint\",\"urlTemplate\":\"https:\/\/amdg.ffrz.hr\/?s={search_term_string}\"},\"query-input\":{\"@type\":\"PropertyValueSpecification\",\"valueRequired\":true,\"valueName\":\"search_term_string\"}}],\"inLanguage\":\"hr\"},{\"@type\":[\"Person\",\"Organization\"],\"@id\":\"https:\/\/amdg.ffrz.hr\/#\/schema\/person\/a3d4a18838314f7054f7cdc4f4d45f4a\",\"name\":\"Niko Bili\u0107 SJ\",\"image\":{\"@type\":\"ImageObject\",\"inLanguage\":\"hr\",\"@id\":\"https:\/\/amdg.ffrz.hr\/#\/schema\/person\/image\/\",\"url\":\"https:\/\/secure.gravatar.com\/avatar\/14c6ebb29114394312c36c8ab93231d11917870146d266275d4470c0b6c44b88?s=96&d=blank&r=g\",\"contentUrl\":\"https:\/\/secure.gravatar.com\/avatar\/14c6ebb29114394312c36c8ab93231d11917870146d266275d4470c0b6c44b88?s=96&d=blank&r=g\",\"caption\":\"Niko Bili\u0107 SJ\"},\"logo\":{\"@id\":\"https:\/\/amdg.ffrz.hr\/#\/schema\/person\/image\/\"},\"sameAs\":[\"https:\/\/amdg.ffrz.hr\",\"https:\/\/www.facebook.com\/paterniko\",\"https:\/\/www.youtube.com\/user\/paterniko\"]}]}<\/script>\n<!-- \/ Yoast SEO plugin. -->","yoast_head_json":{"title":"Biobibliografija - Ad maiorem Dei gloriam","robots":{"index":"index","follow":"follow","max-snippet":"max-snippet:-1","max-image-preview":"max-image-preview:large","max-video-preview":"max-video-preview:-1"},"canonical":"https:\/\/amdg.ffrz.hr\/?page_id=52","og_locale":"hr_HR","og_type":"article","og_title":"Biobibliografija - Ad maiorem Dei gloriam","og_description":"p. Niko Bili\u0107 SJ \u017divotopis Objavljeno: 30. 1. 2021. Razmi\u0161ljanje o misnim \u010ditanjima 4. nedjelje kroz liturgijsku godinu &#8211; Vatican News (tekst i audio) 3. 4. 2021. Razmi\u0161ljanje o misnim \u010ditanjima svetkovine Uskrsa &#8211; Vatican News (tekst i audio) 3. 4. 2021. Uskrs je novi zamah | HKM 8. 4. 2021. Meditacija o Mariji Magdaleni [&hellip;]","og_url":"https:\/\/amdg.ffrz.hr\/?page_id=52","og_site_name":"Ad maiorem Dei gloriam","article_publisher":"https:\/\/www.facebook.com\/paterniko","article_modified_time":"2021-05-16T07:11:53+00:00","twitter_card":"summary_large_image","twitter_misc":{"Procijenjeno vrijeme \u010ditanja":"1 minuta"},"schema":{"@context":"https:\/\/schema.org","@graph":[{"@type":"WebPage","@id":"https:\/\/amdg.ffrz.hr\/?page_id=52","url":"https:\/\/amdg.ffrz.hr\/?page_id=52","name":"Biobibliografija - Ad maiorem Dei gloriam","isPartOf":{"@id":"https:\/\/amdg.ffrz.hr\/#website"},"datePublished":"2016-11-27T17:00:10+00:00","dateModified":"2021-05-16T07:11:53+00:00","breadcrumb":{"@id":"https:\/\/amdg.ffrz.hr\/?page_id=52#breadcrumb"},"inLanguage":"hr","potentialAction":[{"@type":"ReadAction","target":["https:\/\/amdg.ffrz.hr\/?page_id=52"]}]},{"@type":"BreadcrumbList","@id":"https:\/\/amdg.ffrz.hr\/?page_id=52#breadcrumb","itemListElement":[{"@type":"ListItem","position":1,"name":"Po\u010detna stranica","item":"https:\/\/amdg.ffrz.hr\/"},{"@type":"ListItem","position":2,"name":"Biobibliografija"}]},{"@type":"WebSite","@id":"https:\/\/amdg.ffrz.hr\/#website","url":"https:\/\/amdg.ffrz.hr\/","name":"Ad maiorem Dei gloriam","description":"doc. dr. sc. Niko Bili\u0107:  nastava, duhovnost i cjelo\u017eivotno u\u010denje","publisher":{"@id":"https:\/\/amdg.ffrz.hr\/#\/schema\/person\/a3d4a18838314f7054f7cdc4f4d45f4a"},"potentialAction":[{"@type":"SearchAction","target":{"@type":"EntryPoint","urlTemplate":"https:\/\/amdg.ffrz.hr\/?s={search_term_string}"},"query-input":{"@type":"PropertyValueSpecification","valueRequired":true,"valueName":"search_term_string"}}],"inLanguage":"hr"},{"@type":["Person","Organization"],"@id":"https:\/\/amdg.ffrz.hr\/#\/schema\/person\/a3d4a18838314f7054f7cdc4f4d45f4a","name":"Niko Bili\u0107 SJ","image":{"@type":"ImageObject","inLanguage":"hr","@id":"https:\/\/amdg.ffrz.hr\/#\/schema\/person\/image\/","url":"https:\/\/secure.gravatar.com\/avatar\/14c6ebb29114394312c36c8ab93231d11917870146d266275d4470c0b6c44b88?s=96&d=blank&r=g","contentUrl":"https:\/\/secure.gravatar.com\/avatar\/14c6ebb29114394312c36c8ab93231d11917870146d266275d4470c0b6c44b88?s=96&d=blank&r=g","caption":"Niko Bili\u0107 SJ"},"logo":{"@id":"https:\/\/amdg.ffrz.hr\/#\/schema\/person\/image\/"},"sameAs":["https:\/\/amdg.ffrz.hr","https:\/\/www.facebook.com\/paterniko","https:\/\/www.youtube.com\/user\/paterniko"]}]}},"_links":{"self":[{"href":"https:\/\/amdg.ffrz.hr\/index.php?rest_route=\/wp\/v2\/pages\/52","targetHints":{"allow":["GET"]}}],"collection":[{"href":"https:\/\/amdg.ffrz.hr\/index.php?rest_route=\/wp\/v2\/pages"}],"about":[{"href":"https:\/\/amdg.ffrz.hr\/index.php?rest_route=\/wp\/v2\/types\/page"}],"author":[{"embeddable":true,"href":"https:\/\/amdg.ffrz.hr\/index.php?rest_route=\/wp\/v2\/users\/1"}],"replies":[{"embeddable":true,"href":"https:\/\/amdg.ffrz.hr\/index.php?rest_route=%2Fwp%2Fv2%2Fcomments&post=52"}],"version-history":[{"count":14,"href":"https:\/\/amdg.ffrz.hr\/index.php?rest_route=\/wp\/v2\/pages\/52\/revisions"}],"predecessor-version":[{"id":4555,"href":"https:\/\/amdg.ffrz.hr\/index.php?rest_route=\/wp\/v2\/pages\/52\/revisions\/4555"}],"wp:attachment":[{"href":"https:\/\/amdg.ffrz.hr\/index.php?rest_route=%2Fwp%2Fv2%2Fmedia&parent=52"}],"curies":[{"name":"wp","href":"https:\/\/api.w.org\/{rel}","templated":true}]}}