{"id":86,"date":"2016-11-27T19:42:50","date_gmt":"2016-11-27T18:42:50","guid":{"rendered":"https:\/\/amdg.ffdi.hr\/?page_id=86"},"modified":"2019-02-11T07:50:20","modified_gmt":"2019-02-11T06:50:20","slug":"tfmvi-izbor-iz-povijesnih-spisa-sz","status":"publish","type":"page","link":"https:\/\/amdg.ffrz.hr\/?page_id=86","title":{"rendered":"MVI: Izbor iz Povijesnih spisa SZ"},"content":{"rendered":"<h2><a href=\"https:\/\/amdg.ffrz.hr\/WordPressHR\/wp-content\/uploads\/LogoMVI.jpg\"><img loading=\"lazy\" decoding=\"async\" class=\"aligncenter size-medium\" src=\"https:\/\/amdg.ffrz.hr\/WordPressHR\/wp-content\/uploads\/LogoMVI.jpg\" width=\"530\" height=\"210\" \/><\/a>Izbor iz Povijesnih spisa Staroga zavjeta<\/h2>\n<p><strong>pri Sveu\u010dili\u0161nom centru za protestantsku teologiju Matija Vla\u010di\u0107 Ilirik<\/strong><br \/>\n<strong>zimski semestar 2018.\/19., srijedom 14:30<\/strong><br \/>\n<strong>Zagreb, Ivana Lu\u010di\u0107a 1a; <a href=\"https:\/\/amdg.ffrz.hr\/tfmvi\/Povijesne_pregled.doc\">pregled (.doc)<\/a><br \/>\n<\/strong><\/p>\n<p style=\"text-align: right;\">Stanje: <span style=\"color: #ff0000;\">[insert_php]the_modified_date(&#8220;d.m.Y&#8221;); [\/insert_php]<\/span><\/p>\n<p><a href=\"https:\/\/amdg.ffrz.hr\/amdg_grafike\/Hebrew-Scroll-of-Joshua\"><img loading=\"lazy\" decoding=\"async\" class=\"alignleft \" src=\"https:\/\/amdg.ffrz.hr\/amdg_grafike\/Hebrew-Scroll-of-Joshua\" width=\"341\" height=\"946\" \/><\/a>nacrt nastave:<\/p>\n<p>1) 10.10.18. <a href=\"https:\/\/amdg.ffrz.hr\/tfmvi\/ilirik_povijesne01_kanon_josua5.pdf\">PDF<\/a> * <a href=\"https:\/\/amdg.ffrz.hr\/tfmvi\/ilirik_povijesne01_kanon_josua5.ppt\">Uvod: mjesto Povijesnih knjiga u Kanonu; Jo\u0161ua u Petoknji\u017eju (.ppt)<\/a> * <a href=\"https:\/\/amdg.ffrz.hr\/josua_tora.htm\">Jo\u0161ua u Petoknji\u017eju (natuknice)<\/a><\/p>\n<p>2) 17.10.18.\u00a0 <a href=\"https:\/\/amdg.ffrz.hr\/tfmvi\/ilirik_povijesne02_josua.pdf\">PDF <\/a>* <a href=\"https:\/\/amdg.ffrz.hr\/tfmvi\/ilirik_povijesne02_josua.ppt\">Knjiga o Jo\u0161ui (.ppt)<\/a> * <a href=\"https:\/\/amdg.ffrz.hr\/joshua.pdf\" target=\"_blank\" rel=\"noopener\">Ratnik i molitelj (.pdf)<\/a><\/p>\n<p>2) 24.10.18.\u00a0 <a href=\"https:\/\/amdg.ffrz.hr\/tfmvi\/ilirik_povijesne03_suci.pdf\">PDF <\/a>* <a href=\"https:\/\/amdg.ffrz.hr\/tfmvi\/ilirik_povijesne03_suci.ppt\">Knjiga o Sucima &#8211; Gideonov uspon i pad; Samsonova povijest (.ppt)<\/a> * <a href=\"https:\/\/amdg.ffrz.hr\/?stranica=gideon\" target=\"_blank\" rel=\"noopener\">Neuspjelo zvanje? (Suci 6-8)<\/a> * <a title=\"Permalink to Nepoznata vjernica\" href=\"https:\/\/amdg.eu\/2013\/01\/nepoznata-vjernica\/\" rel=\"bookmark\">Nepoznata vjernica<\/a> * <a href=\"https:\/\/amdg.ffrz.hr\/?stranica=samson\" target=\"_blank\" rel=\"noopener\">Samsonov duhovni put (Suci 13-16)<\/a><\/p>\n<p>3) 31.10.18. Dan Reformacije<\/p>\n<p>4) 7.11.18.\u00a0 <a href=\"https:\/\/amdg.ffrz.hr\/tfmvi\/ilirik_povijesne04_ruta.pdf\">PDF<\/a> * <a href=\"https:\/\/amdg.ffrz.hr\/tfmvi\/ilirik_povijesne04_ruta.ppt\">Knjiga o Ruti (.ppt)<\/a> *\u00a0<a title=\"Knjiga o Ruti\" href=\"https:\/\/amdg.eu\/2013\/02\/knjiga-o-ruti\/\">Knjiga o Ruti<\/a> * <a title=\"Jakost na\u0161a\" href=\"https:\/\/amdg.ffrz.hr\/ruta3.htm\">Rutina primjenjena solidarnost<\/a> * <a href=\"https:\/\/amdg.ffrz.hr\/spol\/ruta.mp3\">Poslu\u0161ajte: Ruta (1)<\/a> * <a href=\"https:\/\/amdg.ffrz.hr\/spol\/ruta2.mp3\">Ruta (2)<\/a> *<br \/>\n<a href=\"https:\/\/amdg.ffrz.hr\/tfmvi\/ilirik_povijesne04a_sam.pdf\">PDF <\/a>* <a href=\"https:\/\/amdg.ffrz.hr\/tfmvi\/ilirik_povijesne04a_sam.ppt\">Knjige o Samuelu (.ppt)<\/a> * <a href=\"https:\/\/amdg.ffrz.hr\/ana.htm\">Ana<\/a> * <a href=\"https:\/\/amdg.ffrz.hr\/ana.htm\">Ana, majka velikoga proroka<\/a> * <a href=\"https:\/\/amdg.ffrz.hr\/aninzavjet.htm\">Plodonosan zavjet<\/a> * <a href=\"https:\/\/amdg.ffrz.hr\/?stranica=eli_svecenik\">Sve\u0107enik Eli<\/a> * <a href=\"https:\/\/amdg.ffrz.hr\/?stranica=sam_zvanje\">Samuelovo zvanje<\/a><\/p>\n<p>14.11.18.\u00a0 Promocija na Sveu\u010dili\u0161tu<\/p>\n<p>5) 21.11.18. <a href=\"https:\/\/amdg.ffrz.hr\/tfmvi\/ilirik_povijesne04a_sam.pdf\">PDF<\/a> * <a href=\"https:\/\/amdg.ffrz.hr\/tfmvi\/ilirik_povijesne04a_sam.ppt\">Knjige o Samuelu (2. dio)<\/a> * <a href=\"https:\/\/amdg.ffrz.hr\/tfmvi\/ilirik_povijesne05_kr.pdf\">PDF <\/a>* <a href=\"https:\/\/amdg.ffrz.hr\/tfmvi\/ilirik_povijesne05_kr.ppt\">Knjige o kraljevima (.ppt)<\/a> * <a title=\"Kraljevska molitva (1 Kr 3,6\u20139; 2 Ljet 1,8\u201310)\" href=\"https:\/\/amdg.eu\/2012\/04\/kraljevska-molitva\/\">Kraljevska molitva (1 Kr 3,6\u20139; 2 Ljet 1,8\u201310)<\/a> * <a title=\"Tri kralja u Starom zavjetu\" href=\"https:\/\/amdg.eu\/2013\/04\/tri-kralja-u-starom-zavjetu\/\">Tri kralja u Starom zavjetu <\/a>* <a title=\"Prorok pred svojim Gospodinom\" href=\"https:\/\/amdg.eu\/2012\/03\/prorok-pred-svojim-gospodinom\/\">Prorok pred svojim Gospodinom<\/a> * <a href=\"https:\/\/amdg.ffrz.hr\/?stranica=elizej\">Elizej &#8211; \u010dudotvorac i u\u010ditelj<\/a> * <a href=\"https:\/\/amdg.ffrz.hr\/?stranica=benjimla\">Mihej ben Jimla<\/a><\/p>\n<p>6) 28.11.18.\u00a0 <a href=\"https:\/\/amdg.ffrz.hr\/tfmvi\/ilirik_povijesne06_ljet.pdf\">PDF<\/a> * <a href=\"https:\/\/amdg.ffrz.hr\/tfmvi\/ilirik_povijesne06_ljet.ppt\">Knjige ljetopisa (.ppt)<\/a> * <a href=\"https:\/\/amdg.ffrz.hr\/tfmvi\/ilirik_povijesne06a_ezr1do6.pdf\">PDF <\/a>* <a href=\"https:\/\/amdg.ffrz.hr\/tfmvi\/ilirik_povijesne06a_ezr1do6.ppt\">Knjiga Ezrina (1-6) .ppt<\/a> * <a href=\"https:\/\/amdg.ffrz.hr\/ljetopisi.php\" target=\"_blank\" rel=\"noopener\">Knjige Ljetopisa (G. Steins)<\/a> * <a href=\"https:\/\/amdg.ffrz.hr\/ezr.htm\" target=\"_blank\" rel=\"noopener\">Knjiga Ezrina<\/a><\/p>\n<p>7)\u00a0 5.12.18. <a href=\"https:\/\/amdg.ffrz.hr\/tfmvi\/ilirik_povijesne07_ezr7_10.pdf\">PDF <\/a>* <a href=\"https:\/\/amdg.ffrz.hr\/tfmvi\/ilirik_povijesne07_ezr7_10.ppt\">Ezra &#8211; voditelj povratka (Ezr 7-10)<\/a> * <a href=\"https:\/\/amdg.ffrz.hr\/?stranica=ezra_svecenik\">Ezra \u2013 sve\u0107enik i pismoznanac<\/a> * <a href=\"https:\/\/amdg.eu\/2013\/04\/ezra-i-nov-pocetak\/\">Ezra i nov po\u010detak<\/a> * <a href=\"https:\/\/amdg.ffrz.hr\/amdg_aiv\/Ezra_politicar_RM2018_9_1.mp3\">Poslu\u0161ajte: Ezra &#8211; uspje\u0161an politi\u010dar (.mp3; 28,3MB; 31min.)<\/a><\/p>\n<p>8) 12.12.18. <a href=\"https:\/\/amdg.ffrz.hr\/tfmvi\/ilirik_povijesne08_neh_lik_neh8.pdf\">PDF<\/a> * <a href=\"https:\/\/amdg.ffrz.hr\/tfmvi\/ilirik_povijesne08_neh_lik_neh8.ppt\">Nehemija (.ppt)<\/a> * <a title=\"Obnovitelj Nehemija\" href=\"https:\/\/amdg.eu\/2012\/11\/obnovitelj-nehemija\/\">Obnovitelj Nehemija<\/a> * <a href=\"https:\/\/amdg.ffrz.hr\/nehemija.htm\" target=\"_blank\" rel=\"noopener\">Nehemija \u2013 graditelj jeruzalemskih zidina<\/a> * <a href=\"https:\/\/amdg.eu\/2014\/05\/uspjesan-socijalni-reformator-nehemija-neh-5\/\" target=\"_blank\" rel=\"noopener\">Uspje\u0161an socijalni reformator Nehemija (Neh 5)<\/a><\/p>\n<p>9) 11.1.19. <a href=\"https:\/\/amdg.ffrz.hr\/tfmvi\/ilirik_povijesne09_estera.pdf\">PDF<\/a> *\u00a0 <a href=\"https:\/\/amdg.ffrz.hr\/tfmvi\/tfmvi_povijesne09_estera.ppt\">Estera, \u017didovka &#8211; perzijska kraljica (.ppt)<\/a> * <a href=\"https:\/\/amdg.ffrz.hr\/estera2.htm\">Estera \u2013 siro\u010de i kraljica<\/a> * <a href=\"https:\/\/amdg.eu\/2013\/05\/velika-molitva-kraljice-estere\/\">Velika molitva kraljice Estere<\/a><\/p>\n<p>Deuterokanonske\/apokrifne knjige: <a href=\"https:\/\/amdg.ffrz.hr\/tfmvi\/ilirik_povijesne10_jdt.pdf\">PDF<\/a> * <a href=\"https:\/\/amdg.ffrz.hr\/tfmvi\/ilirik_povijesne10_jdt.ppt\">Knjiga o Juditi &#8211; paradigma za \u010ditanje SZ (.ppt)<\/a> * <a title=\"Judita\" href=\"https:\/\/amdg.eu\/2014\/03\/judita\/\">Judita \u2013 Biblijski put Judite, spasiteljice<\/a> * <a href=\"https:\/\/amdg.ffrz.hr\/olimp\/judita_olimp.pdf\">\u017denska ruka (.pdf)<\/a> * <a href=\"https:\/\/youtu.be\/oCXHEBFwLYg\">pogledajte: Judita na HTV, 1.12.2013.<\/a> * <a href=\"https:\/\/youtu.be\/aySebypvRjA\">pogledajte: Judita, spasiteljica naroda na TV<\/a><\/p>\n<p>10) 18.1.19. <a href=\"https:\/\/amdg.ffrz.hr\/tfmvi\/ilirik_povijesne10_jdt.pdf\">PDF<\/a> * <a href=\"https:\/\/amdg.ffrz.hr\/tfmvi\/ilirik_povijesne10_jdt.ppt\">Knjiga o Juditi (2. dio) (.ppt)<\/a> * <a href=\"https:\/\/amdg.ffrz.hr\/tfmvi\/ilirik_povijesne10a_tob.pdf\">PDF<\/a> * <a href=\"https:\/\/amdg.ffrz.hr\/tfmvi\/ilirik_povijesne10a_tob.ppt\">Knjiga o Tobiji (.ppt)<\/a><\/p>\n<p>11) 25.1.19. <a href=\"https:\/\/amdg.ffrz.hr\/tfmvi\/ilirik_povijesne11_Mak.pdf\">PDF<\/a> * <a href=\"https:\/\/amdg.ffrz.hr\/tfmvi\/ilirik_povijesne11_Mak.ppt\">1. i 2. o Makabejcima (.ppt)<\/a><\/p>\n<h3><a href=\"https:\/\/amdg.eu\/tfmvi_povijesne\/\">Pregled prija\u0161nje nastave<\/a><\/h3>\n","protected":false},"excerpt":{"rendered":"<p>Izbor iz Povijesnih spisa Staroga zavjeta pri Sveu\u010dili\u0161nom centru za protestantsku teologiju Matija Vla\u010di\u0107 Ilirik zimski semestar 2018.\/19., srijedom 14:30 Zagreb, Ivana Lu\u010di\u0107a 1a; pregled (.doc) Stanje: [insert_php]the_modified_date(&#8220;d.m.Y&#8221;); [\/insert_php] nacrt nastave: 1) 10.10.18. PDF * Uvod: mjesto Povijesnih knjiga u Kanonu; Jo\u0161ua u Petoknji\u017eju (.ppt) * Jo\u0161ua u Petoknji\u017eju (natuknice) 2) 17.10.18.\u00a0 PDF * Knjiga [&hellip;]<\/p>\n","protected":false},"author":1,"featured_media":0,"parent":50,"menu_order":0,"comment_status":"closed","ping_status":"closed","template":"","meta":{"footnotes":""},"class_list":["post-86","page","type-page","status-publish","hentry"],"yoast_head":"<!-- This site is optimized with the Yoast SEO plugin v26.0 - https:\/\/yoast.com\/wordpress\/plugins\/seo\/ -->\n<title>MVI: Izbor iz Povijesnih spisa SZ - Ad maiorem Dei gloriam<\/title>\n<meta name=\"robots\" content=\"index, follow, max-snippet:-1, max-image-preview:large, max-video-preview:-1\" \/>\n<link rel=\"canonical\" href=\"https:\/\/amdg.ffrz.hr\/?page_id=86\" \/>\n<meta property=\"og:locale\" content=\"hr_HR\" \/>\n<meta property=\"og:type\" content=\"article\" \/>\n<meta property=\"og:title\" content=\"MVI: Izbor iz Povijesnih spisa SZ - Ad maiorem Dei gloriam\" \/>\n<meta property=\"og:description\" content=\"Izbor iz Povijesnih spisa Staroga zavjeta pri Sveu\u010dili\u0161nom centru za protestantsku teologiju Matija Vla\u010di\u0107 Ilirik zimski semestar 2018.\/19., srijedom 14:30 Zagreb, Ivana Lu\u010di\u0107a 1a; pregled (.doc) Stanje: [insert_php]the_modified_date(&#8220;d.m.Y&#8221;); [\/insert_php] nacrt nastave: 1) 10.10.18. PDF * Uvod: mjesto Povijesnih knjiga u Kanonu; Jo\u0161ua u Petoknji\u017eju (.ppt) * Jo\u0161ua u Petoknji\u017eju (natuknice) 2) 17.10.18.\u00a0 PDF * Knjiga [&hellip;]\" \/>\n<meta property=\"og:url\" content=\"https:\/\/amdg.ffrz.hr\/?page_id=86\" \/>\n<meta property=\"og:site_name\" content=\"Ad maiorem Dei gloriam\" \/>\n<meta property=\"article:publisher\" content=\"https:\/\/www.facebook.com\/paterniko\" \/>\n<meta property=\"article:modified_time\" content=\"2019-02-11T06:50:20+00:00\" \/>\n<meta property=\"og:image\" content=\"https:\/\/amdg.ffrz.hr\/WordPressHR\/wp-content\/uploads\/LogoMVI.jpg\" \/>\n<meta name=\"twitter:card\" content=\"summary_large_image\" \/>\n<meta name=\"twitter:label1\" content=\"Procijenjeno vrijeme \u010ditanja\" \/>\n\t<meta name=\"twitter:data1\" content=\"1 minuta\" \/>\n<script type=\"application\/ld+json\" class=\"yoast-schema-graph\">{\"@context\":\"https:\/\/schema.org\",\"@graph\":[{\"@type\":\"WebPage\",\"@id\":\"https:\/\/amdg.ffrz.hr\/?page_id=86\",\"url\":\"https:\/\/amdg.ffrz.hr\/?page_id=86\",\"name\":\"MVI: Izbor iz Povijesnih spisa SZ - Ad maiorem Dei gloriam\",\"isPartOf\":{\"@id\":\"https:\/\/amdg.ffrz.hr\/#website\"},\"primaryImageOfPage\":{\"@id\":\"https:\/\/amdg.ffrz.hr\/?page_id=86#primaryimage\"},\"image\":{\"@id\":\"https:\/\/amdg.ffrz.hr\/?page_id=86#primaryimage\"},\"thumbnailUrl\":\"https:\/\/amdg.ffrz.hr\/WordPressHR\/wp-content\/uploads\/LogoMVI.jpg\",\"datePublished\":\"2016-11-27T18:42:50+00:00\",\"dateModified\":\"2019-02-11T06:50:20+00:00\",\"breadcrumb\":{\"@id\":\"https:\/\/amdg.ffrz.hr\/?page_id=86#breadcrumb\"},\"inLanguage\":\"hr\",\"potentialAction\":[{\"@type\":\"ReadAction\",\"target\":[\"https:\/\/amdg.ffrz.hr\/?page_id=86\"]}]},{\"@type\":\"ImageObject\",\"inLanguage\":\"hr\",\"@id\":\"https:\/\/amdg.ffrz.hr\/?page_id=86#primaryimage\",\"url\":\"https:\/\/amdg.ffrz.hr\/WordPressHR\/wp-content\/uploads\/LogoMVI.jpg\",\"contentUrl\":\"https:\/\/amdg.ffrz.hr\/WordPressHR\/wp-content\/uploads\/LogoMVI.jpg\"},{\"@type\":\"BreadcrumbList\",\"@id\":\"https:\/\/amdg.ffrz.hr\/?page_id=86#breadcrumb\",\"itemListElement\":[{\"@type\":\"ListItem\",\"position\":1,\"name\":\"Po\u010detna stranica\",\"item\":\"https:\/\/amdg.ffrz.hr\/\"},{\"@type\":\"ListItem\",\"position\":2,\"name\":\"Nastava\",\"item\":\"https:\/\/amdg.ffrz.hr\/?page_id=40\"},{\"@type\":\"ListItem\",\"position\":3,\"name\":\"Matija Vla\u010di\u0107 Ilirik (MVI)\",\"item\":\"https:\/\/amdg.ffrz.hr\/?page_id=50\"},{\"@type\":\"ListItem\",\"position\":4,\"name\":\"MVI: Izbor iz Povijesnih spisa SZ\"}]},{\"@type\":\"WebSite\",\"@id\":\"https:\/\/amdg.ffrz.hr\/#website\",\"url\":\"https:\/\/amdg.ffrz.hr\/\",\"name\":\"Ad maiorem Dei gloriam\",\"description\":\"doc. dr. sc. Niko Bili\u0107:  nastava, duhovnost i cjelo\u017eivotno u\u010denje\",\"publisher\":{\"@id\":\"https:\/\/amdg.ffrz.hr\/#\/schema\/person\/a3d4a18838314f7054f7cdc4f4d45f4a\"},\"potentialAction\":[{\"@type\":\"SearchAction\",\"target\":{\"@type\":\"EntryPoint\",\"urlTemplate\":\"https:\/\/amdg.ffrz.hr\/?s={search_term_string}\"},\"query-input\":{\"@type\":\"PropertyValueSpecification\",\"valueRequired\":true,\"valueName\":\"search_term_string\"}}],\"inLanguage\":\"hr\"},{\"@type\":[\"Person\",\"Organization\"],\"@id\":\"https:\/\/amdg.ffrz.hr\/#\/schema\/person\/a3d4a18838314f7054f7cdc4f4d45f4a\",\"name\":\"Niko Bili\u0107 SJ\",\"image\":{\"@type\":\"ImageObject\",\"inLanguage\":\"hr\",\"@id\":\"https:\/\/amdg.ffrz.hr\/#\/schema\/person\/image\/\",\"url\":\"https:\/\/secure.gravatar.com\/avatar\/14c6ebb29114394312c36c8ab93231d11917870146d266275d4470c0b6c44b88?s=96&d=blank&r=g\",\"contentUrl\":\"https:\/\/secure.gravatar.com\/avatar\/14c6ebb29114394312c36c8ab93231d11917870146d266275d4470c0b6c44b88?s=96&d=blank&r=g\",\"caption\":\"Niko Bili\u0107 SJ\"},\"logo\":{\"@id\":\"https:\/\/amdg.ffrz.hr\/#\/schema\/person\/image\/\"},\"sameAs\":[\"https:\/\/amdg.ffrz.hr\",\"https:\/\/www.facebook.com\/paterniko\",\"https:\/\/www.youtube.com\/user\/paterniko\"]}]}<\/script>\n<!-- \/ Yoast SEO plugin. -->","yoast_head_json":{"title":"MVI: Izbor iz Povijesnih spisa SZ - Ad maiorem Dei gloriam","robots":{"index":"index","follow":"follow","max-snippet":"max-snippet:-1","max-image-preview":"max-image-preview:large","max-video-preview":"max-video-preview:-1"},"canonical":"https:\/\/amdg.ffrz.hr\/?page_id=86","og_locale":"hr_HR","og_type":"article","og_title":"MVI: Izbor iz Povijesnih spisa SZ - Ad maiorem Dei gloriam","og_description":"Izbor iz Povijesnih spisa Staroga zavjeta pri Sveu\u010dili\u0161nom centru za protestantsku teologiju Matija Vla\u010di\u0107 Ilirik zimski semestar 2018.\/19., srijedom 14:30 Zagreb, Ivana Lu\u010di\u0107a 1a; pregled (.doc) Stanje: [insert_php]the_modified_date(&#8220;d.m.Y&#8221;); [\/insert_php] nacrt nastave: 1) 10.10.18. PDF * Uvod: mjesto Povijesnih knjiga u Kanonu; Jo\u0161ua u Petoknji\u017eju (.ppt) * Jo\u0161ua u Petoknji\u017eju (natuknice) 2) 17.10.18.\u00a0 PDF * Knjiga [&hellip;]","og_url":"https:\/\/amdg.ffrz.hr\/?page_id=86","og_site_name":"Ad maiorem Dei gloriam","article_publisher":"https:\/\/www.facebook.com\/paterniko","article_modified_time":"2019-02-11T06:50:20+00:00","og_image":[{"url":"https:\/\/amdg.ffrz.hr\/WordPressHR\/wp-content\/uploads\/LogoMVI.jpg","type":"","width":"","height":""}],"twitter_card":"summary_large_image","twitter_misc":{"Procijenjeno vrijeme \u010ditanja":"1 minuta"},"schema":{"@context":"https:\/\/schema.org","@graph":[{"@type":"WebPage","@id":"https:\/\/amdg.ffrz.hr\/?page_id=86","url":"https:\/\/amdg.ffrz.hr\/?page_id=86","name":"MVI: Izbor iz Povijesnih spisa SZ - Ad maiorem Dei gloriam","isPartOf":{"@id":"https:\/\/amdg.ffrz.hr\/#website"},"primaryImageOfPage":{"@id":"https:\/\/amdg.ffrz.hr\/?page_id=86#primaryimage"},"image":{"@id":"https:\/\/amdg.ffrz.hr\/?page_id=86#primaryimage"},"thumbnailUrl":"https:\/\/amdg.ffrz.hr\/WordPressHR\/wp-content\/uploads\/LogoMVI.jpg","datePublished":"2016-11-27T18:42:50+00:00","dateModified":"2019-02-11T06:50:20+00:00","breadcrumb":{"@id":"https:\/\/amdg.ffrz.hr\/?page_id=86#breadcrumb"},"inLanguage":"hr","potentialAction":[{"@type":"ReadAction","target":["https:\/\/amdg.ffrz.hr\/?page_id=86"]}]},{"@type":"ImageObject","inLanguage":"hr","@id":"https:\/\/amdg.ffrz.hr\/?page_id=86#primaryimage","url":"https:\/\/amdg.ffrz.hr\/WordPressHR\/wp-content\/uploads\/LogoMVI.jpg","contentUrl":"https:\/\/amdg.ffrz.hr\/WordPressHR\/wp-content\/uploads\/LogoMVI.jpg"},{"@type":"BreadcrumbList","@id":"https:\/\/amdg.ffrz.hr\/?page_id=86#breadcrumb","itemListElement":[{"@type":"ListItem","position":1,"name":"Po\u010detna stranica","item":"https:\/\/amdg.ffrz.hr\/"},{"@type":"ListItem","position":2,"name":"Nastava","item":"https:\/\/amdg.ffrz.hr\/?page_id=40"},{"@type":"ListItem","position":3,"name":"Matija Vla\u010di\u0107 Ilirik (MVI)","item":"https:\/\/amdg.ffrz.hr\/?page_id=50"},{"@type":"ListItem","position":4,"name":"MVI: Izbor iz Povijesnih spisa SZ"}]},{"@type":"WebSite","@id":"https:\/\/amdg.ffrz.hr\/#website","url":"https:\/\/amdg.ffrz.hr\/","name":"Ad maiorem Dei gloriam","description":"doc. dr. sc. Niko Bili\u0107:  nastava, duhovnost i cjelo\u017eivotno u\u010denje","publisher":{"@id":"https:\/\/amdg.ffrz.hr\/#\/schema\/person\/a3d4a18838314f7054f7cdc4f4d45f4a"},"potentialAction":[{"@type":"SearchAction","target":{"@type":"EntryPoint","urlTemplate":"https:\/\/amdg.ffrz.hr\/?s={search_term_string}"},"query-input":{"@type":"PropertyValueSpecification","valueRequired":true,"valueName":"search_term_string"}}],"inLanguage":"hr"},{"@type":["Person","Organization"],"@id":"https:\/\/amdg.ffrz.hr\/#\/schema\/person\/a3d4a18838314f7054f7cdc4f4d45f4a","name":"Niko Bili\u0107 SJ","image":{"@type":"ImageObject","inLanguage":"hr","@id":"https:\/\/amdg.ffrz.hr\/#\/schema\/person\/image\/","url":"https:\/\/secure.gravatar.com\/avatar\/14c6ebb29114394312c36c8ab93231d11917870146d266275d4470c0b6c44b88?s=96&d=blank&r=g","contentUrl":"https:\/\/secure.gravatar.com\/avatar\/14c6ebb29114394312c36c8ab93231d11917870146d266275d4470c0b6c44b88?s=96&d=blank&r=g","caption":"Niko Bili\u0107 SJ"},"logo":{"@id":"https:\/\/amdg.ffrz.hr\/#\/schema\/person\/image\/"},"sameAs":["https:\/\/amdg.ffrz.hr","https:\/\/www.facebook.com\/paterniko","https:\/\/www.youtube.com\/user\/paterniko"]}]}},"_links":{"self":[{"href":"https:\/\/amdg.ffrz.hr\/index.php?rest_route=\/wp\/v2\/pages\/86","targetHints":{"allow":["GET"]}}],"collection":[{"href":"https:\/\/amdg.ffrz.hr\/index.php?rest_route=\/wp\/v2\/pages"}],"about":[{"href":"https:\/\/amdg.ffrz.hr\/index.php?rest_route=\/wp\/v2\/types\/page"}],"author":[{"embeddable":true,"href":"https:\/\/amdg.ffrz.hr\/index.php?rest_route=\/wp\/v2\/users\/1"}],"replies":[{"embeddable":true,"href":"https:\/\/amdg.ffrz.hr\/index.php?rest_route=%2Fwp%2Fv2%2Fcomments&post=86"}],"version-history":[{"count":29,"href":"https:\/\/amdg.ffrz.hr\/index.php?rest_route=\/wp\/v2\/pages\/86\/revisions"}],"predecessor-version":[{"id":1614,"href":"https:\/\/amdg.ffrz.hr\/index.php?rest_route=\/wp\/v2\/pages\/86\/revisions\/1614"}],"up":[{"embeddable":true,"href":"https:\/\/amdg.ffrz.hr\/index.php?rest_route=\/wp\/v2\/pages\/50"}],"wp:attachment":[{"href":"https:\/\/amdg.ffrz.hr\/index.php?rest_route=%2Fwp%2Fv2%2Fmedia&parent=86"}],"curies":[{"name":"wp","href":"https:\/\/api.w.org\/{rel}","templated":true}]}}